{"id":223,"date":"2023-07-19T19:36:26","date_gmt":"2023-07-19T22:36:26","guid":{"rendered":"https:\/\/grupotj.wpengine.com\/?page_id=223"},"modified":"2024-03-20T19:20:54","modified_gmt":"2024-03-20T22:20:54","slug":"cursos","status":"publish","type":"page","link":"https:\/\/grupotj.org\/es\/?page_id=223","title":{"rendered":"Cursos"},"content":{"rendered":"\t\t<div data-elementor-type=\"wp-page\" data-elementor-id=\"223\" class=\"elementor elementor-223\">\n\t\t\t\t\t\t\t\t\t<section class=\"elementor-section elementor-top-section elementor-element elementor-element-0dd44d6 elementor-section-boxed elementor-section-height-default elementor-section-height-default\" data-id=\"0dd44d6\" data-element_type=\"section\" data-settings=\"{&quot;background_background&quot;:&quot;classic&quot;}\">\n\t\t\t\t\t\t\t<div class=\"elementor-background-overlay\"><\/div>\n\t\t\t\t\t\t\t<div class=\"elementor-container elementor-column-gap-default\">\n\t\t\t\t\t<div class=\"elementor-column elementor-col-100 elementor-top-column elementor-element elementor-element-8437052\" data-id=\"8437052\" data-element_type=\"column\">\n\t\t\t<div class=\"elementor-widget-wrap elementor-element-populated\">\n\t\t\t\t\t\t\t\t<div class=\"elementor-element elementor-element-e755dc0 elementor-widget elementor-widget-heading\" data-id=\"e755dc0\" data-element_type=\"widget\" data-widget_type=\"heading.default\">\n\t\t\t\t<div class=\"elementor-widget-container\">\n\t\t\t<style>\/*! elementor - v3.15.0 - 02-08-2023 *\/\n.elementor-heading-title{padding:0;margin:0;line-height:1}.elementor-widget-heading .elementor-heading-title[class*=elementor-size-]>a{color:inherit;font-size:inherit;line-height:inherit}.elementor-widget-heading .elementor-heading-title.elementor-size-small{font-size:15px}.elementor-widget-heading .elementor-heading-title.elementor-size-medium{font-size:19px}.elementor-widget-heading .elementor-heading-title.elementor-size-large{font-size:29px}.elementor-widget-heading .elementor-heading-title.elementor-size-xl{font-size:39px}.elementor-widget-heading .elementor-heading-title.elementor-size-xxl{font-size:59px}<\/style><h1 class=\"elementor-heading-title elementor-size-default\">CURSOS<\/h1>\t\t<\/div>\n\t\t\t\t<\/div>\n\t\t\t\t\t<\/div>\n\t\t<\/div>\n\t\t\t\t\t\t\t<\/div>\n\t\t<\/section>\n\t\t\t\t<section class=\"elementor-section elementor-top-section elementor-element elementor-element-6f6718c elementor-section-boxed elementor-section-height-default elementor-section-height-default\" data-id=\"6f6718c\" data-element_type=\"section\">\n\t\t\t\t\t\t<div class=\"elementor-container elementor-column-gap-default\">\n\t\t\t\t\t<div class=\"elementor-column elementor-col-100 elementor-top-column elementor-element elementor-element-c450a66\" data-id=\"c450a66\" data-element_type=\"column\">\n\t\t\t<div class=\"elementor-widget-wrap elementor-element-populated\">\n\t\t\t\t\t\t\t\t<section class=\"elementor-section elementor-inner-section elementor-element elementor-element-ef57fb5 elementor-section-boxed elementor-section-height-default elementor-section-height-default\" data-id=\"ef57fb5\" data-element_type=\"section\" data-settings=\"{&quot;background_background&quot;:&quot;classic&quot;}\">\n\t\t\t\t\t\t<div class=\"elementor-container elementor-column-gap-wide\">\n\t\t\t\t\t<div class=\"elementor-column elementor-col-50 elementor-inner-column elementor-element elementor-element-e8c384d\" data-id=\"e8c384d\" data-element_type=\"column\">\n\t\t\t<div class=\"elementor-widget-wrap elementor-element-populated\">\n\t\t\t\t\t\t\t\t<div class=\"elementor-element elementor-element-1ec0ee6 elementor-widget elementor-widget-heading\" data-id=\"1ec0ee6\" data-element_type=\"widget\" data-widget_type=\"heading.default\">\n\t\t\t\t<div class=\"elementor-widget-container\">\n\t\t\t<h2 class=\"elementor-heading-title elementor-size-default\">CURSOS EN EDUCACI\u00d3N INCLUSIVA Y DIVERSIDAD<\/h2>\t\t<\/div>\n\t\t\t\t<\/div>\n\t\t\t\t<div class=\"elementor-element elementor-element-0ee100b elementor-widget elementor-widget-text-editor\" data-id=\"0ee100b\" data-element_type=\"widget\" data-widget_type=\"text-editor.default\">\n\t\t\t\t<div class=\"elementor-widget-container\">\n\t\t\t<style>\/*! elementor - v3.15.0 - 02-08-2023 *\/\n.elementor-widget-text-editor.elementor-drop-cap-view-stacked .elementor-drop-cap{background-color:#69727d;color:#fff}.elementor-widget-text-editor.elementor-drop-cap-view-framed .elementor-drop-cap{color:#69727d;border:3px solid;background-color:transparent}.elementor-widget-text-editor:not(.elementor-drop-cap-view-default) .elementor-drop-cap{margin-top:8px}.elementor-widget-text-editor:not(.elementor-drop-cap-view-default) .elementor-drop-cap-letter{width:1em;height:1em}.elementor-widget-text-editor .elementor-drop-cap{float:left;text-align:center;line-height:1;font-size:50px}.elementor-widget-text-editor .elementor-drop-cap-letter{display:inline-block}<\/style>\t\t\t\t<p><span style=\"font-weight: 400;\">Basados en la certeza de que la diversidad y la inclusi\u00f3n son cada vez m\u00e1s prominentes en la vida cotidiana y son temas esenciales para generar innovaci\u00f3n dentro de los espacios sociales, educativos, econ\u00f3micos y pol\u00edticos <img loading=\"lazy\" decoding=\"async\" class=\"alignnone wp-image-31\" src=\"https:\/\/grupotj.wpengine.com\/wp-content\/uploads\/2023\/07\/Logo-Turma-do-jilo-300x300.png\" alt=\"\" width=\"44\" height=\"44\" srcset=\"https:\/\/grupotj.org\/es\/wp-content\/uploads\/2023\/07\/Logo-Turma-do-jilo-300x300.png 300w, https:\/\/grupotj.org\/es\/wp-content\/uploads\/2023\/07\/Logo-Turma-do-jilo-150x150.png 150w, https:\/\/grupotj.org\/es\/wp-content\/uploads\/2023\/07\/Logo-Turma-do-jilo.png 500w\" sizes=\"auto, (max-width: 44px) 100vw, 44px\" \/>, presentamos el &#8220;Jil\u00f3 Educa Hub&#8221;, una plataforma en l\u00ednea sincr\u00f3nica.<\/span><\/p><p>Otro programa, concebido y desarrollado a partir de la experiencia educativa de Turma desde 2015, participando en el Pacto Global y en el Comit\u00e9 de Derechos Humanos de la ONU. Nuestra plataforma de cursos est\u00e1 dise\u00f1ada cuidadosamente, con temas elegidos y desarrollados a partir de experiencias que han impactado a m\u00e1s de 100,000 individuos, incluidos estudiantes, maestros, familias y colaboradores\/socios corporativos de diversos segmentos del mercado.<\/p><p>Temas como Personas con Discapacidades, Igualdad de G\u00e9nero, Sexualidad, Razas y Etnicidades, Educaci\u00f3n Antirracista, Culturas y Refugiados, Est\u00e1ndares Est\u00e9ticos, Edadismo, Acoso Escolar y Violencia Escolar, Salud Mental, Derechos Humanos, Proyectos de Voluntariado y Responsabilidad Social, entre otros, se ofrecen al p\u00fablico de manera innovadora y cuidadosa. Para facilitar estos cursos, el &#8220;Jil\u00f3 Educa Hub&#8221; cuenta con expertos multidisciplinarios en los temas y una plataforma llena de informaci\u00f3n.<\/p>\t\t\t\t\t\t<\/div>\n\t\t\t\t<\/div>\n\t\t\t\t<div class=\"elementor-element elementor-element-da66fe8 elementor-widget elementor-widget-button\" data-id=\"da66fe8\" data-element_type=\"widget\" data-widget_type=\"button.default\">\n\t\t\t\t<div class=\"elementor-widget-container\">\n\t\t\t\t\t<div class=\"elementor-button-wrapper\">\n\t\t\t<a class=\"elementor-button elementor-button-link elementor-size-sm\" href=\"https:\/\/docs.google.com\/forms\/d\/e\/1FAIpQLSeOU01Je-CSaWTDnQXBV-c0TATnNPQOXVHf98Evymx2zruFvg\/viewform?usp=sharing\" target=\"_blank\">\n\t\t\t\t\t\t<span class=\"elementor-button-content-wrapper\">\n\t\t\t\t\t\t<span class=\"elementor-button-text\">Lista de espera para cursos<\/span>\n\t\t<\/span>\n\t\t\t\t\t<\/a>\n\t\t<\/div>\n\t\t\t\t<\/div>\n\t\t\t\t<\/div>\n\t\t\t\t<div class=\"elementor-element elementor-element-34e47f4 elementor-hidden-desktop elementor-hidden-tablet elementor-hidden-mobile elementor-widget elementor-widget-button\" data-id=\"34e47f4\" data-element_type=\"widget\" data-widget_type=\"button.default\">\n\t\t\t\t<div class=\"elementor-widget-container\">\n\t\t\t\t\t<div class=\"elementor-button-wrapper\">\n\t\t\t<a class=\"elementor-button elementor-button-link elementor-size-sm\" href=\"https:\/\/www.sympla.com.br\/produtor\/jiloeduca\" target=\"_blank\">\n\t\t\t\t\t\t<span class=\"elementor-button-content-wrapper\">\n\t\t\t\t\t\t<span class=\"elementor-button-text\">Clique aqui e veja os cursos dispon\u00edveis<\/span>\n\t\t<\/span>\n\t\t\t\t\t<\/a>\n\t\t<\/div>\n\t\t\t\t<\/div>\n\t\t\t\t<\/div>\n\t\t\t\t\t<\/div>\n\t\t<\/div>\n\t\t\t\t<div class=\"elementor-column elementor-col-50 elementor-inner-column elementor-element elementor-element-b27802f\" data-id=\"b27802f\" data-element_type=\"column\">\n\t\t\t<div class=\"elementor-widget-wrap elementor-element-populated\">\n\t\t\t\t\t\t\t\t<div class=\"elementor-element elementor-element-f111ed4 elementor-widget elementor-widget-image\" data-id=\"f111ed4\" data-element_type=\"widget\" data-widget_type=\"image.default\">\n\t\t\t\t<div class=\"elementor-widget-container\">\n\t\t\t<style>\/*! elementor - v3.15.0 - 02-08-2023 *\/\n.elementor-widget-image{text-align:center}.elementor-widget-image a{display:inline-block}.elementor-widget-image a img[src$=\".svg\"]{width:48px}.elementor-widget-image img{vertical-align:middle;display:inline-block}<\/style>\t\t\t\t\t\t\t\t\t\t\t\t<img loading=\"lazy\" decoding=\"async\" width=\"826\" height=\"468\" src=\"https:\/\/grupotj.org\/es\/wp-content\/uploads\/2023\/07\/curso.png\" class=\"attachment-large size-large wp-image-227\" alt=\"Computador mostrando a tela principal do site do sympla do N\u00facleo Jil\u00f3 Educa.\" srcset=\"https:\/\/grupotj.org\/es\/wp-content\/uploads\/2023\/07\/curso.png 826w, https:\/\/grupotj.org\/es\/wp-content\/uploads\/2023\/07\/curso-300x170.png 300w, https:\/\/grupotj.org\/es\/wp-content\/uploads\/2023\/07\/curso-768x435.png 768w\" sizes=\"auto, (max-width: 826px) 100vw, 826px\" \/>\t\t\t\t\t\t\t\t\t\t\t\t\t\t\t<\/div>\n\t\t\t\t<\/div>\n\t\t\t\t\t<\/div>\n\t\t<\/div>\n\t\t\t\t\t\t\t<\/div>\n\t\t<\/section>\n\t\t\t\t\t<\/div>\n\t\t<\/div>\n\t\t\t\t\t\t\t<\/div>\n\t\t<\/section>\n\t\t\t\t\t\t\t<\/div>\n\t\t","protected":false},"excerpt":{"rendered":"<p>CURSOS CURSOS EN EDUCACI\u00d3N INCLUSIVA Y DIVERSIDAD Basados en la certeza de que la diversidad y la inclusi\u00f3n son cada vez m\u00e1s prominentes en la vida cotidiana y son temas esenciales para generar innovaci\u00f3n dentro de los espacios sociales, educativos, econ\u00f3micos y pol\u00edticos , presentamos el &#8220;Jil\u00f3 Educa Hub&#8221;, una plataforma en l\u00ednea sincr\u00f3nica. Otro &hellip;<\/p>\n<p class=\"read-more\"> <a class=\"\" href=\"https:\/\/grupotj.org\/es\/?page_id=223\"> <span class=\"screen-reader-text\">Cursos<\/span> Leia mais &raquo;<\/a><\/p>\n","protected":false},"author":1,"featured_media":0,"parent":0,"menu_order":0,"comment_status":"closed","ping_status":"closed","template":"","meta":{"site-sidebar-layout":"no-sidebar","site-content-layout":"page-builder","ast-global-header-display":"","ast-banner-title-visibility":"","ast-main-header-display":"","ast-hfb-above-header-display":"","ast-hfb-below-header-display":"","ast-hfb-mobile-header-display":"","site-post-title":"disabled","ast-breadcrumbs-content":"","ast-featured-img":"disabled","footer-sml-layout":"","theme-transparent-header-meta":"","adv-header-id-meta":"","stick-header-meta":"","header-above-stick-meta":"","header-main-stick-meta":"","header-below-stick-meta":"","footnotes":""},"class_list":["post-223","page","type-page","status-publish","hentry"],"_links":{"self":[{"href":"https:\/\/grupotj.org\/es\/index.php?rest_route=\/wp\/v2\/pages\/223","targetHints":{"allow":["GET"]}}],"collection":[{"href":"https:\/\/grupotj.org\/es\/index.php?rest_route=\/wp\/v2\/pages"}],"about":[{"href":"https:\/\/grupotj.org\/es\/index.php?rest_route=\/wp\/v2\/types\/page"}],"author":[{"embeddable":true,"href":"https:\/\/grupotj.org\/es\/index.php?rest_route=\/wp\/v2\/users\/1"}],"replies":[{"embeddable":true,"href":"https:\/\/grupotj.org\/es\/index.php?rest_route=%2Fwp%2Fv2%2Fcomments&post=223"}],"version-history":[{"count":12,"href":"https:\/\/grupotj.org\/es\/index.php?rest_route=\/wp\/v2\/pages\/223\/revisions"}],"predecessor-version":[{"id":609,"href":"https:\/\/grupotj.org\/es\/index.php?rest_route=\/wp\/v2\/pages\/223\/revisions\/609"}],"wp:attachment":[{"href":"https:\/\/grupotj.org\/es\/index.php?rest_route=%2Fwp%2Fv2%2Fmedia&parent=223"}],"curies":[{"name":"wp","href":"https:\/\/api.w.org\/{rel}","templated":true}]}}