{"id":82,"date":"2023-07-18T22:31:16","date_gmt":"2023-07-19T01:31:16","guid":{"rendered":"https:\/\/grupotj.wpengine.com\/?page_id=82"},"modified":"2024-05-04T21:48:24","modified_gmt":"2024-05-05T00:48:24","slug":"quienes-somos","status":"publish","type":"page","link":"https:\/\/grupotj.org\/es\/?page_id=82","title":{"rendered":"Quienes somos"},"content":{"rendered":"\t\t<div data-elementor-type=\"wp-page\" data-elementor-id=\"82\" class=\"elementor elementor-82\">\n\t\t\t\t\t\t\t\t\t<section class=\"elementor-section elementor-top-section elementor-element elementor-element-0dd44d6 elementor-section-boxed elementor-section-height-default elementor-section-height-default\" data-id=\"0dd44d6\" data-element_type=\"section\" data-settings=\"{&quot;background_background&quot;:&quot;classic&quot;}\">\n\t\t\t\t\t\t\t<div class=\"elementor-background-overlay\"><\/div>\n\t\t\t\t\t\t\t<div class=\"elementor-container elementor-column-gap-default\">\n\t\t\t\t\t<div class=\"elementor-column elementor-col-100 elementor-top-column elementor-element elementor-element-8437052\" data-id=\"8437052\" data-element_type=\"column\">\n\t\t\t<div class=\"elementor-widget-wrap elementor-element-populated\">\n\t\t\t\t\t\t\t\t<div class=\"elementor-element elementor-element-db0843c elementor-widget elementor-widget-heading\" data-id=\"db0843c\" data-element_type=\"widget\" data-widget_type=\"heading.default\">\n\t\t\t\t<div class=\"elementor-widget-container\">\n\t\t\t<style>\/*! elementor - v3.15.0 - 02-08-2023 *\/\n.elementor-heading-title{padding:0;margin:0;line-height:1}.elementor-widget-heading .elementor-heading-title[class*=elementor-size-]>a{color:inherit;font-size:inherit;line-height:inherit}.elementor-widget-heading .elementor-heading-title.elementor-size-small{font-size:15px}.elementor-widget-heading .elementor-heading-title.elementor-size-medium{font-size:19px}.elementor-widget-heading .elementor-heading-title.elementor-size-large{font-size:29px}.elementor-widget-heading .elementor-heading-title.elementor-size-xl{font-size:39px}.elementor-widget-heading .elementor-heading-title.elementor-size-xxl{font-size:59px}<\/style><h1 class=\"elementor-heading-title elementor-size-default\">QUI\u00c9NES SOMOS<\/h1>\t\t<\/div>\n\t\t\t\t<\/div>\n\t\t\t\t\t<\/div>\n\t\t<\/div>\n\t\t\t\t\t\t\t<\/div>\n\t\t<\/section>\n\t\t\t\t<section class=\"elementor-section elementor-top-section elementor-element elementor-element-2b4fa4e7 elementor-section-boxed elementor-section-height-default elementor-section-height-default\" data-id=\"2b4fa4e7\" data-element_type=\"section\">\n\t\t\t\t\t\t<div class=\"elementor-container elementor-column-gap-default\">\n\t\t\t\t\t<div class=\"elementor-column elementor-col-100 elementor-top-column elementor-element elementor-element-327c0762\" data-id=\"327c0762\" data-element_type=\"column\">\n\t\t\t<div class=\"elementor-widget-wrap elementor-element-populated\">\n\t\t\t\t\t\t\t\t<div class=\"elementor-element elementor-element-54c80990 elementor-widget elementor-widget-heading\" data-id=\"54c80990\" data-element_type=\"widget\" data-widget_type=\"heading.default\">\n\t\t\t\t<div class=\"elementor-widget-container\">\n\t\t\t<h2 class=\"elementor-heading-title elementor-size-default\">Consejos<\/h2>\t\t<\/div>\n\t\t\t\t<\/div>\n\t\t\t\t<section class=\"elementor-section elementor-inner-section elementor-element elementor-element-e09050e elementor-section-boxed elementor-section-height-default elementor-section-height-default\" data-id=\"e09050e\" data-element_type=\"section\">\n\t\t\t\t\t\t<div class=\"elementor-container elementor-column-gap-extended\">\n\t\t\t\t\t<div class=\"elementor-column elementor-col-25 elementor-inner-column elementor-element elementor-element-ba9705f\" data-id=\"ba9705f\" data-element_type=\"column\">\n\t\t\t<div class=\"elementor-widget-wrap elementor-element-populated\">\n\t\t\t\t\t\t\t\t<div class=\"elementor-element elementor-element-ac88558 elementor-position-top elementor-widget elementor-widget-image-box\" data-id=\"ac88558\" data-element_type=\"widget\" data-widget_type=\"image-box.default\">\n\t\t\t\t<div class=\"elementor-widget-container\">\n\t\t\t<style>\/*! elementor - v3.15.0 - 02-08-2023 *\/\n.elementor-widget-image-box .elementor-image-box-content{width:100%}@media (min-width:768px){.elementor-widget-image-box.elementor-position-left .elementor-image-box-wrapper,.elementor-widget-image-box.elementor-position-right .elementor-image-box-wrapper{display:flex}.elementor-widget-image-box.elementor-position-right .elementor-image-box-wrapper{text-align:right;flex-direction:row-reverse}.elementor-widget-image-box.elementor-position-left .elementor-image-box-wrapper{text-align:left;flex-direction:row}.elementor-widget-image-box.elementor-position-top .elementor-image-box-img{margin:auto}.elementor-widget-image-box.elementor-vertical-align-top .elementor-image-box-wrapper{align-items:flex-start}.elementor-widget-image-box.elementor-vertical-align-middle .elementor-image-box-wrapper{align-items:center}.elementor-widget-image-box.elementor-vertical-align-bottom .elementor-image-box-wrapper{align-items:flex-end}}@media (max-width:767px){.elementor-widget-image-box .elementor-image-box-img{margin-left:auto!important;margin-right:auto!important;margin-bottom:15px}}.elementor-widget-image-box .elementor-image-box-img{display:inline-block}.elementor-widget-image-box .elementor-image-box-title a{color:inherit}.elementor-widget-image-box .elementor-image-box-wrapper{text-align:center}.elementor-widget-image-box .elementor-image-box-description{margin:0}<\/style><div class=\"elementor-image-box-wrapper\"><figure class=\"elementor-image-box-img\"><img loading=\"lazy\" decoding=\"async\" width=\"1080\" height=\"1080\" src=\"https:\/\/grupotj.org\/es\/wp-content\/uploads\/2023\/08\/felipe.png\" class=\"attachment-full size-full wp-image-395\" alt=\"Homem de cabelos pretos e \u00f3culos de grau.\" srcset=\"https:\/\/grupotj.org\/es\/wp-content\/uploads\/2023\/08\/felipe.png 1080w, https:\/\/grupotj.org\/es\/wp-content\/uploads\/2023\/08\/felipe-300x300.png 300w, https:\/\/grupotj.org\/es\/wp-content\/uploads\/2023\/08\/felipe-1024x1024.png 1024w, https:\/\/grupotj.org\/es\/wp-content\/uploads\/2023\/08\/felipe-150x150.png 150w, https:\/\/grupotj.org\/es\/wp-content\/uploads\/2023\/08\/felipe-768x768.png 768w\" sizes=\"auto, (max-width: 1080px) 100vw, 1080px\" \/><\/figure><div class=\"elementor-image-box-content\"><h4 class=\"elementor-image-box-title\">Felipe Videira<\/h4><\/div><\/div>\t\t<\/div>\n\t\t\t\t<\/div>\n\t\t\t\t<div class=\"elementor-element elementor-element-fb085ee elementor-widget elementor-widget-toggle\" data-id=\"fb085ee\" data-element_type=\"widget\" data-widget_type=\"toggle.default\">\n\t\t\t\t<div class=\"elementor-widget-container\">\n\t\t\t<style>\/*! elementor - v3.15.0 - 02-08-2023 *\/\n.elementor-toggle{text-align:left}.elementor-toggle .elementor-tab-title{font-weight:700;line-height:1;margin:0;padding:15px;border-bottom:1px solid #d5d8dc;cursor:pointer;outline:none}.elementor-toggle .elementor-tab-title .elementor-toggle-icon{display:inline-block;width:1em}.elementor-toggle .elementor-tab-title .elementor-toggle-icon svg{-webkit-margin-start:-5px;margin-inline-start:-5px;width:1em;height:1em}.elementor-toggle .elementor-tab-title .elementor-toggle-icon.elementor-toggle-icon-right{float:right;text-align:right}.elementor-toggle .elementor-tab-title .elementor-toggle-icon.elementor-toggle-icon-left{float:left;text-align:left}.elementor-toggle .elementor-tab-title .elementor-toggle-icon .elementor-toggle-icon-closed{display:block}.elementor-toggle .elementor-tab-title .elementor-toggle-icon .elementor-toggle-icon-opened{display:none}.elementor-toggle .elementor-tab-title.elementor-active{border-bottom:none}.elementor-toggle .elementor-tab-title.elementor-active .elementor-toggle-icon-closed{display:none}.elementor-toggle .elementor-tab-title.elementor-active .elementor-toggle-icon-opened{display:block}.elementor-toggle .elementor-tab-content{padding:15px;border-bottom:1px solid #d5d8dc;display:none}@media (max-width:767px){.elementor-toggle .elementor-tab-title{padding:12px}.elementor-toggle .elementor-tab-content{padding:12px 10px}}.e-con-inner>.elementor-widget-toggle,.e-con>.elementor-widget-toggle{width:var(--container-widget-width);--flex-grow:var(--container-widget-flex-grow)}<\/style>\t\t<div class=\"elementor-toggle\">\n\t\t\t\t\t\t\t<div class=\"elementor-toggle-item\">\n\t\t\t\t\t<div id=\"elementor-tab-title-2631\" class=\"elementor-tab-title\" data-tab=\"1\" role=\"button\" aria-controls=\"elementor-tab-content-2631\" aria-expanded=\"false\">\n\t\t\t\t\t\t\t\t\t\t\t\t<span class=\"elementor-toggle-icon elementor-toggle-icon-right\" aria-hidden=\"true\">\n\t\t\t\t\t\t\t\t\t\t\t\t\t\t\t<span class=\"elementor-toggle-icon-closed\"><i class=\"fas fa-plus\"><\/i><\/span>\n\t\t\t\t\t\t\t\t<span class=\"elementor-toggle-icon-opened\"><i class=\"elementor-toggle-icon-opened fas fa-minus\"><\/i><\/span>\n\t\t\t\t\t\t\t\t\t\t\t\t\t<\/span>\n\t\t\t\t\t\t\t\t\t\t\t\t<a class=\"elementor-toggle-title\" tabindex=\"0\">Saber m\u00e1s<\/a>\n\t\t\t\t\t<\/div>\n\n\t\t\t\t\t<div id=\"elementor-tab-content-2631\" class=\"elementor-tab-content elementor-clearfix\" data-tab=\"1\" role=\"region\" aria-labelledby=\"elementor-tab-title-2631\"><p>Graduado en Ingenier\u00eda Civil con una especializaci\u00f3n en Administraci\u00f3n de Empresas. Postgrado en Finanzas y MBA Ejecutivo. Ejecutivo con experiencia en las \u00e1reas de Construcci\u00f3n Civil e Infraestructura. Actualmente trabaja en el campo del comercio internacional como Director Ejecutivo de Negocios.<\/p><\/div>\n\t\t\t\t<\/div>\n\t\t\t\t\t\t\t\t<\/div>\n\t\t\t\t<\/div>\n\t\t\t\t<\/div>\n\t\t\t\t\t<\/div>\n\t\t<\/div>\n\t\t\t\t<div class=\"elementor-column elementor-col-25 elementor-inner-column elementor-element elementor-element-bf6170a\" data-id=\"bf6170a\" data-element_type=\"column\">\n\t\t\t<div class=\"elementor-widget-wrap elementor-element-populated\">\n\t\t\t\t\t\t\t\t<div class=\"elementor-element elementor-element-8a93d0e elementor-position-top elementor-widget elementor-widget-image-box\" data-id=\"8a93d0e\" data-element_type=\"widget\" data-widget_type=\"image-box.default\">\n\t\t\t\t<div class=\"elementor-widget-container\">\n\t\t\t<div class=\"elementor-image-box-wrapper\"><figure class=\"elementor-image-box-img\"><img loading=\"lazy\" decoding=\"async\" width=\"1080\" height=\"1080\" src=\"https:\/\/grupotj.org\/es\/wp-content\/uploads\/2023\/08\/edu-1.png\" class=\"attachment-full size-full wp-image-394\" alt=\"Homem com cabelos loiros e curtos.\" srcset=\"https:\/\/grupotj.org\/es\/wp-content\/uploads\/2023\/08\/edu-1.png 1080w, https:\/\/grupotj.org\/es\/wp-content\/uploads\/2023\/08\/edu-1-300x300.png 300w, https:\/\/grupotj.org\/es\/wp-content\/uploads\/2023\/08\/edu-1-1024x1024.png 1024w, https:\/\/grupotj.org\/es\/wp-content\/uploads\/2023\/08\/edu-1-150x150.png 150w, https:\/\/grupotj.org\/es\/wp-content\/uploads\/2023\/08\/edu-1-768x768.png 768w\" sizes=\"auto, (max-width: 1080px) 100vw, 1080px\" \/><\/figure><div class=\"elementor-image-box-content\"><h4 class=\"elementor-image-box-title\">Eduardo Horta<\/h4><\/div><\/div>\t\t<\/div>\n\t\t\t\t<\/div>\n\t\t\t\t<div class=\"elementor-element elementor-element-53f240c elementor-widget elementor-widget-toggle\" data-id=\"53f240c\" data-element_type=\"widget\" data-widget_type=\"toggle.default\">\n\t\t\t\t<div class=\"elementor-widget-container\">\n\t\t\t\t\t<div class=\"elementor-toggle\">\n\t\t\t\t\t\t\t<div class=\"elementor-toggle-item\">\n\t\t\t\t\t<div id=\"elementor-tab-title-8801\" class=\"elementor-tab-title\" data-tab=\"1\" role=\"button\" aria-controls=\"elementor-tab-content-8801\" aria-expanded=\"false\">\n\t\t\t\t\t\t\t\t\t\t\t\t<span class=\"elementor-toggle-icon elementor-toggle-icon-right\" aria-hidden=\"true\">\n\t\t\t\t\t\t\t\t\t\t\t\t\t\t\t<span class=\"elementor-toggle-icon-closed\"><i class=\"fas fa-plus\"><\/i><\/span>\n\t\t\t\t\t\t\t\t<span class=\"elementor-toggle-icon-opened\"><i class=\"elementor-toggle-icon-opened fas fa-minus\"><\/i><\/span>\n\t\t\t\t\t\t\t\t\t\t\t\t\t<\/span>\n\t\t\t\t\t\t\t\t\t\t\t\t<a class=\"elementor-toggle-title\" tabindex=\"0\">Saber m\u00e1s<\/a>\n\t\t\t\t\t<\/div>\n\n\t\t\t\t\t<div id=\"elementor-tab-content-8801\" class=\"elementor-tab-content elementor-clearfix\" data-tab=\"1\" role=\"region\" aria-labelledby=\"elementor-tab-title-8801\"><p>\u00a0Con m\u00e1s de 20 a\u00f1os de experiencia en el mercado de Comunicaci\u00f3n y Marketing. Experiencia como ejecutivo de Cuentas y Planificaci\u00f3n, con roles en importantes grupos de comunicaci\u00f3n como Propeg, Fischer y WPP, y como gerente en las \u00e1reas de marketing y comerciales de Arena Corinthians.<\/p><\/div>\n\t\t\t\t<\/div>\n\t\t\t\t\t\t\t\t<\/div>\n\t\t\t\t<\/div>\n\t\t\t\t<\/div>\n\t\t\t\t\t<\/div>\n\t\t<\/div>\n\t\t\t\t<div class=\"elementor-column elementor-col-25 elementor-inner-column elementor-element elementor-element-47c4aad\" data-id=\"47c4aad\" data-element_type=\"column\">\n\t\t\t<div class=\"elementor-widget-wrap elementor-element-populated\">\n\t\t\t\t\t\t\t\t<div class=\"elementor-element elementor-element-67bd1a5 elementor-position-top elementor-widget elementor-widget-image-box\" data-id=\"67bd1a5\" data-element_type=\"widget\" data-widget_type=\"image-box.default\">\n\t\t\t\t<div class=\"elementor-widget-container\">\n\t\t\t<div class=\"elementor-image-box-wrapper\"><figure class=\"elementor-image-box-img\"><img loading=\"lazy\" decoding=\"async\" width=\"1080\" height=\"1080\" src=\"https:\/\/grupotj.org\/es\/wp-content\/uploads\/2023\/08\/thais.png\" class=\"attachment-full size-full wp-image-397\" alt=\"Mulher asi\u00e1tica com cabelo preto e liso.\" srcset=\"https:\/\/grupotj.org\/es\/wp-content\/uploads\/2023\/08\/thais.png 1080w, https:\/\/grupotj.org\/es\/wp-content\/uploads\/2023\/08\/thais-300x300.png 300w, https:\/\/grupotj.org\/es\/wp-content\/uploads\/2023\/08\/thais-1024x1024.png 1024w, https:\/\/grupotj.org\/es\/wp-content\/uploads\/2023\/08\/thais-150x150.png 150w, https:\/\/grupotj.org\/es\/wp-content\/uploads\/2023\/08\/thais-768x768.png 768w\" sizes=\"auto, (max-width: 1080px) 100vw, 1080px\" \/><\/figure><div class=\"elementor-image-box-content\"><h4 class=\"elementor-image-box-title\">Thais Torritani<\/h4><\/div><\/div>\t\t<\/div>\n\t\t\t\t<\/div>\n\t\t\t\t<div class=\"elementor-element elementor-element-30b47e2 elementor-widget elementor-widget-toggle\" data-id=\"30b47e2\" data-element_type=\"widget\" data-widget_type=\"toggle.default\">\n\t\t\t\t<div class=\"elementor-widget-container\">\n\t\t\t\t\t<div class=\"elementor-toggle\">\n\t\t\t\t\t\t\t<div class=\"elementor-toggle-item\">\n\t\t\t\t\t<div id=\"elementor-tab-title-5101\" class=\"elementor-tab-title\" data-tab=\"1\" role=\"button\" aria-controls=\"elementor-tab-content-5101\" aria-expanded=\"false\">\n\t\t\t\t\t\t\t\t\t\t\t\t<span class=\"elementor-toggle-icon elementor-toggle-icon-right\" aria-hidden=\"true\">\n\t\t\t\t\t\t\t\t\t\t\t\t\t\t\t<span class=\"elementor-toggle-icon-closed\"><i class=\"fas fa-plus\"><\/i><\/span>\n\t\t\t\t\t\t\t\t<span class=\"elementor-toggle-icon-opened\"><i class=\"elementor-toggle-icon-opened fas fa-minus\"><\/i><\/span>\n\t\t\t\t\t\t\t\t\t\t\t\t\t<\/span>\n\t\t\t\t\t\t\t\t\t\t\t\t<a class=\"elementor-toggle-title\" tabindex=\"0\">Saber m\u00e1s<\/a>\n\t\t\t\t\t<\/div>\n\n\t\t\t\t\t<div id=\"elementor-tab-content-5101\" class=\"elementor-tab-content elementor-clearfix\" data-tab=\"1\" role=\"region\" aria-labelledby=\"elementor-tab-title-5101\"><p>\u00a0Graduada en Relaciones Internacionales con enfoque en Marketing y Negocios. Posgrado en Administraci\u00f3n de Empresas. Ejecutiva con experiencia en el \u00e1rea Comercial de Bienes de Consumo. Actualmente, Gerente de Adquisiciones de Servicios.<\/p><\/div>\n\t\t\t\t<\/div>\n\t\t\t\t\t\t\t\t<\/div>\n\t\t\t\t<\/div>\n\t\t\t\t<\/div>\n\t\t\t\t\t<\/div>\n\t\t<\/div>\n\t\t\t\t<div class=\"elementor-column elementor-col-25 elementor-inner-column elementor-element elementor-element-845ff14\" data-id=\"845ff14\" data-element_type=\"column\">\n\t\t\t<div class=\"elementor-widget-wrap elementor-element-populated\">\n\t\t\t\t\t\t\t\t<div class=\"elementor-element elementor-element-8ddf661 elementor-position-top elementor-widget elementor-widget-image-box\" data-id=\"8ddf661\" data-element_type=\"widget\" data-widget_type=\"image-box.default\">\n\t\t\t\t<div class=\"elementor-widget-container\">\n\t\t\t<div class=\"elementor-image-box-wrapper\"><figure class=\"elementor-image-box-img\"><img loading=\"lazy\" decoding=\"async\" width=\"1080\" height=\"1080\" src=\"https:\/\/grupotj.org\/es\/wp-content\/uploads\/2023\/08\/jose-luis-1.png\" class=\"attachment-full size-full wp-image-396\" alt=\"Homem com cabelos pretos.\" srcset=\"https:\/\/grupotj.org\/es\/wp-content\/uploads\/2023\/08\/jose-luis-1.png 1080w, https:\/\/grupotj.org\/es\/wp-content\/uploads\/2023\/08\/jose-luis-1-300x300.png 300w, https:\/\/grupotj.org\/es\/wp-content\/uploads\/2023\/08\/jose-luis-1-1024x1024.png 1024w, https:\/\/grupotj.org\/es\/wp-content\/uploads\/2023\/08\/jose-luis-1-150x150.png 150w, https:\/\/grupotj.org\/es\/wp-content\/uploads\/2023\/08\/jose-luis-1-768x768.png 768w\" sizes=\"auto, (max-width: 1080px) 100vw, 1080px\" \/><\/figure><div class=\"elementor-image-box-content\"><h4 class=\"elementor-image-box-title\">Jos\u00e9 Luiz Ramos Resende<\/h4><\/div><\/div>\t\t<\/div>\n\t\t\t\t<\/div>\n\t\t\t\t<div class=\"elementor-element elementor-element-17a0503 elementor-widget elementor-widget-toggle\" data-id=\"17a0503\" data-element_type=\"widget\" data-widget_type=\"toggle.default\">\n\t\t\t\t<div class=\"elementor-widget-container\">\n\t\t\t\t\t<div class=\"elementor-toggle\">\n\t\t\t\t\t\t\t<div class=\"elementor-toggle-item\">\n\t\t\t\t\t<div id=\"elementor-tab-title-2471\" class=\"elementor-tab-title\" data-tab=\"1\" role=\"button\" aria-controls=\"elementor-tab-content-2471\" aria-expanded=\"false\">\n\t\t\t\t\t\t\t\t\t\t\t\t<span class=\"elementor-toggle-icon elementor-toggle-icon-right\" aria-hidden=\"true\">\n\t\t\t\t\t\t\t\t\t\t\t\t\t\t\t<span class=\"elementor-toggle-icon-closed\"><i class=\"fas fa-plus\"><\/i><\/span>\n\t\t\t\t\t\t\t\t<span class=\"elementor-toggle-icon-opened\"><i class=\"elementor-toggle-icon-opened fas fa-minus\"><\/i><\/span>\n\t\t\t\t\t\t\t\t\t\t\t\t\t<\/span>\n\t\t\t\t\t\t\t\t\t\t\t\t<a class=\"elementor-toggle-title\" tabindex=\"0\">Saber m\u00e1s<\/a>\n\t\t\t\t\t<\/div>\n\n\t\t\t\t\t<div id=\"elementor-tab-content-2471\" class=\"elementor-tab-content elementor-clearfix\" data-tab=\"1\" role=\"region\" aria-labelledby=\"elementor-tab-title-2471\"><p>\u00a0Jos\u00e9 Luiz es un ingeniero que trabaj\u00f3 durante 10 a\u00f1os en importantes bancos brasile\u00f1os. Hoy en d\u00eda, se desempe\u00f1a como CFO en una empresa de log\u00edstica.<\/p><\/div>\n\t\t\t\t<\/div>\n\t\t\t\t\t\t\t\t<\/div>\n\t\t\t\t<\/div>\n\t\t\t\t<\/div>\n\t\t\t\t\t<\/div>\n\t\t<\/div>\n\t\t\t\t\t\t\t<\/div>\n\t\t<\/section>\n\t\t\t\t\t<\/div>\n\t\t<\/div>\n\t\t\t\t\t\t\t<\/div>\n\t\t<\/section>\n\t\t\t\t<section class=\"elementor-section elementor-top-section elementor-element elementor-element-9737e98 elementor-section-boxed elementor-section-height-default elementor-section-height-default\" data-id=\"9737e98\" data-element_type=\"section\">\n\t\t\t\t\t\t<div class=\"elementor-container elementor-column-gap-default\">\n\t\t\t\t\t<div class=\"elementor-column elementor-col-100 elementor-top-column elementor-element elementor-element-619c949\" data-id=\"619c949\" data-element_type=\"column\">\n\t\t\t<div class=\"elementor-widget-wrap elementor-element-populated\">\n\t\t\t\t\t\t\t\t<div class=\"elementor-element elementor-element-396c441 elementor-widget elementor-widget-heading\" data-id=\"396c441\" data-element_type=\"widget\" data-widget_type=\"heading.default\">\n\t\t\t\t<div class=\"elementor-widget-container\">\n\t\t\t<h2 class=\"elementor-heading-title elementor-size-default\">Clase<\/h2>\t\t<\/div>\n\t\t\t\t<\/div>\n\t\t\t\t<section class=\"elementor-section elementor-inner-section elementor-element elementor-element-fc0c42c elementor-section-boxed elementor-section-height-default elementor-section-height-default\" data-id=\"fc0c42c\" data-element_type=\"section\">\n\t\t\t\t\t\t<div class=\"elementor-container elementor-column-gap-extended\">\n\t\t\t\t\t<div class=\"elementor-column elementor-col-25 elementor-inner-column elementor-element elementor-element-ba8e077\" data-id=\"ba8e077\" data-element_type=\"column\">\n\t\t\t<div class=\"elementor-widget-wrap elementor-element-populated\">\n\t\t\t\t\t\t\t\t<div class=\"elementor-element elementor-element-fc900d7 elementor-position-top elementor-widget elementor-widget-image-box\" data-id=\"fc900d7\" data-element_type=\"widget\" data-widget_type=\"image-box.default\">\n\t\t\t\t<div class=\"elementor-widget-container\">\n\t\t\t<div class=\"elementor-image-box-wrapper\"><figure class=\"elementor-image-box-img\"><img loading=\"lazy\" decoding=\"async\" width=\"1080\" height=\"1080\" src=\"https:\/\/grupotj.org\/es\/wp-content\/uploads\/2023\/08\/carolina.png\" class=\"attachment-full size-full wp-image-355\" alt=\"Mulher com cabelo na altura dos ombros.\" srcset=\"https:\/\/grupotj.org\/es\/wp-content\/uploads\/2023\/08\/carolina.png 1080w, https:\/\/grupotj.org\/es\/wp-content\/uploads\/2023\/08\/carolina-300x300.png 300w, https:\/\/grupotj.org\/es\/wp-content\/uploads\/2023\/08\/carolina-1024x1024.png 1024w, https:\/\/grupotj.org\/es\/wp-content\/uploads\/2023\/08\/carolina-150x150.png 150w, https:\/\/grupotj.org\/es\/wp-content\/uploads\/2023\/08\/carolina-768x768.png 768w\" sizes=\"auto, (max-width: 1080px) 100vw, 1080px\" \/><\/figure><div class=\"elementor-image-box-content\"><h4 class=\"elementor-image-box-title\">Carolina Videira<\/h4><\/div><\/div>\t\t<\/div>\n\t\t\t\t<\/div>\n\t\t\t\t<div class=\"elementor-element elementor-element-302c7ae elementor-widget elementor-widget-toggle\" data-id=\"302c7ae\" data-element_type=\"widget\" data-widget_type=\"toggle.default\">\n\t\t\t\t<div class=\"elementor-widget-container\">\n\t\t\t\t\t<div class=\"elementor-toggle\">\n\t\t\t\t\t\t\t<div class=\"elementor-toggle-item\">\n\t\t\t\t\t<div id=\"elementor-tab-title-5051\" class=\"elementor-tab-title\" data-tab=\"1\" role=\"button\" aria-controls=\"elementor-tab-content-5051\" aria-expanded=\"false\">\n\t\t\t\t\t\t\t\t\t\t\t\t<span class=\"elementor-toggle-icon elementor-toggle-icon-right\" aria-hidden=\"true\">\n\t\t\t\t\t\t\t\t\t\t\t\t\t\t\t<span class=\"elementor-toggle-icon-closed\"><i class=\"fas fa-plus\"><\/i><\/span>\n\t\t\t\t\t\t\t\t<span class=\"elementor-toggle-icon-opened\"><i class=\"elementor-toggle-icon-opened fas fa-minus\"><\/i><\/span>\n\t\t\t\t\t\t\t\t\t\t\t\t\t<\/span>\n\t\t\t\t\t\t\t\t\t\t\t\t<a class=\"elementor-toggle-title\" tabindex=\"0\">Saber m\u00e1s<\/a>\n\t\t\t\t\t<\/div>\n\n\t\t\t\t\t<div id=\"elementor-tab-content-5051\" class=\"elementor-tab-content elementor-clearfix\" data-tab=\"1\" role=\"region\" aria-labelledby=\"elementor-tab-title-5051\"><p>\u00a0Carolina Vieira es una Emprendedora Social y Consultora, trabaja en los campos de Educaci\u00f3n, Derechos Humanos y ESG\/ASG. Es investigadora en Violencia y Prejuicio en FEUSP, posee una Maestr\u00eda en Neurociencia Conductual de UNIFESP, y tiene calificaciones de posgrado en Gesti\u00f3n de la Diversidad y Pr\u00e1cticas Inclusivas, as\u00ed como en Neurociencia Conductual del Instituto Singularidades. Certificada por la Fundaci\u00f3n Dom Cabral en el Programa de Educaci\u00f3n para Directores. Es miembro del Consejo de Derechos Humanos de la ONU-Brasil. Es la Presidenta del Grupo TJ y Coordinadora de Estudios de Posgrado en Inclusi\u00f3n de la Diversidad en el Instituto Singularidades. Con m\u00e1s de 20 a\u00f1os de experiencia corporativa diversa en sectores como finanzas sostenibles, diversidad e inclusi\u00f3n, cumplimiento y \u00e9tica corporativa, emisi\u00f3n cero, comunicaci\u00f3n, mercado y B3, ha colaborado con el sector p\u00fablico y varias organizaciones profesionales. Ganadora del Premio Emprendedor Social del A\u00f1o (2022) y del Premio Rise and Raise Others de ONU Mujeres EE. UU. (2022) en la categor\u00eda de Reducci\u00f3n de Desigualdades. Madre de Jo\u00e3o y Maria.<\/p><\/div>\n\t\t\t\t<\/div>\n\t\t\t\t\t\t\t\t<\/div>\n\t\t\t\t<\/div>\n\t\t\t\t<\/div>\n\t\t\t\t\t<\/div>\n\t\t<\/div>\n\t\t\t\t<div class=\"elementor-column elementor-col-25 elementor-inner-column elementor-element elementor-element-f39f147\" data-id=\"f39f147\" data-element_type=\"column\">\n\t\t\t<div class=\"elementor-widget-wrap elementor-element-populated\">\n\t\t\t\t\t\t\t\t<div class=\"elementor-element elementor-element-e7d3a64 elementor-position-top elementor-widget elementor-widget-image-box\" data-id=\"e7d3a64\" data-element_type=\"widget\" data-widget_type=\"image-box.default\">\n\t\t\t\t<div class=\"elementor-widget-container\">\n\t\t\t<div class=\"elementor-image-box-wrapper\"><figure class=\"elementor-image-box-img\"><img loading=\"lazy\" decoding=\"async\" width=\"1080\" height=\"1080\" src=\"https:\/\/grupotj.org\/es\/wp-content\/uploads\/2023\/08\/leonora.png\" class=\"attachment-full size-full wp-image-362\" alt=\"Mulher com cabelo castanho na altura dos ombros.\" srcset=\"https:\/\/grupotj.org\/es\/wp-content\/uploads\/2023\/08\/leonora.png 1080w, https:\/\/grupotj.org\/es\/wp-content\/uploads\/2023\/08\/leonora-300x300.png 300w, https:\/\/grupotj.org\/es\/wp-content\/uploads\/2023\/08\/leonora-1024x1024.png 1024w, https:\/\/grupotj.org\/es\/wp-content\/uploads\/2023\/08\/leonora-150x150.png 150w, https:\/\/grupotj.org\/es\/wp-content\/uploads\/2023\/08\/leonora-768x768.png 768w\" sizes=\"auto, (max-width: 1080px) 100vw, 1080px\" \/><\/figure><div class=\"elementor-image-box-content\"><h4 class=\"elementor-image-box-title\">Leonora Novaes<\/h4><\/div><\/div>\t\t<\/div>\n\t\t\t\t<\/div>\n\t\t\t\t<div class=\"elementor-element elementor-element-0460ea2 elementor-widget elementor-widget-toggle\" data-id=\"0460ea2\" data-element_type=\"widget\" data-widget_type=\"toggle.default\">\n\t\t\t\t<div class=\"elementor-widget-container\">\n\t\t\t\t\t<div class=\"elementor-toggle\">\n\t\t\t\t\t\t\t<div class=\"elementor-toggle-item\">\n\t\t\t\t\t<div id=\"elementor-tab-title-4591\" class=\"elementor-tab-title\" data-tab=\"1\" role=\"button\" aria-controls=\"elementor-tab-content-4591\" aria-expanded=\"false\">\n\t\t\t\t\t\t\t\t\t\t\t\t<span class=\"elementor-toggle-icon elementor-toggle-icon-right\" aria-hidden=\"true\">\n\t\t\t\t\t\t\t\t\t\t\t\t\t\t\t<span class=\"elementor-toggle-icon-closed\"><i class=\"fas fa-plus\"><\/i><\/span>\n\t\t\t\t\t\t\t\t<span class=\"elementor-toggle-icon-opened\"><i class=\"elementor-toggle-icon-opened fas fa-minus\"><\/i><\/span>\n\t\t\t\t\t\t\t\t\t\t\t\t\t<\/span>\n\t\t\t\t\t\t\t\t\t\t\t\t<a class=\"elementor-toggle-title\" tabindex=\"0\">Saber m\u00e1s<\/a>\n\t\t\t\t\t<\/div>\n\n\t\t\t\t\t<div id=\"elementor-tab-content-4591\" class=\"elementor-tab-content elementor-clearfix\" data-tab=\"1\" role=\"region\" aria-labelledby=\"elementor-tab-title-4591\"><p>Co-CEO del Grupo TJ, especializada en Pr\u00e1cticas Inclusivas y Gesti\u00f3n de la Diversidad del Instituto Singularidades, e ingeniera mec\u00e1nica de la Escuela Polit\u00e9cnica (USP). Con 17 a\u00f1os de experiencia en la industria qu\u00edmica en Brasil y en el extranjero, ha construido su carrera en proyectos de responsabilidad social y es miembro del Consejo de Derechos Humanos de la Red del Pacto Global Brasil. Madre de Betina, Olivia y Theo.<\/p><\/div>\n\t\t\t\t<\/div>\n\t\t\t\t\t\t\t\t<\/div>\n\t\t\t\t<\/div>\n\t\t\t\t<\/div>\n\t\t\t\t\t<\/div>\n\t\t<\/div>\n\t\t\t\t<div class=\"elementor-column elementor-col-25 elementor-inner-column elementor-element elementor-element-458475e\" data-id=\"458475e\" data-element_type=\"column\">\n\t\t\t<div class=\"elementor-widget-wrap elementor-element-populated\">\n\t\t\t\t\t\t\t\t<div class=\"elementor-element elementor-element-8ae2a99 elementor-position-top elementor-widget elementor-widget-image-box\" data-id=\"8ae2a99\" data-element_type=\"widget\" data-widget_type=\"image-box.default\">\n\t\t\t\t<div class=\"elementor-widget-container\">\n\t\t\t<div class=\"elementor-image-box-wrapper\"><figure class=\"elementor-image-box-img\"><img loading=\"lazy\" decoding=\"async\" width=\"1080\" height=\"1080\" src=\"https:\/\/grupotj.org\/es\/wp-content\/uploads\/2023\/08\/eduarda-leao.png\" class=\"attachment-full size-full wp-image-356\" alt=\"Mulher com cabelo longo e loiro.\" srcset=\"https:\/\/grupotj.org\/es\/wp-content\/uploads\/2023\/08\/eduarda-leao.png 1080w, https:\/\/grupotj.org\/es\/wp-content\/uploads\/2023\/08\/eduarda-leao-300x300.png 300w, https:\/\/grupotj.org\/es\/wp-content\/uploads\/2023\/08\/eduarda-leao-1024x1024.png 1024w, https:\/\/grupotj.org\/es\/wp-content\/uploads\/2023\/08\/eduarda-leao-150x150.png 150w, https:\/\/grupotj.org\/es\/wp-content\/uploads\/2023\/08\/eduarda-leao-768x768.png 768w\" sizes=\"auto, (max-width: 1080px) 100vw, 1080px\" \/><\/figure><div class=\"elementor-image-box-content\"><h4 class=\"elementor-image-box-title\">Eduarda Le\u00e3o<\/h4><\/div><\/div>\t\t<\/div>\n\t\t\t\t<\/div>\n\t\t\t\t<div class=\"elementor-element elementor-element-c695881 elementor-widget elementor-widget-toggle\" data-id=\"c695881\" data-element_type=\"widget\" data-widget_type=\"toggle.default\">\n\t\t\t\t<div class=\"elementor-widget-container\">\n\t\t\t\t\t<div class=\"elementor-toggle\">\n\t\t\t\t\t\t\t<div class=\"elementor-toggle-item\">\n\t\t\t\t\t<div id=\"elementor-tab-title-2081\" class=\"elementor-tab-title\" data-tab=\"1\" role=\"button\" aria-controls=\"elementor-tab-content-2081\" aria-expanded=\"false\">\n\t\t\t\t\t\t\t\t\t\t\t\t<span class=\"elementor-toggle-icon elementor-toggle-icon-right\" aria-hidden=\"true\">\n\t\t\t\t\t\t\t\t\t\t\t\t\t\t\t<span class=\"elementor-toggle-icon-closed\"><i class=\"fas fa-plus\"><\/i><\/span>\n\t\t\t\t\t\t\t\t<span class=\"elementor-toggle-icon-opened\"><i class=\"elementor-toggle-icon-opened fas fa-minus\"><\/i><\/span>\n\t\t\t\t\t\t\t\t\t\t\t\t\t<\/span>\n\t\t\t\t\t\t\t\t\t\t\t\t<a class=\"elementor-toggle-title\" tabindex=\"0\">Saber m\u00e1s<\/a>\n\t\t\t\t\t<\/div>\n\n\t\t\t\t\t<div id=\"elementor-tab-content-2081\" class=\"elementor-tab-content elementor-clearfix\" data-tab=\"1\" role=\"region\" aria-labelledby=\"elementor-tab-title-2081\"><p>\u00a0Graduada en Ingenier\u00eda Civil de la Universidad Federal de Minas Gerais (UFMG) y con Postgrado en Gesti\u00f3n de Construcci\u00f3n y Proyectos de la Universidad de California, Los Angeles (UCLA).<\/p><\/div>\n\t\t\t\t<\/div>\n\t\t\t\t\t\t\t\t<\/div>\n\t\t\t\t<\/div>\n\t\t\t\t<\/div>\n\t\t\t\t\t<\/div>\n\t\t<\/div>\n\t\t\t\t<div class=\"elementor-column elementor-col-25 elementor-inner-column elementor-element elementor-element-bac1c4a\" data-id=\"bac1c4a\" data-element_type=\"column\">\n\t\t\t<div class=\"elementor-widget-wrap elementor-element-populated\">\n\t\t\t\t\t\t\t\t<div class=\"elementor-element elementor-element-76c396c elementor-position-top elementor-widget elementor-widget-image-box\" data-id=\"76c396c\" data-element_type=\"widget\" data-widget_type=\"image-box.default\">\n\t\t\t\t<div class=\"elementor-widget-container\">\n\t\t\t<div class=\"elementor-image-box-wrapper\"><figure class=\"elementor-image-box-img\"><img loading=\"lazy\" decoding=\"async\" width=\"1080\" height=\"1080\" src=\"https:\/\/grupotj.org\/es\/wp-content\/uploads\/2023\/08\/giovanna.png\" class=\"attachment-full size-full wp-image-357\" alt=\"Mulher com cabelo curto castanho e \u00f3culos de grau com arma\u00e7\u00e3o azul.\" srcset=\"https:\/\/grupotj.org\/es\/wp-content\/uploads\/2023\/08\/giovanna.png 1080w, https:\/\/grupotj.org\/es\/wp-content\/uploads\/2023\/08\/giovanna-300x300.png 300w, https:\/\/grupotj.org\/es\/wp-content\/uploads\/2023\/08\/giovanna-1024x1024.png 1024w, https:\/\/grupotj.org\/es\/wp-content\/uploads\/2023\/08\/giovanna-150x150.png 150w, https:\/\/grupotj.org\/es\/wp-content\/uploads\/2023\/08\/giovanna-768x768.png 768w\" sizes=\"auto, (max-width: 1080px) 100vw, 1080px\" \/><\/figure><div class=\"elementor-image-box-content\"><h4 class=\"elementor-image-box-title\">Giovanna Rondon<\/h4><\/div><\/div>\t\t<\/div>\n\t\t\t\t<\/div>\n\t\t\t\t<div class=\"elementor-element elementor-element-42b6271 elementor-widget elementor-widget-toggle\" data-id=\"42b6271\" data-element_type=\"widget\" data-widget_type=\"toggle.default\">\n\t\t\t\t<div class=\"elementor-widget-container\">\n\t\t\t\t\t<div class=\"elementor-toggle\">\n\t\t\t\t\t\t\t<div class=\"elementor-toggle-item\">\n\t\t\t\t\t<div id=\"elementor-tab-title-6991\" class=\"elementor-tab-title\" data-tab=\"1\" role=\"button\" aria-controls=\"elementor-tab-content-6991\" aria-expanded=\"false\">\n\t\t\t\t\t\t\t\t\t\t\t\t<span class=\"elementor-toggle-icon elementor-toggle-icon-right\" aria-hidden=\"true\">\n\t\t\t\t\t\t\t\t\t\t\t\t\t\t\t<span class=\"elementor-toggle-icon-closed\"><i class=\"fas fa-plus\"><\/i><\/span>\n\t\t\t\t\t\t\t\t<span class=\"elementor-toggle-icon-opened\"><i class=\"elementor-toggle-icon-opened fas fa-minus\"><\/i><\/span>\n\t\t\t\t\t\t\t\t\t\t\t\t\t<\/span>\n\t\t\t\t\t\t\t\t\t\t\t\t<a class=\"elementor-toggle-title\" tabindex=\"0\">Saber m\u00e1s<\/a>\n\t\t\t\t\t<\/div>\n\n\t\t\t\t\t<div id=\"elementor-tab-content-6991\" class=\"elementor-tab-content elementor-clearfix\" data-tab=\"1\" role=\"region\" aria-labelledby=\"elementor-tab-title-6991\"><p>\u00a0Pedagoga, Psic\u00f3loga Educativa y M\u00e1ster en Psicolog\u00eda Educativa, con m\u00e1s de 11 a\u00f1os de experiencia en el aula. Actualmente, Educadora y Coordinadora del Proyecto de Voluntariado Juvenil en el Grupo TJ, tambi\u00e9n involucrada en otros proyectos relacionados con la diversidad y la inclusi\u00f3n.<\/p><\/div>\n\t\t\t\t<\/div>\n\t\t\t\t\t\t\t\t<\/div>\n\t\t\t\t<\/div>\n\t\t\t\t<\/div>\n\t\t\t\t\t<\/div>\n\t\t<\/div>\n\t\t\t\t\t\t\t<\/div>\n\t\t<\/section>\n\t\t\t\t<section class=\"elementor-section elementor-inner-section elementor-element elementor-element-7e394f0 elementor-section-boxed elementor-section-height-default elementor-section-height-default\" data-id=\"7e394f0\" data-element_type=\"section\">\n\t\t\t\t\t\t<div class=\"elementor-container elementor-column-gap-extended\">\n\t\t\t\t\t<div class=\"elementor-column elementor-col-25 elementor-inner-column elementor-element elementor-element-dc8bb5f\" data-id=\"dc8bb5f\" data-element_type=\"column\">\n\t\t\t<div class=\"elementor-widget-wrap elementor-element-populated\">\n\t\t\t\t\t\t\t\t<div class=\"elementor-element elementor-element-405c565 elementor-position-top elementor-widget elementor-widget-image-box\" data-id=\"405c565\" data-element_type=\"widget\" data-widget_type=\"image-box.default\">\n\t\t\t\t<div class=\"elementor-widget-container\">\n\t\t\t<div class=\"elementor-image-box-wrapper\"><figure class=\"elementor-image-box-img\"><img loading=\"lazy\" decoding=\"async\" width=\"1080\" height=\"1080\" src=\"https:\/\/grupotj.org\/es\/wp-content\/uploads\/2023\/08\/graziella.png\" class=\"attachment-full size-full wp-image-358\" alt=\"Mulher com cabelo preto e liso.\" srcset=\"https:\/\/grupotj.org\/es\/wp-content\/uploads\/2023\/08\/graziella.png 1080w, https:\/\/grupotj.org\/es\/wp-content\/uploads\/2023\/08\/graziella-300x300.png 300w, https:\/\/grupotj.org\/es\/wp-content\/uploads\/2023\/08\/graziella-1024x1024.png 1024w, https:\/\/grupotj.org\/es\/wp-content\/uploads\/2023\/08\/graziella-150x150.png 150w, https:\/\/grupotj.org\/es\/wp-content\/uploads\/2023\/08\/graziella-768x768.png 768w\" sizes=\"auto, (max-width: 1080px) 100vw, 1080px\" \/><\/figure><div class=\"elementor-image-box-content\"><h4 class=\"elementor-image-box-title\">Graziella Nese<\/h4><\/div><\/div>\t\t<\/div>\n\t\t\t\t<\/div>\n\t\t\t\t<div class=\"elementor-element elementor-element-aa921a6 elementor-widget elementor-widget-toggle\" data-id=\"aa921a6\" data-element_type=\"widget\" data-widget_type=\"toggle.default\">\n\t\t\t\t<div class=\"elementor-widget-container\">\n\t\t\t\t\t<div class=\"elementor-toggle\">\n\t\t\t\t\t\t\t<div class=\"elementor-toggle-item\">\n\t\t\t\t\t<div id=\"elementor-tab-title-1781\" class=\"elementor-tab-title\" data-tab=\"1\" role=\"button\" aria-controls=\"elementor-tab-content-1781\" aria-expanded=\"false\">\n\t\t\t\t\t\t\t\t\t\t\t\t<span class=\"elementor-toggle-icon elementor-toggle-icon-right\" aria-hidden=\"true\">\n\t\t\t\t\t\t\t\t\t\t\t\t\t\t\t<span class=\"elementor-toggle-icon-closed\"><i class=\"fas fa-plus\"><\/i><\/span>\n\t\t\t\t\t\t\t\t<span class=\"elementor-toggle-icon-opened\"><i class=\"elementor-toggle-icon-opened fas fa-minus\"><\/i><\/span>\n\t\t\t\t\t\t\t\t\t\t\t\t\t<\/span>\n\t\t\t\t\t\t\t\t\t\t\t\t<a class=\"elementor-toggle-title\" tabindex=\"0\">Saber m\u00e1s<\/a>\n\t\t\t\t\t<\/div>\n\n\t\t\t\t\t<div id=\"elementor-tab-content-1781\" class=\"elementor-tab-content elementor-clearfix\" data-tab=\"1\" role=\"region\" aria-labelledby=\"elementor-tab-title-1781\"><p>Graduada en Pedagog\u00eda, con 12 a\u00f1os de experiencia en el aula en educaci\u00f3n infantil y primaria. Educadora del Proyecto de Voluntariado Juvenil de Grupo TJ desde 2019, trabaja con j\u00f3venes de 10 a 17 a\u00f1os. En 2022, asumi\u00f3 la coordinaci\u00f3n del proyecto, siendo responsable de la comunicaci\u00f3n y el contacto directo con los padres.<\/p><\/div>\n\t\t\t\t<\/div>\n\t\t\t\t\t\t\t\t<\/div>\n\t\t\t\t<\/div>\n\t\t\t\t<\/div>\n\t\t\t\t\t<\/div>\n\t\t<\/div>\n\t\t\t\t<div class=\"elementor-column elementor-col-25 elementor-inner-column elementor-element elementor-element-22adbe7\" data-id=\"22adbe7\" data-element_type=\"column\">\n\t\t\t<div class=\"elementor-widget-wrap elementor-element-populated\">\n\t\t\t\t\t\t\t\t<div class=\"elementor-element elementor-element-a469154 elementor-position-top elementor-widget elementor-widget-image-box\" data-id=\"a469154\" data-element_type=\"widget\" data-widget_type=\"image-box.default\">\n\t\t\t\t<div class=\"elementor-widget-container\">\n\t\t\t<div class=\"elementor-image-box-wrapper\"><figure class=\"elementor-image-box-img\"><img loading=\"lazy\" decoding=\"async\" width=\"1080\" height=\"1080\" src=\"https:\/\/grupotj.org\/es\/wp-content\/uploads\/2023\/08\/isadora.png\" class=\"attachment-full size-full wp-image-359\" alt=\"Mulher com cabelo ruivo comprido e liso.\" srcset=\"https:\/\/grupotj.org\/es\/wp-content\/uploads\/2023\/08\/isadora.png 1080w, https:\/\/grupotj.org\/es\/wp-content\/uploads\/2023\/08\/isadora-300x300.png 300w, https:\/\/grupotj.org\/es\/wp-content\/uploads\/2023\/08\/isadora-1024x1024.png 1024w, https:\/\/grupotj.org\/es\/wp-content\/uploads\/2023\/08\/isadora-150x150.png 150w, https:\/\/grupotj.org\/es\/wp-content\/uploads\/2023\/08\/isadora-768x768.png 768w\" sizes=\"auto, (max-width: 1080px) 100vw, 1080px\" \/><\/figure><div class=\"elementor-image-box-content\"><h4 class=\"elementor-image-box-title\">Isadora Bernardo<\/h4><\/div><\/div>\t\t<\/div>\n\t\t\t\t<\/div>\n\t\t\t\t<div class=\"elementor-element elementor-element-4084318 elementor-widget elementor-widget-toggle\" data-id=\"4084318\" data-element_type=\"widget\" data-widget_type=\"toggle.default\">\n\t\t\t\t<div class=\"elementor-widget-container\">\n\t\t\t\t\t<div class=\"elementor-toggle\">\n\t\t\t\t\t\t\t<div class=\"elementor-toggle-item\">\n\t\t\t\t\t<div id=\"elementor-tab-title-6761\" class=\"elementor-tab-title\" data-tab=\"1\" role=\"button\" aria-controls=\"elementor-tab-content-6761\" aria-expanded=\"false\">\n\t\t\t\t\t\t\t\t\t\t\t\t<span class=\"elementor-toggle-icon elementor-toggle-icon-right\" aria-hidden=\"true\">\n\t\t\t\t\t\t\t\t\t\t\t\t\t\t\t<span class=\"elementor-toggle-icon-closed\"><i class=\"fas fa-plus\"><\/i><\/span>\n\t\t\t\t\t\t\t\t<span class=\"elementor-toggle-icon-opened\"><i class=\"elementor-toggle-icon-opened fas fa-minus\"><\/i><\/span>\n\t\t\t\t\t\t\t\t\t\t\t\t\t<\/span>\n\t\t\t\t\t\t\t\t\t\t\t\t<a class=\"elementor-toggle-title\" tabindex=\"0\">Saber m\u00e1s<\/a>\n\t\t\t\t\t<\/div>\n\n\t\t\t\t\t<div id=\"elementor-tab-content-6761\" class=\"elementor-tab-content elementor-clearfix\" data-tab=\"1\" role=\"region\" aria-labelledby=\"elementor-tab-title-6761\"><p>\u00a0Graduada en Publicidad por la Universidad Anhembi Morumbi. Actualmente trabaja en GrupoTJ en asistencia comercial, administraci\u00f3n general y administraci\u00f3n financiera. Al frente del proyecto &#8216;Lacre essa Ideia&#8217;, trata la comunicaci\u00f3n directa con las personas.<\/p><\/div>\n\t\t\t\t<\/div>\n\t\t\t\t\t\t\t\t<\/div>\n\t\t\t\t<\/div>\n\t\t\t\t<\/div>\n\t\t\t\t\t<\/div>\n\t\t<\/div>\n\t\t\t\t<div class=\"elementor-column elementor-col-25 elementor-inner-column elementor-element elementor-element-1fe77df\" data-id=\"1fe77df\" data-element_type=\"column\">\n\t\t\t<div class=\"elementor-widget-wrap elementor-element-populated\">\n\t\t\t\t\t\t\t\t<div class=\"elementor-element elementor-element-a9100de elementor-position-top elementor-widget elementor-widget-image-box\" data-id=\"a9100de\" data-element_type=\"widget\" data-widget_type=\"image-box.default\">\n\t\t\t\t<div class=\"elementor-widget-container\">\n\t\t\t<div class=\"elementor-image-box-wrapper\"><figure class=\"elementor-image-box-img\"><img loading=\"lazy\" decoding=\"async\" width=\"1080\" height=\"1080\" src=\"https:\/\/grupotj.org\/es\/wp-content\/uploads\/2023\/08\/laura.png\" class=\"attachment-full size-full wp-image-361\" alt=\"Mulher com cabelo castanho meio preso.\" srcset=\"https:\/\/grupotj.org\/es\/wp-content\/uploads\/2023\/08\/laura.png 1080w, https:\/\/grupotj.org\/es\/wp-content\/uploads\/2023\/08\/laura-300x300.png 300w, https:\/\/grupotj.org\/es\/wp-content\/uploads\/2023\/08\/laura-1024x1024.png 1024w, https:\/\/grupotj.org\/es\/wp-content\/uploads\/2023\/08\/laura-150x150.png 150w, https:\/\/grupotj.org\/es\/wp-content\/uploads\/2023\/08\/laura-768x768.png 768w\" sizes=\"auto, (max-width: 1080px) 100vw, 1080px\" \/><\/figure><div class=\"elementor-image-box-content\"><h4 class=\"elementor-image-box-title\">Laura Schwantes<\/h4><\/div><\/div>\t\t<\/div>\n\t\t\t\t<\/div>\n\t\t\t\t<div class=\"elementor-element elementor-element-152e7d4 elementor-widget elementor-widget-toggle\" data-id=\"152e7d4\" data-element_type=\"widget\" data-widget_type=\"toggle.default\">\n\t\t\t\t<div class=\"elementor-widget-container\">\n\t\t\t\t\t<div class=\"elementor-toggle\">\n\t\t\t\t\t\t\t<div class=\"elementor-toggle-item\">\n\t\t\t\t\t<div id=\"elementor-tab-title-2221\" class=\"elementor-tab-title\" data-tab=\"1\" role=\"button\" aria-controls=\"elementor-tab-content-2221\" aria-expanded=\"false\">\n\t\t\t\t\t\t\t\t\t\t\t\t<span class=\"elementor-toggle-icon elementor-toggle-icon-right\" aria-hidden=\"true\">\n\t\t\t\t\t\t\t\t\t\t\t\t\t\t\t<span class=\"elementor-toggle-icon-closed\"><i class=\"fas fa-plus\"><\/i><\/span>\n\t\t\t\t\t\t\t\t<span class=\"elementor-toggle-icon-opened\"><i class=\"elementor-toggle-icon-opened fas fa-minus\"><\/i><\/span>\n\t\t\t\t\t\t\t\t\t\t\t\t\t<\/span>\n\t\t\t\t\t\t\t\t\t\t\t\t<a class=\"elementor-toggle-title\" tabindex=\"0\">Saber m\u00e1s<\/a>\n\t\t\t\t\t<\/div>\n\n\t\t\t\t\t<div id=\"elementor-tab-content-2221\" class=\"elementor-tab-content elementor-clearfix\" data-tab=\"1\" role=\"region\" aria-labelledby=\"elementor-tab-title-2221\"><p>Profesional de la publicidad del Colegio C\u00e1sper L\u00edbero, trabaja en proyectos enfocados en la responsabilidad social (inclusi\u00f3n, diversidad y ESG). Tiene experiencia con liderazgo de proyectos de voluntariado desde 2018 y se desempe\u00f1\u00f3 como directora de arte en DigitalCO, una asociaci\u00f3n estudiantil enfocada en el marketing pro bono para peque\u00f1as empresas. Miembro de la comunidad NEXUS Global. Trabaja en la Turma do Jil\u00f3 desde hace 4 a\u00f1os, actualmente se desempe\u00f1a como Coordinadora de Marketing, gestiona el equipo de comunicaci\u00f3n, crea e implementa proyectos, planificaci\u00f3n estrat\u00e9gica y produce contenido accesible.<\/p><\/div>\n\t\t\t\t<\/div>\n\t\t\t\t\t\t\t\t<\/div>\n\t\t\t\t<\/div>\n\t\t\t\t<\/div>\n\t\t\t\t\t<\/div>\n\t\t<\/div>\n\t\t\t\t<div class=\"elementor-column elementor-col-25 elementor-inner-column elementor-element elementor-element-11894bc\" data-id=\"11894bc\" data-element_type=\"column\">\n\t\t\t<div class=\"elementor-widget-wrap elementor-element-populated\">\n\t\t\t\t\t\t\t\t<div class=\"elementor-element elementor-element-35c2239 elementor-position-top elementor-widget elementor-widget-image-box\" data-id=\"35c2239\" data-element_type=\"widget\" data-widget_type=\"image-box.default\">\n\t\t\t\t<div class=\"elementor-widget-container\">\n\t\t\t<div class=\"elementor-image-box-wrapper\"><figure class=\"elementor-image-box-img\"><img loading=\"lazy\" decoding=\"async\" width=\"1080\" height=\"1080\" src=\"https:\/\/grupotj.org\/es\/wp-content\/uploads\/2023\/08\/MARA-PRADO.png\" class=\"attachment-full size-full wp-image-384\" alt=\"Mulher de cabelos loiros cacheados e brincos laranjas.\" srcset=\"https:\/\/grupotj.org\/es\/wp-content\/uploads\/2023\/08\/MARA-PRADO.png 1080w, https:\/\/grupotj.org\/es\/wp-content\/uploads\/2023\/08\/MARA-PRADO-300x300.png 300w, https:\/\/grupotj.org\/es\/wp-content\/uploads\/2023\/08\/MARA-PRADO-1024x1024.png 1024w, https:\/\/grupotj.org\/es\/wp-content\/uploads\/2023\/08\/MARA-PRADO-150x150.png 150w, https:\/\/grupotj.org\/es\/wp-content\/uploads\/2023\/08\/MARA-PRADO-768x768.png 768w\" sizes=\"auto, (max-width: 1080px) 100vw, 1080px\" \/><\/figure><div class=\"elementor-image-box-content\"><h4 class=\"elementor-image-box-title\">Mara Prado<\/h4><\/div><\/div>\t\t<\/div>\n\t\t\t\t<\/div>\n\t\t\t\t<div class=\"elementor-element elementor-element-f52ae9a elementor-widget elementor-widget-toggle\" data-id=\"f52ae9a\" data-element_type=\"widget\" data-widget_type=\"toggle.default\">\n\t\t\t\t<div class=\"elementor-widget-container\">\n\t\t\t\t\t<div class=\"elementor-toggle\">\n\t\t\t\t\t\t\t<div class=\"elementor-toggle-item\">\n\t\t\t\t\t<div id=\"elementor-tab-title-2571\" class=\"elementor-tab-title\" data-tab=\"1\" role=\"button\" aria-controls=\"elementor-tab-content-2571\" aria-expanded=\"false\">\n\t\t\t\t\t\t\t\t\t\t\t\t<span class=\"elementor-toggle-icon elementor-toggle-icon-right\" aria-hidden=\"true\">\n\t\t\t\t\t\t\t\t\t\t\t\t\t\t\t<span class=\"elementor-toggle-icon-closed\"><i class=\"fas fa-plus\"><\/i><\/span>\n\t\t\t\t\t\t\t\t<span class=\"elementor-toggle-icon-opened\"><i class=\"elementor-toggle-icon-opened fas fa-minus\"><\/i><\/span>\n\t\t\t\t\t\t\t\t\t\t\t\t\t<\/span>\n\t\t\t\t\t\t\t\t\t\t\t\t<a class=\"elementor-toggle-title\" tabindex=\"0\">Saber m\u00e1s<\/a>\n\t\t\t\t\t<\/div>\n\n\t\t\t\t\t<div id=\"elementor-tab-content-2571\" class=\"elementor-tab-content elementor-clearfix\" data-tab=\"1\" role=\"region\" aria-labelledby=\"elementor-tab-title-2571\"><p>Formaci\u00f3n en Psicolog\u00eda-Pedagog\u00eda-Publicidad y Marketing. Trabaja en el \u00e1mbito educativo desde 1995 con enfoque en los primeros grados y la Educaci\u00f3n Primaria 1. Particip\u00f3 en varios cursos y programas de formaci\u00f3n centrados en el desarrollo de la personalidad y el aprendizaje infantil. Para Mara, transformar vidas a trav\u00e9s de la educaci\u00f3n con respeto y cari\u00f1o cambia el mundo.<\/p><\/div>\n\t\t\t\t<\/div>\n\t\t\t\t\t\t\t\t<\/div>\n\t\t\t\t<\/div>\n\t\t\t\t<\/div>\n\t\t\t\t\t<\/div>\n\t\t<\/div>\n\t\t\t\t\t\t\t<\/div>\n\t\t<\/section>\n\t\t\t\t<section class=\"elementor-section elementor-inner-section elementor-element elementor-element-8c67a70 elementor-section-boxed elementor-section-height-default elementor-section-height-default\" data-id=\"8c67a70\" data-element_type=\"section\">\n\t\t\t\t\t\t<div class=\"elementor-container elementor-column-gap-extended\">\n\t\t\t\t\t<div class=\"elementor-column elementor-col-25 elementor-inner-column elementor-element elementor-element-7e09657\" data-id=\"7e09657\" data-element_type=\"column\">\n\t\t\t<div class=\"elementor-widget-wrap elementor-element-populated\">\n\t\t\t\t\t\t\t\t<div class=\"elementor-element elementor-element-b6c9cc8 elementor-position-top elementor-widget elementor-widget-image-box\" data-id=\"b6c9cc8\" data-element_type=\"widget\" data-widget_type=\"image-box.default\">\n\t\t\t\t<div class=\"elementor-widget-container\">\n\t\t\t<div class=\"elementor-image-box-wrapper\"><figure class=\"elementor-image-box-img\"><img loading=\"lazy\" decoding=\"async\" width=\"1080\" height=\"1080\" src=\"https:\/\/grupotj.org\/es\/wp-content\/uploads\/2023\/08\/marinalva.png\" class=\"attachment-full size-full wp-image-366\" alt=\"Mulher com cabelo curto e ruivo.\" srcset=\"https:\/\/grupotj.org\/es\/wp-content\/uploads\/2023\/08\/marinalva.png 1080w, https:\/\/grupotj.org\/es\/wp-content\/uploads\/2023\/08\/marinalva-300x300.png 300w, https:\/\/grupotj.org\/es\/wp-content\/uploads\/2023\/08\/marinalva-1024x1024.png 1024w, https:\/\/grupotj.org\/es\/wp-content\/uploads\/2023\/08\/marinalva-150x150.png 150w, https:\/\/grupotj.org\/es\/wp-content\/uploads\/2023\/08\/marinalva-768x768.png 768w\" sizes=\"auto, (max-width: 1080px) 100vw, 1080px\" \/><\/figure><div class=\"elementor-image-box-content\"><h4 class=\"elementor-image-box-title\">Marinalva Cruz<\/h4><\/div><\/div>\t\t<\/div>\n\t\t\t\t<\/div>\n\t\t\t\t<div class=\"elementor-element elementor-element-0639719 elementor-widget elementor-widget-toggle\" data-id=\"0639719\" data-element_type=\"widget\" data-widget_type=\"toggle.default\">\n\t\t\t\t<div class=\"elementor-widget-container\">\n\t\t\t\t\t<div class=\"elementor-toggle\">\n\t\t\t\t\t\t\t<div class=\"elementor-toggle-item\">\n\t\t\t\t\t<div id=\"elementor-tab-title-6521\" class=\"elementor-tab-title\" data-tab=\"1\" role=\"button\" aria-controls=\"elementor-tab-content-6521\" aria-expanded=\"false\">\n\t\t\t\t\t\t\t\t\t\t\t\t<span class=\"elementor-toggle-icon elementor-toggle-icon-right\" aria-hidden=\"true\">\n\t\t\t\t\t\t\t\t\t\t\t\t\t\t\t<span class=\"elementor-toggle-icon-closed\"><i class=\"fas fa-plus\"><\/i><\/span>\n\t\t\t\t\t\t\t\t<span class=\"elementor-toggle-icon-opened\"><i class=\"elementor-toggle-icon-opened fas fa-minus\"><\/i><\/span>\n\t\t\t\t\t\t\t\t\t\t\t\t\t<\/span>\n\t\t\t\t\t\t\t\t\t\t\t\t<a class=\"elementor-toggle-title\" tabindex=\"0\">Saber m\u00e1s<\/a>\n\t\t\t\t\t<\/div>\n\n\t\t\t\t\t<div id=\"elementor-tab-content-6521\" class=\"elementor-tab-content elementor-clearfix\" data-tab=\"1\" role=\"region\" aria-labelledby=\"elementor-tab-title-6521\"><p>Licenciada en Gesti\u00f3n de Recursos Humanos y posgrado en Gesti\u00f3n P\u00fablica, m\u00e1s de 20 a\u00f1os de experiencia en empresas p\u00fablicas y privadas, desarrolla proyectos y pol\u00edticas p\u00fablicas con enfoque en accesibilidad, diversidad e inclusi\u00f3n social y profesional de personas con discapacidad y otros grupos minoritarios.<\/p><\/div>\n\t\t\t\t<\/div>\n\t\t\t\t\t\t\t\t<\/div>\n\t\t\t\t<\/div>\n\t\t\t\t<\/div>\n\t\t\t\t\t<\/div>\n\t\t<\/div>\n\t\t\t\t<div class=\"elementor-column elementor-col-25 elementor-inner-column elementor-element elementor-element-66dc1a6\" data-id=\"66dc1a6\" data-element_type=\"column\">\n\t\t\t<div class=\"elementor-widget-wrap elementor-element-populated\">\n\t\t\t\t\t\t\t\t<div class=\"elementor-element elementor-element-d21c987 elementor-position-top elementor-widget elementor-widget-image-box\" data-id=\"d21c987\" data-element_type=\"widget\" data-widget_type=\"image-box.default\">\n\t\t\t\t<div class=\"elementor-widget-container\">\n\t\t\t<div class=\"elementor-image-box-wrapper\"><figure class=\"elementor-image-box-img\"><img loading=\"lazy\" decoding=\"async\" width=\"1080\" height=\"1080\" src=\"https:\/\/grupotj.org\/es\/wp-content\/uploads\/2023\/08\/maria.png\" class=\"attachment-full size-full wp-image-364\" alt=\"Mulher com cabelo comprido e castanho meio-preso.\" srcset=\"https:\/\/grupotj.org\/es\/wp-content\/uploads\/2023\/08\/maria.png 1080w, https:\/\/grupotj.org\/es\/wp-content\/uploads\/2023\/08\/maria-300x300.png 300w, https:\/\/grupotj.org\/es\/wp-content\/uploads\/2023\/08\/maria-1024x1024.png 1024w, https:\/\/grupotj.org\/es\/wp-content\/uploads\/2023\/08\/maria-150x150.png 150w, https:\/\/grupotj.org\/es\/wp-content\/uploads\/2023\/08\/maria-768x768.png 768w\" sizes=\"auto, (max-width: 1080px) 100vw, 1080px\" \/><\/figure><div class=\"elementor-image-box-content\"><h4 class=\"elementor-image-box-title\">Maria Pimenta<\/h4><\/div><\/div>\t\t<\/div>\n\t\t\t\t<\/div>\n\t\t\t\t<div class=\"elementor-element elementor-element-e29d34a elementor-widget elementor-widget-toggle\" data-id=\"e29d34a\" data-element_type=\"widget\" data-widget_type=\"toggle.default\">\n\t\t\t\t<div class=\"elementor-widget-container\">\n\t\t\t\t\t<div class=\"elementor-toggle\">\n\t\t\t\t\t\t\t<div class=\"elementor-toggle-item\">\n\t\t\t\t\t<div id=\"elementor-tab-title-2371\" class=\"elementor-tab-title\" data-tab=\"1\" role=\"button\" aria-controls=\"elementor-tab-content-2371\" aria-expanded=\"false\">\n\t\t\t\t\t\t\t\t\t\t\t\t<span class=\"elementor-toggle-icon elementor-toggle-icon-right\" aria-hidden=\"true\">\n\t\t\t\t\t\t\t\t\t\t\t\t\t\t\t<span class=\"elementor-toggle-icon-closed\"><i class=\"fas fa-plus\"><\/i><\/span>\n\t\t\t\t\t\t\t\t<span class=\"elementor-toggle-icon-opened\"><i class=\"elementor-toggle-icon-opened fas fa-minus\"><\/i><\/span>\n\t\t\t\t\t\t\t\t\t\t\t\t\t<\/span>\n\t\t\t\t\t\t\t\t\t\t\t\t<a class=\"elementor-toggle-title\" tabindex=\"0\">Saber m\u00e1s<\/a>\n\t\t\t\t\t<\/div>\n\n\t\t\t\t\t<div id=\"elementor-tab-content-2371\" class=\"elementor-tab-content elementor-clearfix\" data-tab=\"1\" role=\"region\" aria-labelledby=\"elementor-tab-title-2371\"><p>\u00a0Mar\u00eda, 24 a\u00f1os, psic\u00f3loga apasionada por el campo de la educaci\u00f3n. Ha sido parte de Grupo TJ durante 3 a\u00f1os y actualmente es educadora en el Proyecto de Voluntariado Juvenil.<\/p><\/div>\n\t\t\t\t<\/div>\n\t\t\t\t\t\t\t\t<\/div>\n\t\t\t\t<\/div>\n\t\t\t\t<\/div>\n\t\t\t\t\t<\/div>\n\t\t<\/div>\n\t\t\t\t<div class=\"elementor-column elementor-col-25 elementor-inner-column elementor-element elementor-element-933e04b\" data-id=\"933e04b\" data-element_type=\"column\">\n\t\t\t<div class=\"elementor-widget-wrap elementor-element-populated\">\n\t\t\t\t\t\t\t\t<div class=\"elementor-element elementor-element-3fa73fa elementor-position-top elementor-widget elementor-widget-image-box\" data-id=\"3fa73fa\" data-element_type=\"widget\" data-widget_type=\"image-box.default\">\n\t\t\t\t<div class=\"elementor-widget-container\">\n\t\t\t<div class=\"elementor-image-box-wrapper\"><figure class=\"elementor-image-box-img\"><img loading=\"lazy\" decoding=\"async\" width=\"1080\" height=\"1080\" src=\"https:\/\/grupotj.org\/es\/wp-content\/uploads\/2023\/08\/mariana.png\" class=\"attachment-full size-full wp-image-365\" alt=\"Mulher com cabelo loiro na altura dos ombros.\" srcset=\"https:\/\/grupotj.org\/es\/wp-content\/uploads\/2023\/08\/mariana.png 1080w, https:\/\/grupotj.org\/es\/wp-content\/uploads\/2023\/08\/mariana-300x300.png 300w, https:\/\/grupotj.org\/es\/wp-content\/uploads\/2023\/08\/mariana-1024x1024.png 1024w, https:\/\/grupotj.org\/es\/wp-content\/uploads\/2023\/08\/mariana-150x150.png 150w, https:\/\/grupotj.org\/es\/wp-content\/uploads\/2023\/08\/mariana-768x768.png 768w\" sizes=\"auto, (max-width: 1080px) 100vw, 1080px\" \/><\/figure><div class=\"elementor-image-box-content\"><h4 class=\"elementor-image-box-title\">Mariana Rezende<\/h4><\/div><\/div>\t\t<\/div>\n\t\t\t\t<\/div>\n\t\t\t\t<div class=\"elementor-element elementor-element-2435f71 elementor-widget elementor-widget-toggle\" data-id=\"2435f71\" data-element_type=\"widget\" data-widget_type=\"toggle.default\">\n\t\t\t\t<div class=\"elementor-widget-container\">\n\t\t\t\t\t<div class=\"elementor-toggle\">\n\t\t\t\t\t\t\t<div class=\"elementor-toggle-item\">\n\t\t\t\t\t<div id=\"elementor-tab-title-3791\" class=\"elementor-tab-title\" data-tab=\"1\" role=\"button\" aria-controls=\"elementor-tab-content-3791\" aria-expanded=\"false\">\n\t\t\t\t\t\t\t\t\t\t\t\t<span class=\"elementor-toggle-icon elementor-toggle-icon-right\" aria-hidden=\"true\">\n\t\t\t\t\t\t\t\t\t\t\t\t\t\t\t<span class=\"elementor-toggle-icon-closed\"><i class=\"fas fa-plus\"><\/i><\/span>\n\t\t\t\t\t\t\t\t<span class=\"elementor-toggle-icon-opened\"><i class=\"elementor-toggle-icon-opened fas fa-minus\"><\/i><\/span>\n\t\t\t\t\t\t\t\t\t\t\t\t\t<\/span>\n\t\t\t\t\t\t\t\t\t\t\t\t<a class=\"elementor-toggle-title\" tabindex=\"0\">Saber m\u00e1s<\/a>\n\t\t\t\t\t<\/div>\n\n\t\t\t\t\t<div id=\"elementor-tab-content-3791\" class=\"elementor-tab-content elementor-clearfix\" data-tab=\"1\" role=\"region\" aria-labelledby=\"elementor-tab-title-3791\"><p>Formaci\u00f3n acad\u00e9mica en Biomedicina en la Universidad de Santo Amaro &#8211; UNISA. Certificado de Posgrado en Administraci\u00f3n de Empresas en el Instituto de Ense\u00f1anza e Investigaci\u00f3n INSPER. Actualmente trabaja en el sector administrativo y financiero del Grupo TJ.<\/p><\/div>\n\t\t\t\t<\/div>\n\t\t\t\t\t\t\t\t<\/div>\n\t\t\t\t<\/div>\n\t\t\t\t<\/div>\n\t\t\t\t\t<\/div>\n\t\t<\/div>\n\t\t\t\t<div class=\"elementor-column elementor-col-25 elementor-inner-column elementor-element elementor-element-747e508\" data-id=\"747e508\" data-element_type=\"column\">\n\t\t\t<div class=\"elementor-widget-wrap elementor-element-populated\">\n\t\t\t\t\t\t\t\t<div class=\"elementor-element elementor-element-6765ffe elementor-position-top elementor-widget elementor-widget-image-box\" data-id=\"6765ffe\" data-element_type=\"widget\" data-widget_type=\"image-box.default\">\n\t\t\t\t<div class=\"elementor-widget-container\">\n\t\t\t<div class=\"elementor-image-box-wrapper\"><figure class=\"elementor-image-box-img\"><img loading=\"lazy\" decoding=\"async\" width=\"1080\" height=\"1080\" src=\"https:\/\/grupotj.org\/es\/wp-content\/uploads\/2023\/08\/Nara.png\" class=\"attachment-full size-full wp-image-367\" alt=\"Mulher com cabelo preto e curto, com franja.\" srcset=\"https:\/\/grupotj.org\/es\/wp-content\/uploads\/2023\/08\/Nara.png 1080w, https:\/\/grupotj.org\/es\/wp-content\/uploads\/2023\/08\/Nara-300x300.png 300w, https:\/\/grupotj.org\/es\/wp-content\/uploads\/2023\/08\/Nara-1024x1024.png 1024w, https:\/\/grupotj.org\/es\/wp-content\/uploads\/2023\/08\/Nara-150x150.png 150w, https:\/\/grupotj.org\/es\/wp-content\/uploads\/2023\/08\/Nara-768x768.png 768w\" sizes=\"auto, (max-width: 1080px) 100vw, 1080px\" \/><\/figure><div class=\"elementor-image-box-content\"><h4 class=\"elementor-image-box-title\">Nara Schenkel<\/h4><\/div><\/div>\t\t<\/div>\n\t\t\t\t<\/div>\n\t\t\t\t<div class=\"elementor-element elementor-element-0d29523 elementor-widget elementor-widget-toggle\" data-id=\"0d29523\" data-element_type=\"widget\" data-widget_type=\"toggle.default\">\n\t\t\t\t<div class=\"elementor-widget-container\">\n\t\t\t\t\t<div class=\"elementor-toggle\">\n\t\t\t\t\t\t\t<div class=\"elementor-toggle-item\">\n\t\t\t\t\t<div id=\"elementor-tab-title-1381\" class=\"elementor-tab-title\" data-tab=\"1\" role=\"button\" aria-controls=\"elementor-tab-content-1381\" aria-expanded=\"false\">\n\t\t\t\t\t\t\t\t\t\t\t\t<span class=\"elementor-toggle-icon elementor-toggle-icon-right\" aria-hidden=\"true\">\n\t\t\t\t\t\t\t\t\t\t\t\t\t\t\t<span class=\"elementor-toggle-icon-closed\"><i class=\"fas fa-plus\"><\/i><\/span>\n\t\t\t\t\t\t\t\t<span class=\"elementor-toggle-icon-opened\"><i class=\"elementor-toggle-icon-opened fas fa-minus\"><\/i><\/span>\n\t\t\t\t\t\t\t\t\t\t\t\t\t<\/span>\n\t\t\t\t\t\t\t\t\t\t\t\t<a class=\"elementor-toggle-title\" tabindex=\"0\">Saber m\u00e1s<\/a>\n\t\t\t\t\t<\/div>\n\n\t\t\t\t\t<div id=\"elementor-tab-content-1381\" class=\"elementor-tab-content elementor-clearfix\" data-tab=\"1\" role=\"region\" aria-labelledby=\"elementor-tab-title-1381\"><p>Creadora y educadora creativa, analista de pol\u00edticas p\u00fablicas para la educaci\u00f3n, innovadora social y especialista en implementaci\u00f3n y gesti\u00f3n de espacios de aprendizaje maker y creativos en entornos escolares. Graduada en Imagen y Sonido por la UFSCar y con t\u00edtulo en Artes, con amplia experiencia en el delicado arte de encontrar el extremo perdido de la cinta adhesiva transparente.<\/p><\/div>\n\t\t\t\t<\/div>\n\t\t\t\t\t\t\t\t<\/div>\n\t\t\t\t<\/div>\n\t\t\t\t<\/div>\n\t\t\t\t\t<\/div>\n\t\t<\/div>\n\t\t\t\t\t\t\t<\/div>\n\t\t<\/section>\n\t\t\t\t<section class=\"elementor-section elementor-inner-section elementor-element elementor-element-8f4fb06 elementor-section-boxed elementor-section-height-default elementor-section-height-default\" data-id=\"8f4fb06\" data-element_type=\"section\">\n\t\t\t\t\t\t<div class=\"elementor-container elementor-column-gap-extended\">\n\t\t\t\t\t<div class=\"elementor-column elementor-col-25 elementor-inner-column elementor-element elementor-element-fef3190\" data-id=\"fef3190\" data-element_type=\"column\">\n\t\t\t<div class=\"elementor-widget-wrap elementor-element-populated\">\n\t\t\t\t\t\t\t\t<div class=\"elementor-element elementor-element-eddfbde elementor-position-top elementor-widget elementor-widget-image-box\" data-id=\"eddfbde\" data-element_type=\"widget\" data-widget_type=\"image-box.default\">\n\t\t\t\t<div class=\"elementor-widget-container\">\n\t\t\t<div class=\"elementor-image-box-wrapper\"><figure class=\"elementor-image-box-img\"><img loading=\"lazy\" decoding=\"async\" width=\"1080\" height=\"1080\" src=\"https:\/\/grupotj.org\/es\/wp-content\/uploads\/2023\/08\/natalia.png\" class=\"attachment-full size-full wp-image-368\" alt=\"Mulher oriental com cabelo preto e liso e \u00f3culos de grau.\" srcset=\"https:\/\/grupotj.org\/es\/wp-content\/uploads\/2023\/08\/natalia.png 1080w, https:\/\/grupotj.org\/es\/wp-content\/uploads\/2023\/08\/natalia-300x300.png 300w, https:\/\/grupotj.org\/es\/wp-content\/uploads\/2023\/08\/natalia-1024x1024.png 1024w, https:\/\/grupotj.org\/es\/wp-content\/uploads\/2023\/08\/natalia-150x150.png 150w, https:\/\/grupotj.org\/es\/wp-content\/uploads\/2023\/08\/natalia-768x768.png 768w\" sizes=\"auto, (max-width: 1080px) 100vw, 1080px\" \/><\/figure><div class=\"elementor-image-box-content\"><h4 class=\"elementor-image-box-title\">Nat\u00e1lia Monaco<\/h4><\/div><\/div>\t\t<\/div>\n\t\t\t\t<\/div>\n\t\t\t\t<div class=\"elementor-element elementor-element-2b88b07 elementor-widget elementor-widget-toggle\" data-id=\"2b88b07\" data-element_type=\"widget\" data-widget_type=\"toggle.default\">\n\t\t\t\t<div class=\"elementor-widget-container\">\n\t\t\t\t\t<div class=\"elementor-toggle\">\n\t\t\t\t\t\t\t<div class=\"elementor-toggle-item\">\n\t\t\t\t\t<div id=\"elementor-tab-title-4561\" class=\"elementor-tab-title\" data-tab=\"1\" role=\"button\" aria-controls=\"elementor-tab-content-4561\" aria-expanded=\"false\">\n\t\t\t\t\t\t\t\t\t\t\t\t<span class=\"elementor-toggle-icon elementor-toggle-icon-right\" aria-hidden=\"true\">\n\t\t\t\t\t\t\t\t\t\t\t\t\t\t\t<span class=\"elementor-toggle-icon-closed\"><i class=\"fas fa-plus\"><\/i><\/span>\n\t\t\t\t\t\t\t\t<span class=\"elementor-toggle-icon-opened\"><i class=\"elementor-toggle-icon-opened fas fa-minus\"><\/i><\/span>\n\t\t\t\t\t\t\t\t\t\t\t\t\t<\/span>\n\t\t\t\t\t\t\t\t\t\t\t\t<a class=\"elementor-toggle-title\" tabindex=\"0\">Saber m\u00e1s<\/a>\n\t\t\t\t\t<\/div>\n\n\t\t\t\t\t<div id=\"elementor-tab-content-4561\" class=\"elementor-tab-content elementor-clearfix\" data-tab=\"1\" role=\"region\" aria-labelledby=\"elementor-tab-title-4561\"><p>Profesional con experiencia en Educaci\u00f3n F\u00edsica, Educaci\u00f3n Especial, Responsabilidad Social Corporativa y Pol\u00edticas P\u00fablicas. Posee Maestr\u00eda y Doctorado en Psicolog\u00eda Educativa, trabaja en investigaci\u00f3n y desarrollo con equipos multidisciplinarios enfocados en la agenda ESG. Experiencia en la elaboraci\u00f3n, coordinaci\u00f3n y ejecuci\u00f3n de proyectos sociales o iniciativas de diversidad e inclusi\u00f3n, as\u00ed como en capacitaci\u00f3n interna y externa. Competente en el desarrollo de indicadores sociales. Complementa su formaci\u00f3n acad\u00e9mica con experiencia en laboratorio, redacci\u00f3n cient\u00edfica y ense\u00f1anza. Actualmente, Directora de Negocios en Grupo TJ.<\/p><\/div>\n\t\t\t\t<\/div>\n\t\t\t\t\t\t\t\t<\/div>\n\t\t\t\t<\/div>\n\t\t\t\t<\/div>\n\t\t\t\t\t<\/div>\n\t\t<\/div>\n\t\t\t\t<div class=\"elementor-column elementor-col-25 elementor-inner-column elementor-element elementor-element-a90aaf7\" data-id=\"a90aaf7\" data-element_type=\"column\">\n\t\t\t<div class=\"elementor-widget-wrap elementor-element-populated\">\n\t\t\t\t\t\t\t\t<div class=\"elementor-element elementor-element-fea5b7b elementor-position-top elementor-widget elementor-widget-image-box\" data-id=\"fea5b7b\" data-element_type=\"widget\" data-widget_type=\"image-box.default\">\n\t\t\t\t<div class=\"elementor-widget-container\">\n\t\t\t<div class=\"elementor-image-box-wrapper\"><figure class=\"elementor-image-box-img\"><img loading=\"lazy\" decoding=\"async\" width=\"1080\" height=\"1080\" src=\"https:\/\/grupotj.org\/es\/wp-content\/uploads\/2024\/01\/Tassiana.png\" class=\"attachment-full size-full wp-image-582\" alt=\"\" srcset=\"https:\/\/grupotj.org\/es\/wp-content\/uploads\/2024\/01\/Tassiana.png 1080w, https:\/\/grupotj.org\/es\/wp-content\/uploads\/2024\/01\/Tassiana-300x300.png 300w, https:\/\/grupotj.org\/es\/wp-content\/uploads\/2024\/01\/Tassiana-1024x1024.png 1024w, https:\/\/grupotj.org\/es\/wp-content\/uploads\/2024\/01\/Tassiana-150x150.png 150w, https:\/\/grupotj.org\/es\/wp-content\/uploads\/2024\/01\/Tassiana-768x768.png 768w\" sizes=\"auto, (max-width: 1080px) 100vw, 1080px\" \/><\/figure><div class=\"elementor-image-box-content\"><h4 class=\"elementor-image-box-title\">Tassiana Lucena<\/h4><\/div><\/div>\t\t<\/div>\n\t\t\t\t<\/div>\n\t\t\t\t<div class=\"elementor-element elementor-element-0e1ee2b elementor-widget elementor-widget-toggle\" data-id=\"0e1ee2b\" data-element_type=\"widget\" data-widget_type=\"toggle.default\">\n\t\t\t\t<div class=\"elementor-widget-container\">\n\t\t\t\t\t<div class=\"elementor-toggle\">\n\t\t\t\t\t\t\t<div class=\"elementor-toggle-item\">\n\t\t\t\t\t<div id=\"elementor-tab-title-1481\" class=\"elementor-tab-title\" data-tab=\"1\" role=\"button\" aria-controls=\"elementor-tab-content-1481\" aria-expanded=\"false\">\n\t\t\t\t\t\t\t\t\t\t\t\t<span class=\"elementor-toggle-icon elementor-toggle-icon-right\" aria-hidden=\"true\">\n\t\t\t\t\t\t\t\t\t\t\t\t\t\t\t<span class=\"elementor-toggle-icon-closed\"><i class=\"fas fa-plus\"><\/i><\/span>\n\t\t\t\t\t\t\t\t<span class=\"elementor-toggle-icon-opened\"><i class=\"elementor-toggle-icon-opened fas fa-minus\"><\/i><\/span>\n\t\t\t\t\t\t\t\t\t\t\t\t\t<\/span>\n\t\t\t\t\t\t\t\t\t\t\t\t<a class=\"elementor-toggle-title\" tabindex=\"0\">Saber m\u00e1s<\/a>\n\t\t\t\t\t<\/div>\n\n\t\t\t\t\t<div id=\"elementor-tab-content-1481\" class=\"elementor-tab-content elementor-clearfix\" data-tab=\"1\" role=\"region\" aria-labelledby=\"elementor-tab-title-1481\"><p>Gerente de formaci\u00f3n de pol\u00edticas p\u00fablicas en USP, Tassiana ha consolidado su experiencia profesional en el \u00e1rea administrativa y financiera. Tiene una s\u00f3lida formaci\u00f3n en los sectores p\u00fablico, privado y de la tercera edad, donde encontr\u00f3 prop\u00f3sito y motivaci\u00f3n en causas de impacto social. Cree en el poder de las personas y los grupos organizados para generar cambios directos en la vida de grupos excluidos o minor\u00edas marginadas por el estado. Valora la educaci\u00f3n inclusiva como el principal mecanismo de transformaci\u00f3n y movilidad social, impulsando una sociedad mejor, m\u00e1s justa e inclusiva. Acostumbrada a tratar con burocracias que sistematizan pr\u00e1cticas para una mejor implementaci\u00f3n de acciones, asegura la sostenibilidad financiera de las iniciativas de la instituci\u00f3n. Madre de Miguel. Actualmente, trabaja como Gerente Financiera en Grupo TJ.<\/p><\/div>\n\t\t\t\t<\/div>\n\t\t\t\t\t\t\t\t<\/div>\n\t\t\t\t<\/div>\n\t\t\t\t<\/div>\n\t\t\t\t\t<\/div>\n\t\t<\/div>\n\t\t\t\t<div class=\"elementor-column elementor-col-25 elementor-inner-column elementor-element elementor-element-4d5fe84\" data-id=\"4d5fe84\" data-element_type=\"column\">\n\t\t\t<div class=\"elementor-widget-wrap elementor-element-populated\">\n\t\t\t\t\t\t\t\t<div class=\"elementor-element elementor-element-99e975b elementor-position-top elementor-widget elementor-widget-image-box\" data-id=\"99e975b\" data-element_type=\"widget\" data-widget_type=\"image-box.default\">\n\t\t\t\t<div class=\"elementor-widget-container\">\n\t\t\t<div class=\"elementor-image-box-wrapper\"><figure class=\"elementor-image-box-img\"><img loading=\"lazy\" decoding=\"async\" width=\"1080\" height=\"1080\" src=\"https:\/\/grupotj.org\/es\/wp-content\/uploads\/2023\/08\/Samara.png\" class=\"attachment-full size-full wp-image-370\" alt=\"Mulher com cabelo preto preso.\" srcset=\"https:\/\/grupotj.org\/es\/wp-content\/uploads\/2023\/08\/Samara.png 1080w, https:\/\/grupotj.org\/es\/wp-content\/uploads\/2023\/08\/Samara-300x300.png 300w, https:\/\/grupotj.org\/es\/wp-content\/uploads\/2023\/08\/Samara-1024x1024.png 1024w, https:\/\/grupotj.org\/es\/wp-content\/uploads\/2023\/08\/Samara-150x150.png 150w, https:\/\/grupotj.org\/es\/wp-content\/uploads\/2023\/08\/Samara-768x768.png 768w\" sizes=\"auto, (max-width: 1080px) 100vw, 1080px\" \/><\/figure><div class=\"elementor-image-box-content\"><h4 class=\"elementor-image-box-title\">Samara Cazzoli y Goya<\/h4><\/div><\/div>\t\t<\/div>\n\t\t\t\t<\/div>\n\t\t\t\t<div class=\"elementor-element elementor-element-e20a666 elementor-widget elementor-widget-toggle\" data-id=\"e20a666\" data-element_type=\"widget\" data-widget_type=\"toggle.default\">\n\t\t\t\t<div class=\"elementor-widget-container\">\n\t\t\t\t\t<div class=\"elementor-toggle\">\n\t\t\t\t\t\t\t<div class=\"elementor-toggle-item\">\n\t\t\t\t\t<div id=\"elementor-tab-title-2371\" class=\"elementor-tab-title\" data-tab=\"1\" role=\"button\" aria-controls=\"elementor-tab-content-2371\" aria-expanded=\"false\">\n\t\t\t\t\t\t\t\t\t\t\t\t<span class=\"elementor-toggle-icon elementor-toggle-icon-right\" aria-hidden=\"true\">\n\t\t\t\t\t\t\t\t\t\t\t\t\t\t\t<span class=\"elementor-toggle-icon-closed\"><i class=\"fas fa-plus\"><\/i><\/span>\n\t\t\t\t\t\t\t\t<span class=\"elementor-toggle-icon-opened\"><i class=\"elementor-toggle-icon-opened fas fa-minus\"><\/i><\/span>\n\t\t\t\t\t\t\t\t\t\t\t\t\t<\/span>\n\t\t\t\t\t\t\t\t\t\t\t\t<a class=\"elementor-toggle-title\" tabindex=\"0\">Saber m\u00e1s<\/a>\n\t\t\t\t\t<\/div>\n\n\t\t\t\t\t<div id=\"elementor-tab-content-2371\" class=\"elementor-tab-content elementor-clearfix\" data-tab=\"1\" role=\"region\" aria-labelledby=\"elementor-tab-title-2371\"><p>\u00a0Samara es ge\u00f3loga de la UNESP, con maestr\u00eda y doctorado en Ciencias del Instituto Oceanogr\u00e1fico de la USP. Tiene una especializaci\u00f3n en Pr\u00e1cticas Inclusivas y Gesti\u00f3n de la Diversidad del Instituto Singularidades. Samara ha completado varios cursos en Educaci\u00f3n Inclusiva e Instrucci\u00f3n Diferenciada. Con experiencia como educadora de educaci\u00f3n superior, tambi\u00e9n trabaja como educadora en Grupo TJ en diversos programas de capacitaci\u00f3n y brinda consultas sobre Educaci\u00f3n Inclusiva. Actualmente cursa un posgrado en Autismo y<br \/>Adolescencia en CBI de Miami. Es madre de Laura.<\/p><\/div>\n\t\t\t\t<\/div>\n\t\t\t\t\t\t\t\t<\/div>\n\t\t\t\t<\/div>\n\t\t\t\t<\/div>\n\t\t\t\t\t<\/div>\n\t\t<\/div>\n\t\t\t\t<div class=\"elementor-column elementor-col-25 elementor-inner-column elementor-element elementor-element-0782f57\" data-id=\"0782f57\" data-element_type=\"column\">\n\t\t\t<div class=\"elementor-widget-wrap elementor-element-populated\">\n\t\t\t\t\t\t\t\t<div class=\"elementor-element elementor-element-fe7c4bd elementor-position-top elementor-widget elementor-widget-image-box\" data-id=\"fe7c4bd\" data-element_type=\"widget\" data-widget_type=\"image-box.default\">\n\t\t\t\t<div class=\"elementor-widget-container\">\n\t\t\t<div class=\"elementor-image-box-wrapper\"><figure class=\"elementor-image-box-img\"><img loading=\"lazy\" decoding=\"async\" width=\"1080\" height=\"1080\" src=\"https:\/\/grupotj.org\/es\/wp-content\/uploads\/2023\/08\/sheila.png\" class=\"attachment-full size-full wp-image-371\" alt=\"Mulher negra com cabelo em tran\u00e7as ruivas.\" srcset=\"https:\/\/grupotj.org\/es\/wp-content\/uploads\/2023\/08\/sheila.png 1080w, https:\/\/grupotj.org\/es\/wp-content\/uploads\/2023\/08\/sheila-300x300.png 300w, https:\/\/grupotj.org\/es\/wp-content\/uploads\/2023\/08\/sheila-1024x1024.png 1024w, https:\/\/grupotj.org\/es\/wp-content\/uploads\/2023\/08\/sheila-150x150.png 150w, https:\/\/grupotj.org\/es\/wp-content\/uploads\/2023\/08\/sheila-768x768.png 768w\" sizes=\"auto, (max-width: 1080px) 100vw, 1080px\" \/><\/figure><div class=\"elementor-image-box-content\"><h4 class=\"elementor-image-box-title\">Sheila Pinheiro<\/h4><\/div><\/div>\t\t<\/div>\n\t\t\t\t<\/div>\n\t\t\t\t<div class=\"elementor-element elementor-element-0beac1e elementor-widget elementor-widget-toggle\" data-id=\"0beac1e\" data-element_type=\"widget\" data-widget_type=\"toggle.default\">\n\t\t\t\t<div class=\"elementor-widget-container\">\n\t\t\t\t\t<div class=\"elementor-toggle\">\n\t\t\t\t\t\t\t<div class=\"elementor-toggle-item\">\n\t\t\t\t\t<div id=\"elementor-tab-title-1241\" class=\"elementor-tab-title\" data-tab=\"1\" role=\"button\" aria-controls=\"elementor-tab-content-1241\" aria-expanded=\"false\">\n\t\t\t\t\t\t\t\t\t\t\t\t<span class=\"elementor-toggle-icon elementor-toggle-icon-right\" aria-hidden=\"true\">\n\t\t\t\t\t\t\t\t\t\t\t\t\t\t\t<span class=\"elementor-toggle-icon-closed\"><i class=\"fas fa-plus\"><\/i><\/span>\n\t\t\t\t\t\t\t\t<span class=\"elementor-toggle-icon-opened\"><i class=\"elementor-toggle-icon-opened fas fa-minus\"><\/i><\/span>\n\t\t\t\t\t\t\t\t\t\t\t\t\t<\/span>\n\t\t\t\t\t\t\t\t\t\t\t\t<a class=\"elementor-toggle-title\" tabindex=\"0\">Saber m\u00e1s<\/a>\n\t\t\t\t\t<\/div>\n\n\t\t\t\t\t<div id=\"elementor-tab-content-1241\" class=\"elementor-tab-content elementor-clearfix\" data-tab=\"1\" role=\"region\" aria-labelledby=\"elementor-tab-title-1241\"><p>Estudiante de periodismo apasionada por la comunicaci\u00f3n. Actualmente trabaja como pasante de medios sociales, produciendo contenido en texto y video para las plataformas de Grupo TJ.<\/p><\/div>\n\t\t\t\t<\/div>\n\t\t\t\t\t\t\t\t<\/div>\n\t\t\t\t<\/div>\n\t\t\t\t<\/div>\n\t\t\t\t\t<\/div>\n\t\t<\/div>\n\t\t\t\t\t\t\t<\/div>\n\t\t<\/section>\n\t\t\t\t<section class=\"elementor-section elementor-inner-section elementor-element elementor-element-6ab8e8a elementor-section-boxed elementor-section-height-default elementor-section-height-default\" data-id=\"6ab8e8a\" data-element_type=\"section\">\n\t\t\t\t\t\t<div class=\"elementor-container elementor-column-gap-extended\">\n\t\t\t\t\t<div class=\"elementor-column elementor-col-25 elementor-inner-column elementor-element elementor-element-da2a045\" data-id=\"da2a045\" data-element_type=\"column\">\n\t\t\t<div class=\"elementor-widget-wrap elementor-element-populated\">\n\t\t\t\t\t\t\t\t<div class=\"elementor-element elementor-element-9e25b1e elementor-position-top elementor-widget elementor-widget-image-box\" data-id=\"9e25b1e\" data-element_type=\"widget\" data-widget_type=\"image-box.default\">\n\t\t\t\t<div class=\"elementor-widget-container\">\n\t\t\t<div class=\"elementor-image-box-wrapper\"><figure class=\"elementor-image-box-img\"><img loading=\"lazy\" decoding=\"async\" width=\"1080\" height=\"1080\" src=\"https:\/\/grupotj.org\/es\/wp-content\/uploads\/2023\/11\/juliana.png\" class=\"attachment-full size-full wp-image-410\" alt=\"\" srcset=\"https:\/\/grupotj.org\/es\/wp-content\/uploads\/2023\/11\/juliana.png 1080w, https:\/\/grupotj.org\/es\/wp-content\/uploads\/2023\/11\/juliana-300x300.png 300w, https:\/\/grupotj.org\/es\/wp-content\/uploads\/2023\/11\/juliana-1024x1024.png 1024w, https:\/\/grupotj.org\/es\/wp-content\/uploads\/2023\/11\/juliana-150x150.png 150w, https:\/\/grupotj.org\/es\/wp-content\/uploads\/2023\/11\/juliana-768x768.png 768w\" sizes=\"auto, (max-width: 1080px) 100vw, 1080px\" \/><\/figure><div class=\"elementor-image-box-content\"><h4 class=\"elementor-image-box-title\">Juliana Mitkiewicz<\/h4><\/div><\/div>\t\t<\/div>\n\t\t\t\t<\/div>\n\t\t\t\t<div class=\"elementor-element elementor-element-925fc1a elementor-widget elementor-widget-toggle\" data-id=\"925fc1a\" data-element_type=\"widget\" data-widget_type=\"toggle.default\">\n\t\t\t\t<div class=\"elementor-widget-container\">\n\t\t\t\t\t<div class=\"elementor-toggle\">\n\t\t\t\t\t\t\t<div class=\"elementor-toggle-item\">\n\t\t\t\t\t<div id=\"elementor-tab-title-1531\" class=\"elementor-tab-title\" data-tab=\"1\" role=\"button\" aria-controls=\"elementor-tab-content-1531\" aria-expanded=\"false\">\n\t\t\t\t\t\t\t\t\t\t\t\t<span class=\"elementor-toggle-icon elementor-toggle-icon-right\" aria-hidden=\"true\">\n\t\t\t\t\t\t\t\t\t\t\t\t\t\t\t<span class=\"elementor-toggle-icon-closed\"><i class=\"fas fa-plus\"><\/i><\/span>\n\t\t\t\t\t\t\t\t<span class=\"elementor-toggle-icon-opened\"><i class=\"elementor-toggle-icon-opened fas fa-minus\"><\/i><\/span>\n\t\t\t\t\t\t\t\t\t\t\t\t\t<\/span>\n\t\t\t\t\t\t\t\t\t\t\t\t<a class=\"elementor-toggle-title\" tabindex=\"0\">Saber m\u00e1s<\/a>\n\t\t\t\t\t<\/div>\n\n\t\t\t\t\t<div id=\"elementor-tab-content-1531\" class=\"elementor-tab-content elementor-clearfix\" data-tab=\"1\" role=\"region\" aria-labelledby=\"elementor-tab-title-1531\"><p>Es profesora en educaci\u00f3n universitaria, de posgrado y educaci\u00f3n ejecutiva en Insper. Es coordinadora del Hub de Mujeres y Territorios en el Arq.Futuro City Lab en Insper. Ha trabajado en m\u00e1s de 10 pa\u00edses con emprendimiento social. Juliana fue investigadora y facilitadora en MIT D-Lab, donde trabaj\u00f3 en proyectos relacionados con innovaci\u00f3n social, nuevas econom\u00edas y equidad de g\u00e9nero en Nicaragua, Etiop\u00eda, Uganda, Mongolia, Colombia, Timor-Leste y Brasil. Se encuentra en el \u00faltimo a\u00f1o de su doctorado en Sistemas de Energ\u00eda Sostenible a trav\u00e9s del Programa MIT Portugal. Juliana es activista en di\u00e1logos de equidad de g\u00e9nero e inclusi\u00f3n social y le encanta aprender de las personas.<\/p><p>\u00a0<\/p><\/div>\n\t\t\t\t<\/div>\n\t\t\t\t\t\t\t\t<\/div>\n\t\t\t\t<\/div>\n\t\t\t\t<\/div>\n\t\t\t\t\t<\/div>\n\t\t<\/div>\n\t\t\t\t<div class=\"elementor-column elementor-col-25 elementor-inner-column elementor-element elementor-element-545fa0b elementor-hidden-desktop elementor-hidden-tablet elementor-hidden-mobile\" data-id=\"545fa0b\" data-element_type=\"column\">\n\t\t\t<div class=\"elementor-widget-wrap elementor-element-populated\">\n\t\t\t\t\t\t\t\t<div class=\"elementor-element elementor-element-9fd074b elementor-position-top elementor-widget elementor-widget-image-box\" data-id=\"9fd074b\" data-element_type=\"widget\" data-widget_type=\"image-box.default\">\n\t\t\t\t<div class=\"elementor-widget-container\">\n\t\t\t<div class=\"elementor-image-box-wrapper\"><figure class=\"elementor-image-box-img\"><img loading=\"lazy\" decoding=\"async\" width=\"1080\" height=\"1080\" src=\"https:\/\/grupotj.org\/es\/wp-content\/uploads\/2023\/08\/tatiana.png\" class=\"attachment-full size-full wp-image-372\" alt=\"Mulher com cabelo comprido e castanho-claro.\" srcset=\"https:\/\/grupotj.org\/es\/wp-content\/uploads\/2023\/08\/tatiana.png 1080w, https:\/\/grupotj.org\/es\/wp-content\/uploads\/2023\/08\/tatiana-300x300.png 300w, https:\/\/grupotj.org\/es\/wp-content\/uploads\/2023\/08\/tatiana-1024x1024.png 1024w, https:\/\/grupotj.org\/es\/wp-content\/uploads\/2023\/08\/tatiana-150x150.png 150w, https:\/\/grupotj.org\/es\/wp-content\/uploads\/2023\/08\/tatiana-768x768.png 768w\" sizes=\"auto, (max-width: 1080px) 100vw, 1080px\" \/><\/figure><div class=\"elementor-image-box-content\"><h4 class=\"elementor-image-box-title\">Tatiana Sayegh<\/h4><\/div><\/div>\t\t<\/div>\n\t\t\t\t<\/div>\n\t\t\t\t<div class=\"elementor-element elementor-element-26e967d elementor-widget elementor-widget-toggle\" data-id=\"26e967d\" data-element_type=\"widget\" data-widget_type=\"toggle.default\">\n\t\t\t\t<div class=\"elementor-widget-container\">\n\t\t\t\t\t<div class=\"elementor-toggle\">\n\t\t\t\t\t\t\t<div class=\"elementor-toggle-item\">\n\t\t\t\t\t<div id=\"elementor-tab-title-4081\" class=\"elementor-tab-title\" data-tab=\"1\" role=\"button\" aria-controls=\"elementor-tab-content-4081\" aria-expanded=\"false\">\n\t\t\t\t\t\t\t\t\t\t\t\t<span class=\"elementor-toggle-icon elementor-toggle-icon-right\" aria-hidden=\"true\">\n\t\t\t\t\t\t\t\t\t\t\t\t\t\t\t<span class=\"elementor-toggle-icon-closed\"><i class=\"fas fa-plus\"><\/i><\/span>\n\t\t\t\t\t\t\t\t<span class=\"elementor-toggle-icon-opened\"><i class=\"elementor-toggle-icon-opened fas fa-minus\"><\/i><\/span>\n\t\t\t\t\t\t\t\t\t\t\t\t\t<\/span>\n\t\t\t\t\t\t\t\t\t\t\t\t<a class=\"elementor-toggle-title\" tabindex=\"0\">Conhe\u00e7a mais<\/a>\n\t\t\t\t\t<\/div>\n\n\t\t\t\t\t<div id=\"elementor-tab-content-4081\" class=\"elementor-tab-content elementor-clearfix\" data-tab=\"1\" role=\"region\" aria-labelledby=\"elementor-tab-title-4081\"><p><span style=\"font-weight: 400;\">Tatiana Sayegh, coordenadora do Projeto de Voluntariado Jovem do Grupo TJ. Pedagoga formada na USP e psic\u00f3loga cl\u00ednica formada na FMU, h\u00e1 mais de 15 anos atuando no mercado de trabalho com crian\u00e7as e adolescentes. Cursando p\u00f3s gradua\u00e7\u00e3o em Fundamentos da Psicologia Anal\u00edtica do instituto SBPA. Formada no curso de extens\u00e3o de Bullying, Preconceito e Educa\u00e7\u00e3o Inclusiva do Instituto Singularidades.\u00a0\u00a0<\/span><\/p><\/div>\n\t\t\t\t<\/div>\n\t\t\t\t\t\t\t\t<\/div>\n\t\t\t\t<\/div>\n\t\t\t\t<\/div>\n\t\t\t\t\t<\/div>\n\t\t<\/div>\n\t\t\t\t<div class=\"elementor-column elementor-col-25 elementor-inner-column elementor-element elementor-element-4c3d8ae\" data-id=\"4c3d8ae\" data-element_type=\"column\">\n\t\t\t<div class=\"elementor-widget-wrap\">\n\t\t\t\t\t\t\t\t\t<\/div>\n\t\t<\/div>\n\t\t\t\t<div class=\"elementor-column elementor-col-25 elementor-inner-column elementor-element elementor-element-54febe7\" data-id=\"54febe7\" data-element_type=\"column\">\n\t\t\t<div class=\"elementor-widget-wrap\">\n\t\t\t\t\t\t\t\t\t<\/div>\n\t\t<\/div>\n\t\t\t\t\t\t\t<\/div>\n\t\t<\/section>\n\t\t\t\t\t<\/div>\n\t\t<\/div>\n\t\t\t\t\t\t\t<\/div>\n\t\t<\/section>\n\t\t\t\t<section class=\"elementor-section elementor-top-section elementor-element elementor-element-2b04fca elementor-section-boxed elementor-section-height-default elementor-section-height-default\" data-id=\"2b04fca\" data-element_type=\"section\">\n\t\t\t\t\t\t<div class=\"elementor-container elementor-column-gap-default\">\n\t\t\t\t\t<div class=\"elementor-column elementor-col-100 elementor-top-column elementor-element elementor-element-6e6cc58\" data-id=\"6e6cc58\" data-element_type=\"column\">\n\t\t\t<div class=\"elementor-widget-wrap elementor-element-populated\">\n\t\t\t\t\t\t\t\t<div class=\"elementor-element elementor-element-40a2426 elementor-widget elementor-widget-heading\" data-id=\"40a2426\" data-element_type=\"widget\" data-widget_type=\"heading.default\">\n\t\t\t\t<div class=\"elementor-widget-container\">\n\t\t\t<h2 class=\"elementor-heading-title elementor-size-default\">COLABORADORES<\/h2>\t\t<\/div>\n\t\t\t\t<\/div>\n\t\t\t\t<div class=\"elementor-element elementor-element-628b2a8 gallery-spacing-custom elementor-widget elementor-widget-image-gallery\" data-id=\"628b2a8\" data-element_type=\"widget\" data-widget_type=\"image-gallery.default\">\n\t\t\t\t<div class=\"elementor-widget-container\">\n\t\t\t<style>\/*! elementor - v3.15.0 - 02-08-2023 *\/\n.elementor-image-gallery .gallery-item{display:inline-block;text-align:center;vertical-align:top;width:100%;max-width:100%;margin:0 auto}.elementor-image-gallery .gallery-item img{margin:0 auto}.elementor-image-gallery .gallery-item .gallery-caption{margin:0}.elementor-image-gallery figure img{display:block}.elementor-image-gallery figure figcaption{width:100%}.gallery-spacing-custom .elementor-image-gallery .gallery-icon{padding:0}@media (min-width:768px){.elementor-image-gallery .gallery-columns-2 .gallery-item{max-width:50%}.elementor-image-gallery .gallery-columns-3 .gallery-item{max-width:33.33%}.elementor-image-gallery .gallery-columns-4 .gallery-item{max-width:25%}.elementor-image-gallery .gallery-columns-5 .gallery-item{max-width:20%}.elementor-image-gallery .gallery-columns-6 .gallery-item{max-width:16.666%}.elementor-image-gallery .gallery-columns-7 .gallery-item{max-width:14.28%}.elementor-image-gallery .gallery-columns-8 .gallery-item{max-width:12.5%}.elementor-image-gallery .gallery-columns-9 .gallery-item{max-width:11.11%}.elementor-image-gallery .gallery-columns-10 .gallery-item{max-width:10%}}@media (min-width:480px) and (max-width:767px){.elementor-image-gallery .gallery.gallery-columns-2 .gallery-item,.elementor-image-gallery .gallery.gallery-columns-3 .gallery-item,.elementor-image-gallery .gallery.gallery-columns-4 .gallery-item,.elementor-image-gallery .gallery.gallery-columns-5 .gallery-item,.elementor-image-gallery .gallery.gallery-columns-6 .gallery-item,.elementor-image-gallery .gallery.gallery-columns-7 .gallery-item,.elementor-image-gallery .gallery.gallery-columns-8 .gallery-item,.elementor-image-gallery .gallery.gallery-columns-9 .gallery-item,.elementor-image-gallery .gallery.gallery-columns-10 .gallery-item{max-width:50%}}@media (max-width:479px){.elementor-image-gallery .gallery.gallery-columns-2 .gallery-item,.elementor-image-gallery .gallery.gallery-columns-3 .gallery-item,.elementor-image-gallery .gallery.gallery-columns-4 .gallery-item,.elementor-image-gallery .gallery.gallery-columns-5 .gallery-item,.elementor-image-gallery .gallery.gallery-columns-6 .gallery-item,.elementor-image-gallery .gallery.gallery-columns-7 .gallery-item,.elementor-image-gallery .gallery.gallery-columns-8 .gallery-item,.elementor-image-gallery .gallery.gallery-columns-9 .gallery-item,.elementor-image-gallery .gallery.gallery-columns-10 .gallery-item{max-width:100%}}<\/style>\t\t<div class=\"elementor-image-gallery\">\n\t\t\t<div id='gallery-1' class='gallery galleryid-82 gallery-columns-5 gallery-size-medium'><figure class='gallery-item'>\n\t\t\t<div class='gallery-icon landscape'>\n\t\t\t\t<img loading=\"lazy\" decoding=\"async\" width=\"300\" height=\"300\" src=\"https:\/\/grupotj.org\/es\/wp-content\/uploads\/2023\/08\/adriessa-1-300x300.png\" class=\"attachment-medium size-medium\" alt=\"Mulher de cabelo castanho liso com \u00f3culos de grau de arma\u00e7\u00e3o preta.\" aria-describedby=\"gallery-1-373\" srcset=\"https:\/\/grupotj.org\/es\/wp-content\/uploads\/2023\/08\/adriessa-1-300x300.png 300w, https:\/\/grupotj.org\/es\/wp-content\/uploads\/2023\/08\/adriessa-1-1024x1024.png 1024w, https:\/\/grupotj.org\/es\/wp-content\/uploads\/2023\/08\/adriessa-1-150x150.png 150w, https:\/\/grupotj.org\/es\/wp-content\/uploads\/2023\/08\/adriessa-1-768x768.png 768w, https:\/\/grupotj.org\/es\/wp-content\/uploads\/2023\/08\/adriessa-1.png 1080w\" sizes=\"auto, (max-width: 300px) 100vw, 300px\" \/>\n\t\t\t<\/div>\n\t\t\t\t<figcaption class='wp-caption-text gallery-caption' id='gallery-1-373'>\n\t\t\t\tAdriessa Santos\n\t\t\t\t<\/figcaption><\/figure><figure class='gallery-item'>\n\t\t\t<div class='gallery-icon landscape'>\n\t\t\t\t<img loading=\"lazy\" decoding=\"async\" width=\"300\" height=\"300\" src=\"https:\/\/grupotj.org\/es\/wp-content\/uploads\/2023\/08\/amanda-300x300.png\" class=\"attachment-medium size-medium\" alt=\"Mulher asi\u00e1tica com cabelo liso e comprido e \u00f3culos de grau.\" aria-describedby=\"gallery-1-375\" srcset=\"https:\/\/grupotj.org\/es\/wp-content\/uploads\/2023\/08\/amanda-300x300.png 300w, https:\/\/grupotj.org\/es\/wp-content\/uploads\/2023\/08\/amanda-1024x1024.png 1024w, https:\/\/grupotj.org\/es\/wp-content\/uploads\/2023\/08\/amanda-150x150.png 150w, https:\/\/grupotj.org\/es\/wp-content\/uploads\/2023\/08\/amanda-768x768.png 768w, https:\/\/grupotj.org\/es\/wp-content\/uploads\/2023\/08\/amanda.png 1080w\" sizes=\"auto, (max-width: 300px) 100vw, 300px\" \/>\n\t\t\t<\/div>\n\t\t\t\t<figcaption class='wp-caption-text gallery-caption' id='gallery-1-375'>\n\t\t\t\tAmanda Kubo\n\t\t\t\t<\/figcaption><\/figure><figure class='gallery-item'>\n\t\t\t<div class='gallery-icon landscape'>\n\t\t\t\t<img loading=\"lazy\" decoding=\"async\" width=\"300\" height=\"300\" src=\"https:\/\/grupotj.org\/es\/wp-content\/uploads\/2023\/08\/ana-carolina-300x300.png\" class=\"attachment-medium size-medium\" alt=\"Mulher com black power crespo e preto.\" aria-describedby=\"gallery-1-376\" srcset=\"https:\/\/grupotj.org\/es\/wp-content\/uploads\/2023\/08\/ana-carolina-300x300.png 300w, https:\/\/grupotj.org\/es\/wp-content\/uploads\/2023\/08\/ana-carolina-1024x1024.png 1024w, https:\/\/grupotj.org\/es\/wp-content\/uploads\/2023\/08\/ana-carolina-150x150.png 150w, https:\/\/grupotj.org\/es\/wp-content\/uploads\/2023\/08\/ana-carolina-768x768.png 768w, https:\/\/grupotj.org\/es\/wp-content\/uploads\/2023\/08\/ana-carolina.png 1080w\" sizes=\"auto, (max-width: 300px) 100vw, 300px\" \/>\n\t\t\t<\/div>\n\t\t\t\t<figcaption class='wp-caption-text gallery-caption' id='gallery-1-376'>\n\t\t\t\tAna Carolina\n\t\t\t\t<\/figcaption><\/figure><figure class='gallery-item'>\n\t\t\t<div class='gallery-icon landscape'>\n\t\t\t\t<img loading=\"lazy\" decoding=\"async\" width=\"300\" height=\"300\" src=\"https:\/\/grupotj.org\/es\/wp-content\/uploads\/2023\/08\/arthus-1-300x300.png\" class=\"attachment-medium size-medium\" alt=\"Homem com cabelo castanho cacheado e barba ruiva.\" aria-describedby=\"gallery-1-377\" srcset=\"https:\/\/grupotj.org\/es\/wp-content\/uploads\/2023\/08\/arthus-1-300x300.png 300w, https:\/\/grupotj.org\/es\/wp-content\/uploads\/2023\/08\/arthus-1-1024x1024.png 1024w, https:\/\/grupotj.org\/es\/wp-content\/uploads\/2023\/08\/arthus-1-150x150.png 150w, https:\/\/grupotj.org\/es\/wp-content\/uploads\/2023\/08\/arthus-1-768x768.png 768w, https:\/\/grupotj.org\/es\/wp-content\/uploads\/2023\/08\/arthus-1.png 1080w\" sizes=\"auto, (max-width: 300px) 100vw, 300px\" \/>\n\t\t\t<\/div>\n\t\t\t\t<figcaption class='wp-caption-text gallery-caption' id='gallery-1-377'>\n\t\t\t\tArthus Bustamante\n\t\t\t\t<\/figcaption><\/figure><figure class='gallery-item'>\n\t\t\t<div class='gallery-icon landscape'>\n\t\t\t\t<img loading=\"lazy\" decoding=\"async\" width=\"300\" height=\"300\" src=\"https:\/\/grupotj.org\/es\/wp-content\/uploads\/2023\/08\/camila-300x300.png\" class=\"attachment-medium size-medium\" alt=\"Mulher com cabelo cacheado curto e castanho, com \u00f3culos de grau.\" aria-describedby=\"gallery-1-378\" srcset=\"https:\/\/grupotj.org\/es\/wp-content\/uploads\/2023\/08\/camila-300x300.png 300w, https:\/\/grupotj.org\/es\/wp-content\/uploads\/2023\/08\/camila-1024x1024.png 1024w, https:\/\/grupotj.org\/es\/wp-content\/uploads\/2023\/08\/camila-150x150.png 150w, https:\/\/grupotj.org\/es\/wp-content\/uploads\/2023\/08\/camila-768x768.png 768w, https:\/\/grupotj.org\/es\/wp-content\/uploads\/2023\/08\/camila.png 1080w\" sizes=\"auto, (max-width: 300px) 100vw, 300px\" \/>\n\t\t\t<\/div>\n\t\t\t\t<figcaption class='wp-caption-text gallery-caption' id='gallery-1-378'>\n\t\t\t\tCamila Rosado\n\t\t\t\t<\/figcaption><\/figure><figure class='gallery-item'>\n\t\t\t<div class='gallery-icon landscape'>\n\t\t\t\t<img loading=\"lazy\" decoding=\"async\" width=\"300\" height=\"300\" src=\"https:\/\/grupotj.org\/es\/wp-content\/uploads\/2023\/08\/Catia-300x300.png\" class=\"attachment-medium size-medium\" alt=\"Mulher com cabelo castanho curto.\" aria-describedby=\"gallery-1-379\" srcset=\"https:\/\/grupotj.org\/es\/wp-content\/uploads\/2023\/08\/Catia-300x300.png 300w, https:\/\/grupotj.org\/es\/wp-content\/uploads\/2023\/08\/Catia-1024x1024.png 1024w, https:\/\/grupotj.org\/es\/wp-content\/uploads\/2023\/08\/Catia-150x150.png 150w, https:\/\/grupotj.org\/es\/wp-content\/uploads\/2023\/08\/Catia-768x768.png 768w, https:\/\/grupotj.org\/es\/wp-content\/uploads\/2023\/08\/Catia.png 1080w\" sizes=\"auto, (max-width: 300px) 100vw, 300px\" \/>\n\t\t\t<\/div>\n\t\t\t\t<figcaption class='wp-caption-text gallery-caption' id='gallery-1-379'>\n\t\t\t\tC\u00e1tia Macedo\n\t\t\t\t<\/figcaption><\/figure><figure class='gallery-item'>\n\t\t\t<div class='gallery-icon landscape'>\n\t\t\t\t<img loading=\"lazy\" decoding=\"async\" width=\"300\" height=\"300\" src=\"https:\/\/grupotj.org\/es\/wp-content\/uploads\/2023\/08\/Fabiane-300x300.png\" class=\"attachment-medium size-medium\" alt=\"Mulher com cabelo loiro e comprido.\" aria-describedby=\"gallery-1-380\" srcset=\"https:\/\/grupotj.org\/es\/wp-content\/uploads\/2023\/08\/Fabiane-300x300.png 300w, https:\/\/grupotj.org\/es\/wp-content\/uploads\/2023\/08\/Fabiane-1024x1024.png 1024w, https:\/\/grupotj.org\/es\/wp-content\/uploads\/2023\/08\/Fabiane-150x150.png 150w, https:\/\/grupotj.org\/es\/wp-content\/uploads\/2023\/08\/Fabiane-768x768.png 768w, https:\/\/grupotj.org\/es\/wp-content\/uploads\/2023\/08\/Fabiane.png 1080w\" sizes=\"auto, (max-width: 300px) 100vw, 300px\" \/>\n\t\t\t<\/div>\n\t\t\t\t<figcaption class='wp-caption-text gallery-caption' id='gallery-1-380'>\n\t\t\t\tFabiane Navega\n\t\t\t\t<\/figcaption><\/figure><figure class='gallery-item'>\n\t\t\t<div class='gallery-icon landscape'>\n\t\t\t\t<img loading=\"lazy\" decoding=\"async\" width=\"300\" height=\"300\" src=\"https:\/\/grupotj.org\/es\/wp-content\/uploads\/2023\/08\/isabella-300x300.png\" class=\"attachment-medium size-medium\" alt=\"Jovem com cabelo loiro comprido.\" aria-describedby=\"gallery-1-401\" srcset=\"https:\/\/grupotj.org\/es\/wp-content\/uploads\/2023\/08\/isabella-300x300.png 300w, https:\/\/grupotj.org\/es\/wp-content\/uploads\/2023\/08\/isabella-1024x1024.png 1024w, https:\/\/grupotj.org\/es\/wp-content\/uploads\/2023\/08\/isabella-150x150.png 150w, https:\/\/grupotj.org\/es\/wp-content\/uploads\/2023\/08\/isabella-768x768.png 768w, https:\/\/grupotj.org\/es\/wp-content\/uploads\/2023\/08\/isabella.png 1080w\" sizes=\"auto, (max-width: 300px) 100vw, 300px\" \/>\n\t\t\t<\/div>\n\t\t\t\t<figcaption class='wp-caption-text gallery-caption' id='gallery-1-401'>\n\t\t\t\tIsabella Martinelli\n\t\t\t\t<\/figcaption><\/figure><figure class='gallery-item'>\n\t\t\t<div class='gallery-icon landscape'>\n\t\t\t\t<img loading=\"lazy\" decoding=\"async\" width=\"300\" height=\"300\" src=\"https:\/\/grupotj.org\/es\/wp-content\/uploads\/2023\/08\/Juliana-2-300x300.png\" class=\"attachment-medium size-medium\" alt=\"Mulher com camisa social verde e cabelo preto na altura dos ombros.\" aria-describedby=\"gallery-1-381\" srcset=\"https:\/\/grupotj.org\/es\/wp-content\/uploads\/2023\/08\/Juliana-2-300x300.png 300w, https:\/\/grupotj.org\/es\/wp-content\/uploads\/2023\/08\/Juliana-2-1024x1024.png 1024w, https:\/\/grupotj.org\/es\/wp-content\/uploads\/2023\/08\/Juliana-2-150x150.png 150w, https:\/\/grupotj.org\/es\/wp-content\/uploads\/2023\/08\/Juliana-2-768x768.png 768w, https:\/\/grupotj.org\/es\/wp-content\/uploads\/2023\/08\/Juliana-2.png 1080w\" sizes=\"auto, (max-width: 300px) 100vw, 300px\" \/>\n\t\t\t<\/div>\n\t\t\t\t<figcaption class='wp-caption-text gallery-caption' id='gallery-1-381'>\n\t\t\t\tJuliana Righini\n\t\t\t\t<\/figcaption><\/figure><figure class='gallery-item'>\n\t\t\t<div class='gallery-icon landscape'>\n\t\t\t\t<img loading=\"lazy\" decoding=\"async\" width=\"300\" height=\"300\" src=\"https:\/\/grupotj.org\/es\/wp-content\/uploads\/2023\/08\/laura-1-300x300.png\" class=\"attachment-medium size-medium\" alt=\"Jovem com cabelo preto na altura dos ombros.\" aria-describedby=\"gallery-1-402\" srcset=\"https:\/\/grupotj.org\/es\/wp-content\/uploads\/2023\/08\/laura-1-300x300.png 300w, https:\/\/grupotj.org\/es\/wp-content\/uploads\/2023\/08\/laura-1-1024x1024.png 1024w, https:\/\/grupotj.org\/es\/wp-content\/uploads\/2023\/08\/laura-1-150x150.png 150w, https:\/\/grupotj.org\/es\/wp-content\/uploads\/2023\/08\/laura-1-768x768.png 768w, https:\/\/grupotj.org\/es\/wp-content\/uploads\/2023\/08\/laura-1.png 1080w\" sizes=\"auto, (max-width: 300px) 100vw, 300px\" \/>\n\t\t\t<\/div>\n\t\t\t\t<figcaption class='wp-caption-text gallery-caption' id='gallery-1-402'>\n\t\t\t\tLaura Nogara\n\t\t\t\t<\/figcaption><\/figure><figure class='gallery-item'>\n\t\t\t<div class='gallery-icon landscape'>\n\t\t\t\t<img loading=\"lazy\" decoding=\"async\" width=\"300\" height=\"300\" src=\"https:\/\/grupotj.org\/es\/wp-content\/uploads\/2023\/08\/Leandro-Brenner-300x300.png\" class=\"attachment-medium size-medium\" alt=\"Homem com cabelo e barba castanho-claro, segurando um viol\u00e3o\" aria-describedby=\"gallery-1-382\" srcset=\"https:\/\/grupotj.org\/es\/wp-content\/uploads\/2023\/08\/Leandro-Brenner-300x300.png 300w, https:\/\/grupotj.org\/es\/wp-content\/uploads\/2023\/08\/Leandro-Brenner-1024x1024.png 1024w, https:\/\/grupotj.org\/es\/wp-content\/uploads\/2023\/08\/Leandro-Brenner-150x150.png 150w, https:\/\/grupotj.org\/es\/wp-content\/uploads\/2023\/08\/Leandro-Brenner-768x768.png 768w, https:\/\/grupotj.org\/es\/wp-content\/uploads\/2023\/08\/Leandro-Brenner.png 1080w\" sizes=\"auto, (max-width: 300px) 100vw, 300px\" \/>\n\t\t\t<\/div>\n\t\t\t\t<figcaption class='wp-caption-text gallery-caption' id='gallery-1-382'>\n\t\t\t\tLeandro Brenner\n\t\t\t\t<\/figcaption><\/figure><figure class='gallery-item'>\n\t\t\t<div class='gallery-icon landscape'>\n\t\t\t\t<img loading=\"lazy\" decoding=\"async\" width=\"300\" height=\"300\" src=\"https:\/\/grupotj.org\/es\/wp-content\/uploads\/2023\/08\/Lucas-Dantas-300x300.png\" class=\"attachment-medium size-medium\" alt=\"Homem com bigode e cabelo comprido cacheado, com a lateral raspada.\" aria-describedby=\"gallery-1-383\" srcset=\"https:\/\/grupotj.org\/es\/wp-content\/uploads\/2023\/08\/Lucas-Dantas-300x300.png 300w, https:\/\/grupotj.org\/es\/wp-content\/uploads\/2023\/08\/Lucas-Dantas-1024x1024.png 1024w, https:\/\/grupotj.org\/es\/wp-content\/uploads\/2023\/08\/Lucas-Dantas-150x150.png 150w, https:\/\/grupotj.org\/es\/wp-content\/uploads\/2023\/08\/Lucas-Dantas-768x768.png 768w, https:\/\/grupotj.org\/es\/wp-content\/uploads\/2023\/08\/Lucas-Dantas.png 1080w\" sizes=\"auto, (max-width: 300px) 100vw, 300px\" \/>\n\t\t\t<\/div>\n\t\t\t\t<figcaption class='wp-caption-text gallery-caption' id='gallery-1-383'>\n\t\t\t\tLucas Dantas\n\t\t\t\t<\/figcaption><\/figure><figure class='gallery-item'>\n\t\t\t<div class='gallery-icon landscape'>\n\t\t\t\t<img loading=\"lazy\" decoding=\"async\" width=\"300\" height=\"300\" src=\"https:\/\/grupotj.org\/es\/wp-content\/uploads\/2023\/08\/Maria-Cecilia-300x300.png\" class=\"attachment-medium size-medium\" alt=\"Mulher com cabelo cacheado castanho na altura dos ombros.\" aria-describedby=\"gallery-1-385\" srcset=\"https:\/\/grupotj.org\/es\/wp-content\/uploads\/2023\/08\/Maria-Cecilia-300x300.png 300w, https:\/\/grupotj.org\/es\/wp-content\/uploads\/2023\/08\/Maria-Cecilia-1024x1024.png 1024w, https:\/\/grupotj.org\/es\/wp-content\/uploads\/2023\/08\/Maria-Cecilia-150x150.png 150w, https:\/\/grupotj.org\/es\/wp-content\/uploads\/2023\/08\/Maria-Cecilia-768x768.png 768w, https:\/\/grupotj.org\/es\/wp-content\/uploads\/2023\/08\/Maria-Cecilia.png 1080w\" sizes=\"auto, (max-width: 300px) 100vw, 300px\" \/>\n\t\t\t<\/div>\n\t\t\t\t<figcaption class='wp-caption-text gallery-caption' id='gallery-1-385'>\n\t\t\t\tMaria Cecilia\n\t\t\t\t<\/figcaption><\/figure><figure class='gallery-item'>\n\t\t\t<div class='gallery-icon landscape'>\n\t\t\t\t<img loading=\"lazy\" decoding=\"async\" width=\"300\" height=\"300\" src=\"https:\/\/grupotj.org\/es\/wp-content\/uploads\/2023\/08\/luisa-300x300.png\" class=\"attachment-medium size-medium\" alt=\"Jovem com cabelo comprido e castanho.\" aria-describedby=\"gallery-1-403\" srcset=\"https:\/\/grupotj.org\/es\/wp-content\/uploads\/2023\/08\/luisa-300x300.png 300w, https:\/\/grupotj.org\/es\/wp-content\/uploads\/2023\/08\/luisa-1024x1024.png 1024w, https:\/\/grupotj.org\/es\/wp-content\/uploads\/2023\/08\/luisa-150x150.png 150w, https:\/\/grupotj.org\/es\/wp-content\/uploads\/2023\/08\/luisa-768x768.png 768w, https:\/\/grupotj.org\/es\/wp-content\/uploads\/2023\/08\/luisa.png 1080w\" sizes=\"auto, (max-width: 300px) 100vw, 300px\" \/>\n\t\t\t<\/div>\n\t\t\t\t<figcaption class='wp-caption-text gallery-caption' id='gallery-1-403'>\n\t\t\t\tMaria Luiza Gayotto\n\t\t\t\t<\/figcaption><\/figure><figure class='gallery-item'>\n\t\t\t<div class='gallery-icon landscape'>\n\t\t\t\t<img loading=\"lazy\" decoding=\"async\" width=\"300\" height=\"300\" src=\"https:\/\/grupotj.org\/es\/wp-content\/uploads\/2023\/08\/mariana-reade-1-300x300.png\" class=\"attachment-medium size-medium\" alt=\"Mulher com cabelo ruivo curto e ondulado.\" aria-describedby=\"gallery-1-386\" srcset=\"https:\/\/grupotj.org\/es\/wp-content\/uploads\/2023\/08\/mariana-reade-1-300x300.png 300w, https:\/\/grupotj.org\/es\/wp-content\/uploads\/2023\/08\/mariana-reade-1-1024x1024.png 1024w, https:\/\/grupotj.org\/es\/wp-content\/uploads\/2023\/08\/mariana-reade-1-150x150.png 150w, https:\/\/grupotj.org\/es\/wp-content\/uploads\/2023\/08\/mariana-reade-1-768x768.png 768w, https:\/\/grupotj.org\/es\/wp-content\/uploads\/2023\/08\/mariana-reade-1.png 1080w\" sizes=\"auto, (max-width: 300px) 100vw, 300px\" \/>\n\t\t\t<\/div>\n\t\t\t\t<figcaption class='wp-caption-text gallery-caption' id='gallery-1-386'>\n\t\t\t\tMariana Reade\n\t\t\t\t<\/figcaption><\/figure><figure class='gallery-item'>\n\t\t\t<div class='gallery-icon landscape'>\n\t\t\t\t<img loading=\"lazy\" decoding=\"async\" width=\"300\" height=\"300\" src=\"https:\/\/grupotj.org\/es\/wp-content\/uploads\/2023\/08\/mauricio-300x300.png\" class=\"attachment-medium size-medium\" alt=\"Homem de bon\u00e9 e barba grisalha.\" aria-describedby=\"gallery-1-387\" srcset=\"https:\/\/grupotj.org\/es\/wp-content\/uploads\/2023\/08\/mauricio-300x300.png 300w, https:\/\/grupotj.org\/es\/wp-content\/uploads\/2023\/08\/mauricio-1024x1024.png 1024w, https:\/\/grupotj.org\/es\/wp-content\/uploads\/2023\/08\/mauricio-150x150.png 150w, https:\/\/grupotj.org\/es\/wp-content\/uploads\/2023\/08\/mauricio-768x768.png 768w, https:\/\/grupotj.org\/es\/wp-content\/uploads\/2023\/08\/mauricio.png 1080w\" sizes=\"auto, (max-width: 300px) 100vw, 300px\" \/>\n\t\t\t<\/div>\n\t\t\t\t<figcaption class='wp-caption-text gallery-caption' id='gallery-1-387'>\n\t\t\t\tMaur\u00edcio Tamarindo\n\t\t\t\t<\/figcaption><\/figure><figure class='gallery-item'>\n\t\t\t<div class='gallery-icon landscape'>\n\t\t\t\t<img loading=\"lazy\" decoding=\"async\" width=\"300\" height=\"300\" src=\"https:\/\/grupotj.org\/es\/wp-content\/uploads\/2023\/08\/Pamela-300x300.png\" class=\"attachment-medium size-medium\" alt=\"Mulher com cabelo castanho liso e comprido e franja na altura dos olhos.\" aria-describedby=\"gallery-1-388\" srcset=\"https:\/\/grupotj.org\/es\/wp-content\/uploads\/2023\/08\/Pamela-300x300.png 300w, https:\/\/grupotj.org\/es\/wp-content\/uploads\/2023\/08\/Pamela-1024x1024.png 1024w, https:\/\/grupotj.org\/es\/wp-content\/uploads\/2023\/08\/Pamela-150x150.png 150w, https:\/\/grupotj.org\/es\/wp-content\/uploads\/2023\/08\/Pamela-768x768.png 768w, https:\/\/grupotj.org\/es\/wp-content\/uploads\/2023\/08\/Pamela.png 1080w\" sizes=\"auto, (max-width: 300px) 100vw, 300px\" \/>\n\t\t\t<\/div>\n\t\t\t\t<figcaption class='wp-caption-text gallery-caption' id='gallery-1-388'>\n\t\t\t\tPamela Martins\n\t\t\t\t<\/figcaption><\/figure><figure class='gallery-item'>\n\t\t\t<div class='gallery-icon landscape'>\n\t\t\t\t<img loading=\"lazy\" decoding=\"async\" width=\"300\" height=\"300\" src=\"https:\/\/grupotj.org\/es\/wp-content\/uploads\/2023\/08\/patricia-1-300x300.png\" class=\"attachment-medium size-medium\" alt=\"Mulher com cabelo liso e preto na altura dos ombros.\" aria-describedby=\"gallery-1-389\" srcset=\"https:\/\/grupotj.org\/es\/wp-content\/uploads\/2023\/08\/patricia-1-300x300.png 300w, https:\/\/grupotj.org\/es\/wp-content\/uploads\/2023\/08\/patricia-1-1024x1024.png 1024w, https:\/\/grupotj.org\/es\/wp-content\/uploads\/2023\/08\/patricia-1-150x150.png 150w, https:\/\/grupotj.org\/es\/wp-content\/uploads\/2023\/08\/patricia-1-768x768.png 768w, https:\/\/grupotj.org\/es\/wp-content\/uploads\/2023\/08\/patricia-1.png 1080w\" sizes=\"auto, (max-width: 300px) 100vw, 300px\" \/>\n\t\t\t<\/div>\n\t\t\t\t<figcaption class='wp-caption-text gallery-caption' id='gallery-1-389'>\n\t\t\t\tPatr\u00edcia Guarany\n\t\t\t\t<\/figcaption><\/figure><figure class='gallery-item'>\n\t\t\t<div class='gallery-icon landscape'>\n\t\t\t\t<img loading=\"lazy\" decoding=\"async\" width=\"300\" height=\"300\" src=\"https:\/\/grupotj.org\/es\/wp-content\/uploads\/2023\/08\/paula-300x300.png\" class=\"attachment-medium size-medium\" alt=\"Mulher com cabelo crespo e curto.\" aria-describedby=\"gallery-1-390\" srcset=\"https:\/\/grupotj.org\/es\/wp-content\/uploads\/2023\/08\/paula-300x300.png 300w, https:\/\/grupotj.org\/es\/wp-content\/uploads\/2023\/08\/paula-1024x1024.png 1024w, https:\/\/grupotj.org\/es\/wp-content\/uploads\/2023\/08\/paula-150x150.png 150w, https:\/\/grupotj.org\/es\/wp-content\/uploads\/2023\/08\/paula-768x768.png 768w, https:\/\/grupotj.org\/es\/wp-content\/uploads\/2023\/08\/paula.png 1080w\" sizes=\"auto, (max-width: 300px) 100vw, 300px\" \/>\n\t\t\t<\/div>\n\t\t\t\t<figcaption class='wp-caption-text gallery-caption' id='gallery-1-390'>\n\t\t\t\tPaula Batista\n\t\t\t\t<\/figcaption><\/figure><figure class='gallery-item'>\n\t\t\t<div class='gallery-icon landscape'>\n\t\t\t\t<img loading=\"lazy\" decoding=\"async\" width=\"300\" height=\"300\" src=\"https:\/\/grupotj.org\/es\/wp-content\/uploads\/2023\/08\/Rafael-300x300.png\" class=\"attachment-medium size-medium\" alt=\"Homem segurando um cachorro branco, com cabelo grisalho e \u00f3culos de grau.\" aria-describedby=\"gallery-1-391\" srcset=\"https:\/\/grupotj.org\/es\/wp-content\/uploads\/2023\/08\/Rafael-300x300.png 300w, https:\/\/grupotj.org\/es\/wp-content\/uploads\/2023\/08\/Rafael-1024x1024.png 1024w, https:\/\/grupotj.org\/es\/wp-content\/uploads\/2023\/08\/Rafael-150x150.png 150w, https:\/\/grupotj.org\/es\/wp-content\/uploads\/2023\/08\/Rafael-768x768.png 768w, https:\/\/grupotj.org\/es\/wp-content\/uploads\/2023\/08\/Rafael.png 1080w\" sizes=\"auto, (max-width: 300px) 100vw, 300px\" \/>\n\t\t\t<\/div>\n\t\t\t\t<figcaption class='wp-caption-text gallery-caption' id='gallery-1-391'>\n\t\t\t\tRafael Mantesso\n\t\t\t\t<\/figcaption><\/figure><figure class='gallery-item'>\n\t\t\t<div class='gallery-icon landscape'>\n\t\t\t\t<img loading=\"lazy\" decoding=\"async\" width=\"300\" height=\"300\" src=\"https:\/\/grupotj.org\/es\/wp-content\/uploads\/2023\/08\/Romane-300x300.png\" class=\"attachment-medium size-medium\" alt=\"Mulher com cabelo castanho curto.\" aria-describedby=\"gallery-1-392\" srcset=\"https:\/\/grupotj.org\/es\/wp-content\/uploads\/2023\/08\/Romane-300x300.png 300w, https:\/\/grupotj.org\/es\/wp-content\/uploads\/2023\/08\/Romane-1024x1024.png 1024w, https:\/\/grupotj.org\/es\/wp-content\/uploads\/2023\/08\/Romane-150x150.png 150w, https:\/\/grupotj.org\/es\/wp-content\/uploads\/2023\/08\/Romane-768x768.png 768w, https:\/\/grupotj.org\/es\/wp-content\/uploads\/2023\/08\/Romane.png 1080w\" sizes=\"auto, (max-width: 300px) 100vw, 300px\" \/>\n\t\t\t<\/div>\n\t\t\t\t<figcaption class='wp-caption-text gallery-caption' id='gallery-1-392'>\n\t\t\t\tRomane Fortes\n\t\t\t\t<\/figcaption><\/figure><figure class='gallery-item'>\n\t\t\t<div class='gallery-icon landscape'>\n\t\t\t\t<img loading=\"lazy\" decoding=\"async\" width=\"300\" height=\"300\" src=\"https:\/\/grupotj.org\/es\/wp-content\/uploads\/2023\/08\/tatiana-1-300x300.png\" class=\"attachment-medium size-medium\" alt=\"Mulher com cabelo loiro na altura dos ombros.\" aria-describedby=\"gallery-1-393\" srcset=\"https:\/\/grupotj.org\/es\/wp-content\/uploads\/2023\/08\/tatiana-1-300x300.png 300w, https:\/\/grupotj.org\/es\/wp-content\/uploads\/2023\/08\/tatiana-1-1024x1024.png 1024w, https:\/\/grupotj.org\/es\/wp-content\/uploads\/2023\/08\/tatiana-1-150x150.png 150w, https:\/\/grupotj.org\/es\/wp-content\/uploads\/2023\/08\/tatiana-1-768x768.png 768w, https:\/\/grupotj.org\/es\/wp-content\/uploads\/2023\/08\/tatiana-1.png 1080w\" sizes=\"auto, (max-width: 300px) 100vw, 300px\" \/>\n\t\t\t<\/div>\n\t\t\t\t<figcaption class='wp-caption-text gallery-caption' id='gallery-1-393'>\n\t\t\t\tTatiana Tatit\n\t\t\t\t<\/figcaption><\/figure><figure class='gallery-item'>\n\t\t\t<div class='gallery-icon portrait'>\n\t\t\t\t<img loading=\"lazy\" decoding=\"async\" width=\"287\" height=\"300\" src=\"https:\/\/grupotj.org\/es\/wp-content\/uploads\/2024\/01\/Novo-Projeto-1-287x300.png\" class=\"attachment-medium size-medium\" alt=\"\" aria-describedby=\"gallery-1-586\" srcset=\"https:\/\/grupotj.org\/es\/wp-content\/uploads\/2024\/01\/Novo-Projeto-1-287x300.png 287w, https:\/\/grupotj.org\/es\/wp-content\/uploads\/2024\/01\/Novo-Projeto-1.png 382w\" sizes=\"auto, (max-width: 287px) 100vw, 287px\" \/>\n\t\t\t<\/div>\n\t\t\t\t<figcaption class='wp-caption-text gallery-caption' id='gallery-1-586'>\n\t\t\t\tBel Vellutini \n\t\t\t\t<\/figcaption><\/figure><figure class='gallery-item'>\n\t\t\t<div class='gallery-icon landscape'>\n\t\t\t\t<img loading=\"lazy\" decoding=\"async\" width=\"300\" height=\"300\" src=\"https:\/\/grupotj.org\/es\/wp-content\/uploads\/2024\/01\/Novo-Projeto-300x300.png\" class=\"attachment-medium size-medium\" alt=\"\" aria-describedby=\"gallery-1-587\" srcset=\"https:\/\/grupotj.org\/es\/wp-content\/uploads\/2024\/01\/Novo-Projeto-300x300.png 300w, https:\/\/grupotj.org\/es\/wp-content\/uploads\/2024\/01\/Novo-Projeto-150x150.png 150w, https:\/\/grupotj.org\/es\/wp-content\/uploads\/2024\/01\/Novo-Projeto.png 400w\" sizes=\"auto, (max-width: 300px) 100vw, 300px\" \/>\n\t\t\t<\/div>\n\t\t\t\t<figcaption class='wp-caption-text gallery-caption' id='gallery-1-587'>\n\t\t\t\tValdir Silva\n\t\t\t\t<\/figcaption><\/figure>\n\t\t<\/div>\n\t\t<\/div>\n\t\t\t\t<\/div>\n\t\t\t\t<\/div>\n\t\t\t\t\t<\/div>\n\t\t<\/div>\n\t\t\t\t\t\t\t<\/div>\n\t\t<\/section>\n\t\t\t\t<section class=\"elementor-section elementor-top-section elementor-element elementor-element-114ef504 elementor-section-boxed elementor-section-height-default elementor-section-height-default\" data-id=\"114ef504\" data-element_type=\"section\" data-settings=\"{&quot;background_background&quot;:&quot;classic&quot;}\">\n\t\t\t\t\t\t<div class=\"elementor-container elementor-column-gap-default\">\n\t\t\t\t\t<div class=\"elementor-column elementor-col-100 elementor-top-column elementor-element elementor-element-160291a5\" data-id=\"160291a5\" data-element_type=\"column\">\n\t\t\t<div class=\"elementor-widget-wrap elementor-element-populated\">\n\t\t\t\t\t\t\t\t<div class=\"elementor-element elementor-element-aad11ff elementor-widget elementor-widget-heading\" data-id=\"aad11ff\" data-element_type=\"widget\" data-widget_type=\"heading.default\">\n\t\t\t\t<div class=\"elementor-widget-container\">\n\t\t\t<h2 class=\"elementor-heading-title elementor-size-default\">ASOCIACIONES\n<\/h2>\t\t<\/div>\n\t\t\t\t<\/div>\n\t\t\t\t<div class=\"elementor-element elementor-element-1c1c56e elementor-widget elementor-widget-heading\" data-id=\"1c1c56e\" data-element_type=\"widget\" data-widget_type=\"heading.default\">\n\t\t\t\t<div class=\"elementor-widget-container\">\n\t\t\t<h3 class=\"elementor-heading-title elementor-size-default\">Espacios de aprendizaje<\/h3>\t\t<\/div>\n\t\t\t\t<\/div>\n\t\t\t\t<div class=\"elementor-element elementor-element-3cdd433c elementor-arrows-position-inside elementor-widget elementor-widget-image-carousel\" data-id=\"3cdd433c\" data-element_type=\"widget\" data-settings=\"{&quot;slides_to_show&quot;:&quot;5&quot;,&quot;navigation&quot;:&quot;arrows&quot;,&quot;autoplay_speed&quot;:1000,&quot;autoplay&quot;:&quot;yes&quot;,&quot;pause_on_hover&quot;:&quot;yes&quot;,&quot;pause_on_interaction&quot;:&quot;yes&quot;,&quot;infinite&quot;:&quot;yes&quot;,&quot;speed&quot;:500}\" data-widget_type=\"image-carousel.default\">\n\t\t\t\t<div class=\"elementor-widget-container\">\n\t\t\t<style>\/*! elementor - v3.15.0 - 02-08-2023 *\/\n.elementor-widget-image-carousel .swiper,.elementor-widget-image-carousel .swiper-container{position:static}.elementor-widget-image-carousel .swiper-container .swiper-slide figure,.elementor-widget-image-carousel .swiper .swiper-slide figure{line-height:inherit}.elementor-widget-image-carousel .swiper-slide{text-align:center}.elementor-image-carousel-wrapper:not(.swiper-container-initialized):not(.swiper-initialized) .swiper-slide{max-width:calc(100% \/ var(--e-image-carousel-slides-to-show, 3))}<\/style>\t\t<div class=\"elementor-image-carousel-wrapper swiper\" dir=\"ltr\">\n\t\t\t<div class=\"elementor-image-carousel swiper-wrapper\" aria-live=\"off\">\n\t\t\t\t\t\t\t\t<div class=\"swiper-slide\" role=\"group\" aria-roledescription=\"slide\" aria-label=\"1 of 39\"><figure class=\"swiper-slide-inner\"><img decoding=\"async\" class=\"swiper-slide-image\" src=\"https:\/\/grupotj.org\/es\/wp-content\/uploads\/2024\/01\/alana-1024x1024.png\" alt=\"alana\" \/><\/figure><\/div><div class=\"swiper-slide\" role=\"group\" aria-roledescription=\"slide\" aria-label=\"2 of 39\"><figure class=\"swiper-slide-inner\"><img decoding=\"async\" class=\"swiper-slide-image\" src=\"https:\/\/grupotj.org\/es\/wp-content\/uploads\/2024\/01\/alef-peretz-1024x1024.png\" alt=\"alef peretz\" \/><\/figure><\/div><div class=\"swiper-slide\" role=\"group\" aria-roledescription=\"slide\" aria-label=\"3 of 39\"><figure class=\"swiper-slide-inner\"><img decoding=\"async\" class=\"swiper-slide-image\" src=\"https:\/\/grupotj.org\/es\/wp-content\/uploads\/2024\/01\/anglo-1024x1024.png\" alt=\"anglo\" \/><\/figure><\/div><div class=\"swiper-slide\" role=\"group\" aria-roledescription=\"slide\" aria-label=\"4 of 39\"><figure class=\"swiper-slide-inner\"><img decoding=\"async\" class=\"swiper-slide-image\" src=\"https:\/\/grupotj.org\/es\/wp-content\/uploads\/2024\/01\/avenues-1024x1024.png\" alt=\"avenues\" \/><\/figure><\/div><div class=\"swiper-slide\" role=\"group\" aria-roledescription=\"slide\" aria-label=\"5 of 39\"><figure class=\"swiper-slide-inner\"><img decoding=\"async\" class=\"swiper-slide-image\" src=\"https:\/\/grupotj.org\/es\/wp-content\/uploads\/2024\/01\/banco-fibra-1024x1024.png\" alt=\"banco fibra\" \/><\/figure><\/div><div class=\"swiper-slide\" role=\"group\" aria-roledescription=\"slide\" aria-label=\"6 of 39\"><figure class=\"swiper-slide-inner\"><img decoding=\"async\" class=\"swiper-slide-image\" src=\"https:\/\/grupotj.org\/es\/wp-content\/uploads\/2024\/01\/beacon-school-1024x1024.png\" alt=\"beacon school\" \/><\/figure><\/div><div class=\"swiper-slide\" role=\"group\" aria-roledescription=\"slide\" aria-label=\"7 of 39\"><figure class=\"swiper-slide-inner\"><img decoding=\"async\" class=\"swiper-slide-image\" src=\"https:\/\/grupotj.org\/es\/wp-content\/uploads\/2024\/01\/cargill-1024x1024.png\" alt=\"cargill\" \/><\/figure><\/div><div class=\"swiper-slide\" role=\"group\" aria-roledescription=\"slide\" aria-label=\"8 of 39\"><figure class=\"swiper-slide-inner\"><img decoding=\"async\" class=\"swiper-slide-image\" src=\"https:\/\/grupotj.org\/es\/wp-content\/uploads\/2024\/01\/clube-monte-libano-1024x1024.png\" alt=\"clube monte libano\" \/><\/figure><\/div><div class=\"swiper-slide\" role=\"group\" aria-roledescription=\"slide\" aria-label=\"9 of 39\"><figure class=\"swiper-slide-inner\"><img decoding=\"async\" class=\"swiper-slide-image\" src=\"https:\/\/grupotj.org\/es\/wp-content\/uploads\/2024\/01\/clube-paulistano-1024x1024.png\" alt=\"clube paulistano\" \/><\/figure><\/div><div class=\"swiper-slide\" role=\"group\" aria-roledescription=\"slide\" aria-label=\"10 of 39\"><figure class=\"swiper-slide-inner\"><img decoding=\"async\" class=\"swiper-slide-image\" src=\"https:\/\/grupotj.org\/es\/wp-content\/uploads\/2024\/01\/colegio-palmares-1024x1024.png\" alt=\"col\u00e9gio palmares\" \/><\/figure><\/div><div class=\"swiper-slide\" role=\"group\" aria-roledescription=\"slide\" aria-label=\"11 of 39\"><figure class=\"swiper-slide-inner\"><img decoding=\"async\" class=\"swiper-slide-image\" src=\"https:\/\/grupotj.org\/es\/wp-content\/uploads\/2024\/01\/colegio-santo-amaro-1024x1024.png\" alt=\"col\u00e9gio santo amaro\" \/><\/figure><\/div><div class=\"swiper-slide\" role=\"group\" aria-roledescription=\"slide\" aria-label=\"12 of 39\"><figure class=\"swiper-slide-inner\"><img decoding=\"async\" class=\"swiper-slide-image\" src=\"https:\/\/grupotj.org\/es\/wp-content\/uploads\/2024\/01\/colegio-santo-americo-1024x1024.png\" alt=\"col\u00e9gio santo am\u00e9rico\" \/><\/figure><\/div><div class=\"swiper-slide\" role=\"group\" aria-roledescription=\"slide\" aria-label=\"13 of 39\"><figure class=\"swiper-slide-inner\"><img decoding=\"async\" class=\"swiper-slide-image\" src=\"https:\/\/grupotj.org\/es\/wp-content\/uploads\/2024\/01\/colegio-visconde-de-porto-seguro-1024x1024.png\" alt=\"col\u00e9gio visconde de porto seguro\" \/><\/figure><\/div><div class=\"swiper-slide\" role=\"group\" aria-roledescription=\"slide\" aria-label=\"14 of 39\"><figure class=\"swiper-slide-inner\"><img decoding=\"async\" class=\"swiper-slide-image\" src=\"https:\/\/grupotj.org\/es\/wp-content\/uploads\/2024\/01\/cufa-1024x1024.png\" alt=\"cufa\" \/><\/figure><\/div><div class=\"swiper-slide\" role=\"group\" aria-roledescription=\"slide\" aria-label=\"15 of 39\"><figure class=\"swiper-slide-inner\"><img decoding=\"async\" class=\"swiper-slide-image\" src=\"https:\/\/grupotj.org\/es\/wp-content\/uploads\/2024\/01\/disney--1024x1024.png\" alt=\"disney +\" \/><\/figure><\/div><div class=\"swiper-slide\" role=\"group\" aria-roledescription=\"slide\" aria-label=\"16 of 39\"><figure class=\"swiper-slide-inner\"><img decoding=\"async\" class=\"swiper-slide-image\" src=\"https:\/\/grupotj.org\/es\/wp-content\/uploads\/2024\/01\/empatia-nas-escolas-1024x1024.png\" alt=\"empatia nas escolas\" \/><\/figure><\/div><div class=\"swiper-slide\" role=\"group\" aria-roledescription=\"slide\" aria-label=\"17 of 39\"><figure class=\"swiper-slide-inner\"><img decoding=\"async\" class=\"swiper-slide-image\" src=\"https:\/\/grupotj.org\/es\/wp-content\/uploads\/2024\/01\/escola-primeira-1024x1024.png\" alt=\"escola primeira\" \/><\/figure><\/div><div class=\"swiper-slide\" role=\"group\" aria-roledescription=\"slide\" aria-label=\"18 of 39\"><figure class=\"swiper-slide-inner\"><img decoding=\"async\" class=\"swiper-slide-image\" src=\"https:\/\/grupotj.org\/es\/wp-content\/uploads\/2024\/01\/fundacao-casa-1024x1024.png\" alt=\"funda\u00e7\u00e3o casa\" \/><\/figure><\/div><div class=\"swiper-slide\" role=\"group\" aria-roledescription=\"slide\" aria-label=\"19 of 39\"><figure class=\"swiper-slide-inner\"><img decoding=\"async\" class=\"swiper-slide-image\" src=\"https:\/\/grupotj.org\/es\/wp-content\/uploads\/2024\/01\/gerando-falcoes-1024x1024.png\" alt=\"gerando falc\u00f5es\" \/><\/figure><\/div><div class=\"swiper-slide\" role=\"group\" aria-roledescription=\"slide\" aria-label=\"20 of 39\"><figure class=\"swiper-slide-inner\"><img decoding=\"async\" class=\"swiper-slide-image\" src=\"https:\/\/grupotj.org\/es\/wp-content\/uploads\/2024\/01\/iconic-1024x1024.png\" alt=\"iconic\" \/><\/figure><\/div><div class=\"swiper-slide\" role=\"group\" aria-roledescription=\"slide\" aria-label=\"21 of 39\"><figure class=\"swiper-slide-inner\"><img decoding=\"async\" class=\"swiper-slide-image\" src=\"https:\/\/grupotj.org\/es\/wp-content\/uploads\/2024\/01\/instituto-cyrela-1024x1024.png\" alt=\"instituto cyrela\" \/><\/figure><\/div><div class=\"swiper-slide\" role=\"group\" aria-roledescription=\"slide\" aria-label=\"22 of 39\"><figure class=\"swiper-slide-inner\"><img decoding=\"async\" class=\"swiper-slide-image\" src=\"https:\/\/grupotj.org\/es\/wp-content\/uploads\/2024\/01\/instituto-peninsula-1024x1024.png\" alt=\"instituto peninsula\" \/><\/figure><\/div><div class=\"swiper-slide\" role=\"group\" aria-roledescription=\"slide\" aria-label=\"23 of 39\"><figure class=\"swiper-slide-inner\"><img decoding=\"async\" class=\"swiper-slide-image\" src=\"https:\/\/grupotj.org\/es\/wp-content\/uploads\/2024\/01\/instituto-roki-1024x1024.png\" alt=\"instituto roki\" \/><\/figure><\/div><div class=\"swiper-slide\" role=\"group\" aria-roledescription=\"slide\" aria-label=\"24 of 39\"><figure class=\"swiper-slide-inner\"><img decoding=\"async\" class=\"swiper-slide-image\" src=\"https:\/\/grupotj.org\/es\/wp-content\/uploads\/2024\/01\/karina-1024x1024.png\" alt=\"karina\" \/><\/figure><\/div><div class=\"swiper-slide\" role=\"group\" aria-roledescription=\"slide\" aria-label=\"25 of 39\"><figure class=\"swiper-slide-inner\"><img decoding=\"async\" class=\"swiper-slide-image\" src=\"https:\/\/grupotj.org\/es\/wp-content\/uploads\/2024\/01\/liberta-1024x1024.png\" alt=\"liberta\" \/><\/figure><\/div><div class=\"swiper-slide\" role=\"group\" aria-roledescription=\"slide\" aria-label=\"26 of 39\"><figure class=\"swiper-slide-inner\"><img decoding=\"async\" class=\"swiper-slide-image\" src=\"https:\/\/grupotj.org\/es\/wp-content\/uploads\/2024\/01\/liceu-1024x1024.png\" alt=\"liceu\" \/><\/figure><\/div><div class=\"swiper-slide\" role=\"group\" aria-roledescription=\"slide\" aria-label=\"27 of 39\"><figure class=\"swiper-slide-inner\"><img decoding=\"async\" class=\"swiper-slide-image\" src=\"https:\/\/grupotj.org\/es\/wp-content\/uploads\/2024\/01\/mackenzie-1024x1024.png\" alt=\"mackenzie\" \/><\/figure><\/div><div class=\"swiper-slide\" role=\"group\" aria-roledescription=\"slide\" aria-label=\"28 of 39\"><figure class=\"swiper-slide-inner\"><img decoding=\"async\" class=\"swiper-slide-image\" src=\"https:\/\/grupotj.org\/es\/wp-content\/uploads\/2024\/01\/mano-down-1024x1024.png\" alt=\"mano down\" \/><\/figure><\/div><div class=\"swiper-slide\" role=\"group\" aria-roledescription=\"slide\" aria-label=\"29 of 39\"><figure class=\"swiper-slide-inner\"><img decoding=\"async\" class=\"swiper-slide-image\" src=\"https:\/\/grupotj.org\/es\/wp-content\/uploads\/2024\/01\/movimento-bem-maior-1024x1024.png\" alt=\"movimento bem maior\" \/><\/figure><\/div><div class=\"swiper-slide\" role=\"group\" aria-roledescription=\"slide\" aria-label=\"30 of 39\"><figure class=\"swiper-slide-inner\"><img decoding=\"async\" class=\"swiper-slide-image\" src=\"https:\/\/grupotj.org\/es\/wp-content\/uploads\/2024\/01\/mrv-1024x1024.png\" alt=\"mrv\" \/><\/figure><\/div><div class=\"swiper-slide\" role=\"group\" aria-roledescription=\"slide\" aria-label=\"31 of 39\"><figure class=\"swiper-slide-inner\"><img decoding=\"async\" class=\"swiper-slide-image\" src=\"https:\/\/grupotj.org\/es\/wp-content\/uploads\/2024\/01\/parceiros-da-educacao-1024x1024.png\" alt=\"parceiros da educa\u00e7\u00e3o\" \/><\/figure><\/div><div class=\"swiper-slide\" role=\"group\" aria-roledescription=\"slide\" aria-label=\"32 of 39\"><figure class=\"swiper-slide-inner\"><img decoding=\"async\" class=\"swiper-slide-image\" src=\"https:\/\/grupotj.org\/es\/wp-content\/uploads\/2024\/01\/politize-1024x1024.png\" alt=\"politize\" \/><\/figure><\/div><div class=\"swiper-slide\" role=\"group\" aria-roledescription=\"slide\" aria-label=\"33 of 39\"><figure class=\"swiper-slide-inner\"><img decoding=\"async\" class=\"swiper-slide-image\" src=\"https:\/\/grupotj.org\/es\/wp-content\/uploads\/2024\/01\/prefeitura-inconfidentes-mg-1024x1024.png\" alt=\"prefeitura inconfidentes mg\" \/><\/figure><\/div><div class=\"swiper-slide\" role=\"group\" aria-roledescription=\"slide\" aria-label=\"34 of 39\"><figure class=\"swiper-slide-inner\"><img decoding=\"async\" class=\"swiper-slide-image\" src=\"https:\/\/grupotj.org\/es\/wp-content\/uploads\/2024\/01\/red-ballon-1024x1024.png\" alt=\"red ballon\" \/><\/figure><\/div><div class=\"swiper-slide\" role=\"group\" aria-roledescription=\"slide\" aria-label=\"35 of 39\"><figure class=\"swiper-slide-inner\"><img decoding=\"async\" class=\"swiper-slide-image\" src=\"https:\/\/grupotj.org\/es\/wp-content\/uploads\/2024\/01\/serendipidade-1024x1024.png\" alt=\"serendipidade\" \/><\/figure><\/div><div class=\"swiper-slide\" role=\"group\" aria-roledescription=\"slide\" aria-label=\"36 of 39\"><figure class=\"swiper-slide-inner\"><img decoding=\"async\" class=\"swiper-slide-image\" src=\"https:\/\/grupotj.org\/es\/wp-content\/uploads\/2024\/01\/sesi-1024x1024.png\" alt=\"sesi\" \/><\/figure><\/div><div class=\"swiper-slide\" role=\"group\" aria-roledescription=\"slide\" aria-label=\"37 of 39\"><figure class=\"swiper-slide-inner\"><img decoding=\"async\" class=\"swiper-slide-image\" src=\"https:\/\/grupotj.org\/es\/wp-content\/uploads\/2024\/01\/somos-educacao-1024x1024.png\" alt=\"somos educa\u00e7\u00e3o\" \/><\/figure><\/div><div class=\"swiper-slide\" role=\"group\" aria-roledescription=\"slide\" aria-label=\"38 of 39\"><figure class=\"swiper-slide-inner\"><img decoding=\"async\" class=\"swiper-slide-image\" src=\"https:\/\/grupotj.org\/es\/wp-content\/uploads\/2024\/01\/unesco-1024x1024.png\" alt=\"unesco\" \/><\/figure><\/div><div class=\"swiper-slide\" role=\"group\" aria-roledescription=\"slide\" aria-label=\"39 of 39\"><figure class=\"swiper-slide-inner\"><img decoding=\"async\" class=\"swiper-slide-image\" src=\"https:\/\/grupotj.org\/es\/wp-content\/uploads\/2024\/01\/unibes-1024x1024.png\" alt=\"unibes\" \/><\/figure><\/div>\t\t\t<\/div>\n\t\t\t\t\t\t\t\t\t\t\t\t<div class=\"elementor-swiper-button elementor-swiper-button-prev\" role=\"button\" tabindex=\"0\">\n\t\t\t\t\t\t<i aria-hidden=\"true\" class=\"eicon-chevron-left\"><\/i>\t\t\t\t\t<\/div>\n\t\t\t\t\t<div class=\"elementor-swiper-button elementor-swiper-button-next\" role=\"button\" tabindex=\"0\">\n\t\t\t\t\t\t<i aria-hidden=\"true\" class=\"eicon-chevron-right\"><\/i>\t\t\t\t\t<\/div>\n\t\t\t\t\n\t\t\t\t\t\t\t\t\t<\/div>\n\t\t\t\t<\/div>\n\t\t\t\t<\/div>\n\t\t\t\t<div class=\"elementor-element elementor-element-d1a5ad7 elementor-hidden-desktop elementor-hidden-tablet elementor-hidden-mobile elementor-arrows-position-inside elementor-widget elementor-widget-image-carousel\" data-id=\"d1a5ad7\" data-element_type=\"widget\" data-settings=\"{&quot;slides_to_show&quot;:&quot;5&quot;,&quot;navigation&quot;:&quot;arrows&quot;,&quot;autoplay_speed&quot;:1000,&quot;autoplay&quot;:&quot;yes&quot;,&quot;pause_on_hover&quot;:&quot;yes&quot;,&quot;pause_on_interaction&quot;:&quot;yes&quot;,&quot;infinite&quot;:&quot;yes&quot;,&quot;speed&quot;:500}\" data-widget_type=\"image-carousel.default\">\n\t\t\t\t<div class=\"elementor-widget-container\">\n\t\t\t\t\t<div class=\"elementor-image-carousel-wrapper swiper\" dir=\"ltr\">\n\t\t\t<div class=\"elementor-image-carousel swiper-wrapper\" aria-live=\"off\">\n\t\t\t\t\t\t\t\t<div class=\"swiper-slide\" role=\"group\" aria-roledescription=\"slide\" aria-label=\"1 of 8\"><figure class=\"swiper-slide-inner\"><img decoding=\"async\" class=\"swiper-slide-image\" src=\"https:\/\/grupotj.org\/es\/wp-content\/uploads\/2023\/07\/acnur-1024x1024.png\" alt=\"UNHCR ACNUR: Ag\u00eancia da ONU para Refugiados\" \/><\/figure><\/div><div class=\"swiper-slide\" role=\"group\" aria-roledescription=\"slide\" aria-label=\"2 of 8\"><figure class=\"swiper-slide-inner\"><img decoding=\"async\" class=\"swiper-slide-image\" src=\"https:\/\/grupotj.org\/es\/wp-content\/uploads\/2023\/07\/cidade-de-sp-pessoa-com-deficiencia-1024x1024.png\" alt=\"Selo da Cidade de S\u00e3o Paulo: Pessoa com Defini\u00eancia\" \/><\/figure><\/div><div class=\"swiper-slide\" role=\"group\" aria-roledescription=\"slide\" aria-label=\"3 of 8\"><figure class=\"swiper-slide-inner\"><img decoding=\"async\" class=\"swiper-slide-image\" src=\"https:\/\/grupotj.org\/es\/wp-content\/uploads\/2023\/07\/coalizao-brasileira-pela-educacao-inclusiva-1024x1024.png\" alt=\"coaliza\u0303o brasileira pela educac\u0327a\u0303o inclusiva\" \/><\/figure><\/div><div class=\"swiper-slide\" role=\"group\" aria-roledescription=\"slide\" aria-label=\"4 of 8\"><figure class=\"swiper-slide-inner\"><img decoding=\"async\" class=\"swiper-slide-image\" src=\"https:\/\/grupotj.org\/es\/wp-content\/uploads\/2023\/07\/ministerio-publico-de-sp-1024x1024.png\" alt=\"ministe\u0301rio pu\u0301blico de s\u00e3o paulo\" \/><\/figure><\/div><div class=\"swiper-slide\" role=\"group\" aria-roledescription=\"slide\" aria-label=\"5 of 8\"><figure class=\"swiper-slide-inner\"><img decoding=\"async\" class=\"swiper-slide-image\" src=\"https:\/\/grupotj.org\/es\/wp-content\/uploads\/2023\/07\/ministerio-publico-do-trabalho-1024x1024.png\" alt=\"ministe\u0301rio pu\u0301blico do trabalho\" \/><\/figure><\/div><div class=\"swiper-slide\" role=\"group\" aria-roledescription=\"slide\" aria-label=\"6 of 8\"><figure class=\"swiper-slide-inner\"><img decoding=\"async\" class=\"swiper-slide-image\" src=\"https:\/\/grupotj.org\/es\/wp-content\/uploads\/2023\/07\/pacto-global-2-1024x1024.png\" alt=\"pacto global rede brasil\" \/><\/figure><\/div><div class=\"swiper-slide\" role=\"group\" aria-roledescription=\"slide\" aria-label=\"7 of 8\"><figure class=\"swiper-slide-inner\"><img decoding=\"async\" class=\"swiper-slide-image\" src=\"https:\/\/grupotj.org\/es\/wp-content\/uploads\/2023\/07\/santana-de-parnaiba-1024x1024.png\" alt=\"Selo da Secretaria da Educa\u00e7\u00e3o de santana de parnai\u0301ba.\" \/><\/figure><\/div><div class=\"swiper-slide\" role=\"group\" aria-roledescription=\"slide\" aria-label=\"8 of 8\"><figure class=\"swiper-slide-inner\"><img decoding=\"async\" class=\"swiper-slide-image\" src=\"https:\/\/grupotj.org\/es\/wp-content\/uploads\/2023\/07\/secretaria-de-educacao-sp-1024x1024.png\" alt=\"secretaria de educac\u0327a\u0303o de s\u00e3o paulo\" \/><\/figure><\/div>\t\t\t<\/div>\n\t\t\t\t\t\t\t\t\t\t\t\t<div class=\"elementor-swiper-button elementor-swiper-button-prev\" role=\"button\" tabindex=\"0\">\n\t\t\t\t\t\t<i aria-hidden=\"true\" class=\"eicon-chevron-left\"><\/i>\t\t\t\t\t<\/div>\n\t\t\t\t\t<div class=\"elementor-swiper-button elementor-swiper-button-next\" role=\"button\" tabindex=\"0\">\n\t\t\t\t\t\t<i aria-hidden=\"true\" class=\"eicon-chevron-right\"><\/i>\t\t\t\t\t<\/div>\n\t\t\t\t\n\t\t\t\t\t\t\t\t\t<\/div>\n\t\t\t\t<\/div>\n\t\t\t\t<\/div>\n\t\t\t\t<div class=\"elementor-element elementor-element-83d5b60 elementor-widget elementor-widget-heading\" data-id=\"83d5b60\" data-element_type=\"widget\" data-widget_type=\"heading.default\">\n\t\t\t\t<div class=\"elementor-widget-container\">\n\t\t\t<h3 class=\"elementor-heading-title elementor-size-default\">Compa\u00f1\u00edas<\/h3>\t\t<\/div>\n\t\t\t\t<\/div>\n\t\t\t\t<div class=\"elementor-element elementor-element-7c0f541 elementor-arrows-position-inside elementor-widget elementor-widget-image-carousel\" data-id=\"7c0f541\" data-element_type=\"widget\" data-settings=\"{&quot;slides_to_show&quot;:&quot;5&quot;,&quot;navigation&quot;:&quot;arrows&quot;,&quot;autoplay_speed&quot;:1000,&quot;autoplay&quot;:&quot;yes&quot;,&quot;pause_on_hover&quot;:&quot;yes&quot;,&quot;pause_on_interaction&quot;:&quot;yes&quot;,&quot;infinite&quot;:&quot;yes&quot;,&quot;speed&quot;:500}\" data-widget_type=\"image-carousel.default\">\n\t\t\t\t<div class=\"elementor-widget-container\">\n\t\t\t\t\t<div class=\"elementor-image-carousel-wrapper swiper\" dir=\"ltr\">\n\t\t\t<div class=\"elementor-image-carousel swiper-wrapper\" aria-live=\"off\">\n\t\t\t\t\t\t\t\t<div class=\"swiper-slide\" role=\"group\" aria-roledescription=\"slide\" aria-label=\"1 of 22\"><figure class=\"swiper-slide-inner\"><img decoding=\"async\" class=\"swiper-slide-image\" src=\"https:\/\/grupotj.org\/es\/wp-content\/uploads\/2024\/01\/agro-galaxy-1024x1024.png\" alt=\"agro galaxy\" \/><\/figure><\/div><div class=\"swiper-slide\" role=\"group\" aria-roledescription=\"slide\" aria-label=\"2 of 22\"><figure class=\"swiper-slide-inner\"><img decoding=\"async\" class=\"swiper-slide-image\" src=\"https:\/\/grupotj.org\/es\/wp-content\/uploads\/2024\/01\/alpargatas-1024x1024.png\" alt=\"alpargatas\" \/><\/figure><\/div><div class=\"swiper-slide\" role=\"group\" aria-roledescription=\"slide\" aria-label=\"3 of 22\"><figure class=\"swiper-slide-inner\"><img decoding=\"async\" class=\"swiper-slide-image\" src=\"https:\/\/grupotj.org\/es\/wp-content\/uploads\/2024\/01\/banco-do-brasil-1024x1024.png\" alt=\"banco do brasil\" \/><\/figure><\/div><div class=\"swiper-slide\" role=\"group\" aria-roledescription=\"slide\" aria-label=\"4 of 22\"><figure class=\"swiper-slide-inner\"><img decoding=\"async\" class=\"swiper-slide-image\" src=\"https:\/\/grupotj.org\/es\/wp-content\/uploads\/2024\/01\/baruel-1024x1024.png\" alt=\"baruel\" \/><\/figure><\/div><div class=\"swiper-slide\" role=\"group\" aria-roledescription=\"slide\" aria-label=\"5 of 22\"><figure class=\"swiper-slide-inner\"><img decoding=\"async\" class=\"swiper-slide-image\" src=\"https:\/\/grupotj.org\/es\/wp-content\/uploads\/2024\/01\/camil-1024x1024.png\" alt=\"camil\" \/><\/figure><\/div><div class=\"swiper-slide\" role=\"group\" aria-roledescription=\"slide\" aria-label=\"6 of 22\"><figure class=\"swiper-slide-inner\"><img decoding=\"async\" class=\"swiper-slide-image\" src=\"https:\/\/grupotj.org\/es\/wp-content\/uploads\/2024\/01\/credit-suisse-1024x1024.png\" alt=\"credit suisse\" \/><\/figure><\/div><div class=\"swiper-slide\" role=\"group\" aria-roledescription=\"slide\" aria-label=\"7 of 22\"><figure class=\"swiper-slide-inner\"><img decoding=\"async\" class=\"swiper-slide-image\" src=\"https:\/\/grupotj.org\/es\/wp-content\/uploads\/2024\/01\/diverti-1024x1024.png\" alt=\"diverti\" \/><\/figure><\/div><div class=\"swiper-slide\" role=\"group\" aria-roledescription=\"slide\" aria-label=\"8 of 22\"><figure class=\"swiper-slide-inner\"><img decoding=\"async\" class=\"swiper-slide-image\" src=\"https:\/\/grupotj.org\/es\/wp-content\/uploads\/2024\/01\/eletrobras-1024x1024.png\" alt=\"eletrobras\" \/><\/figure><\/div><div class=\"swiper-slide\" role=\"group\" aria-roledescription=\"slide\" aria-label=\"9 of 22\"><figure class=\"swiper-slide-inner\"><img decoding=\"async\" class=\"swiper-slide-image\" src=\"https:\/\/grupotj.org\/es\/wp-content\/uploads\/2024\/01\/hewlett-packard-1024x1024.png\" alt=\"hewlett packard\" \/><\/figure><\/div><div class=\"swiper-slide\" role=\"group\" aria-roledescription=\"slide\" aria-label=\"10 of 22\"><figure class=\"swiper-slide-inner\"><img decoding=\"async\" class=\"swiper-slide-image\" src=\"https:\/\/grupotj.org\/es\/wp-content\/uploads\/2024\/01\/iguatemi-1024x1024.png\" alt=\"iguatemi\" \/><\/figure><\/div><div class=\"swiper-slide\" role=\"group\" aria-roledescription=\"slide\" aria-label=\"11 of 22\"><figure class=\"swiper-slide-inner\"><img decoding=\"async\" class=\"swiper-slide-image\" src=\"https:\/\/grupotj.org\/es\/wp-content\/uploads\/2024\/01\/in-press-1024x1024.png\" alt=\"in press\" \/><\/figure><\/div><div class=\"swiper-slide\" role=\"group\" aria-roledescription=\"slide\" aria-label=\"12 of 22\"><figure class=\"swiper-slide-inner\"><img decoding=\"async\" class=\"swiper-slide-image\" src=\"https:\/\/grupotj.org\/es\/wp-content\/uploads\/2024\/01\/itau-social-1024x1024.png\" alt=\"itau social\" \/><\/figure><\/div><div class=\"swiper-slide\" role=\"group\" aria-roledescription=\"slide\" aria-label=\"13 of 22\"><figure class=\"swiper-slide-inner\"><img decoding=\"async\" class=\"swiper-slide-image\" src=\"https:\/\/grupotj.org\/es\/wp-content\/uploads\/2024\/01\/Johnson-e-Johnson-1024x1024.png\" alt=\"Johnson e Johnson\" \/><\/figure><\/div><div class=\"swiper-slide\" role=\"group\" aria-roledescription=\"slide\" aria-label=\"14 of 22\"><figure class=\"swiper-slide-inner\"><img decoding=\"async\" class=\"swiper-slide-image\" src=\"https:\/\/grupotj.org\/es\/wp-content\/uploads\/2024\/01\/jp-morgan-1024x1024.png\" alt=\"jp morgan\" \/><\/figure><\/div><div class=\"swiper-slide\" role=\"group\" aria-roledescription=\"slide\" aria-label=\"15 of 22\"><figure class=\"swiper-slide-inner\"><img decoding=\"async\" class=\"swiper-slide-image\" src=\"https:\/\/grupotj.org\/es\/wp-content\/uploads\/2024\/01\/lew-lara-tbwa-1024x1024.png\" alt=\"lew lara tbwa\" \/><\/figure><\/div><div class=\"swiper-slide\" role=\"group\" aria-roledescription=\"slide\" aria-label=\"16 of 22\"><figure class=\"swiper-slide-inner\"><img decoding=\"async\" class=\"swiper-slide-image\" src=\"https:\/\/grupotj.org\/es\/wp-content\/uploads\/2024\/01\/machado-meyer-1024x1024.png\" alt=\"machado meyer\" \/><\/figure><\/div><div class=\"swiper-slide\" role=\"group\" aria-roledescription=\"slide\" aria-label=\"17 of 22\"><figure class=\"swiper-slide-inner\"><img decoding=\"async\" class=\"swiper-slide-image\" src=\"https:\/\/grupotj.org\/es\/wp-content\/uploads\/2024\/01\/moinho-1024x1024.png\" alt=\"moinho\" \/><\/figure><\/div><div class=\"swiper-slide\" role=\"group\" aria-roledescription=\"slide\" aria-label=\"18 of 22\"><figure class=\"swiper-slide-inner\"><img decoding=\"async\" class=\"swiper-slide-image\" src=\"https:\/\/grupotj.org\/es\/wp-content\/uploads\/2024\/01\/souza-okawa-1024x1024.png\" alt=\"souza okawa\" \/><\/figure><\/div><div class=\"swiper-slide\" role=\"group\" aria-roledescription=\"slide\" aria-label=\"19 of 22\"><figure class=\"swiper-slide-inner\"><img decoding=\"async\" class=\"swiper-slide-image\" src=\"https:\/\/grupotj.org\/es\/wp-content\/uploads\/2024\/01\/tomtom-1024x1024.png\" alt=\"tomtom\" \/><\/figure><\/div><div class=\"swiper-slide\" role=\"group\" aria-roledescription=\"slide\" aria-label=\"20 of 22\"><figure class=\"swiper-slide-inner\"><img decoding=\"async\" class=\"swiper-slide-image\" src=\"https:\/\/grupotj.org\/es\/wp-content\/uploads\/2024\/01\/turim-1024x1024.png\" alt=\"turim\" \/><\/figure><\/div><div class=\"swiper-slide\" role=\"group\" aria-roledescription=\"slide\" aria-label=\"21 of 22\"><figure class=\"swiper-slide-inner\"><img decoding=\"async\" class=\"swiper-slide-image\" src=\"https:\/\/grupotj.org\/es\/wp-content\/uploads\/2024\/01\/vpbg-1024x1024.png\" alt=\"vpbg\" \/><\/figure><\/div><div class=\"swiper-slide\" role=\"group\" aria-roledescription=\"slide\" aria-label=\"22 of 22\"><figure class=\"swiper-slide-inner\"><img decoding=\"async\" class=\"swiper-slide-image\" src=\"https:\/\/grupotj.org\/es\/wp-content\/uploads\/2024\/02\/pg-logo-0-1024x1024.png\" alt=\"pg-logo-0\" \/><\/figure><\/div>\t\t\t<\/div>\n\t\t\t\t\t\t\t\t\t\t\t\t<div class=\"elementor-swiper-button elementor-swiper-button-prev\" role=\"button\" tabindex=\"0\">\n\t\t\t\t\t\t<i aria-hidden=\"true\" class=\"eicon-chevron-left\"><\/i>\t\t\t\t\t<\/div>\n\t\t\t\t\t<div class=\"elementor-swiper-button elementor-swiper-button-next\" role=\"button\" tabindex=\"0\">\n\t\t\t\t\t\t<i aria-hidden=\"true\" class=\"eicon-chevron-right\"><\/i>\t\t\t\t\t<\/div>\n\t\t\t\t\n\t\t\t\t\t\t\t\t\t<\/div>\n\t\t\t\t<\/div>\n\t\t\t\t<\/div>\n\t\t\t\t<div class=\"elementor-element elementor-element-c263877 elementor-widget elementor-widget-heading\" data-id=\"c263877\" data-element_type=\"widget\" data-widget_type=\"heading.default\">\n\t\t\t\t<div class=\"elementor-widget-container\">\n\t\t\t<h3 class=\"elementor-heading-title elementor-size-default\">GENERAL\n<\/h3>\t\t<\/div>\n\t\t\t\t<\/div>\n\t\t\t\t<div class=\"elementor-element elementor-element-cdde752 elementor-arrows-position-inside elementor-widget elementor-widget-image-carousel\" data-id=\"cdde752\" data-element_type=\"widget\" data-settings=\"{&quot;slides_to_show&quot;:&quot;5&quot;,&quot;navigation&quot;:&quot;arrows&quot;,&quot;autoplay_speed&quot;:1000,&quot;autoplay&quot;:&quot;yes&quot;,&quot;pause_on_hover&quot;:&quot;yes&quot;,&quot;pause_on_interaction&quot;:&quot;yes&quot;,&quot;infinite&quot;:&quot;yes&quot;,&quot;speed&quot;:500}\" data-widget_type=\"image-carousel.default\">\n\t\t\t\t<div class=\"elementor-widget-container\">\n\t\t\t\t\t<div class=\"elementor-image-carousel-wrapper swiper\" dir=\"ltr\">\n\t\t\t<div class=\"elementor-image-carousel swiper-wrapper\" aria-live=\"off\">\n\t\t\t\t\t\t\t\t<div class=\"swiper-slide\" role=\"group\" aria-roledescription=\"slide\" aria-label=\"1 of 7\"><figure class=\"swiper-slide-inner\"><img decoding=\"async\" class=\"swiper-slide-image\" src=\"https:\/\/grupotj.org\/es\/wp-content\/uploads\/2024\/01\/crowe-1024x1024.png\" alt=\"crowe\" \/><\/figure><\/div><div class=\"swiper-slide\" role=\"group\" aria-roledescription=\"slide\" aria-label=\"2 of 7\"><figure class=\"swiper-slide-inner\"><img decoding=\"async\" class=\"swiper-slide-image\" src=\"https:\/\/grupotj.org\/es\/wp-content\/uploads\/2024\/01\/gimba-1024x1024.png\" alt=\"gimba\" \/><\/figure><\/div><div class=\"swiper-slide\" role=\"group\" aria-roledescription=\"slide\" aria-label=\"3 of 7\"><figure class=\"swiper-slide-inner\"><img decoding=\"async\" class=\"swiper-slide-image\" src=\"https:\/\/grupotj.org\/es\/wp-content\/uploads\/2024\/01\/in-press-1-1024x1024.png\" alt=\"in press\" \/><\/figure><\/div><div class=\"swiper-slide\" role=\"group\" aria-roledescription=\"slide\" aria-label=\"4 of 7\"><figure class=\"swiper-slide-inner\"><img decoding=\"async\" class=\"swiper-slide-image\" src=\"https:\/\/grupotj.org\/es\/wp-content\/uploads\/2024\/01\/kpmg-1024x1024.png\" alt=\"kpmg\" \/><\/figure><\/div><div class=\"swiper-slide\" role=\"group\" aria-roledescription=\"slide\" aria-label=\"5 of 7\"><figure class=\"swiper-slide-inner\"><img decoding=\"async\" class=\"swiper-slide-image\" src=\"https:\/\/grupotj.org\/es\/wp-content\/uploads\/2024\/01\/lew-lara-tbwa-1-1024x1024.png\" alt=\"lew lara tbwa\" \/><\/figure><\/div><div class=\"swiper-slide\" role=\"group\" aria-roledescription=\"slide\" aria-label=\"6 of 7\"><figure class=\"swiper-slide-inner\"><img decoding=\"async\" class=\"swiper-slide-image\" src=\"https:\/\/grupotj.org\/es\/wp-content\/uploads\/2024\/01\/next-1024x1024.png\" alt=\"next\" \/><\/figure><\/div><div class=\"swiper-slide\" role=\"group\" aria-roledescription=\"slide\" aria-label=\"7 of 7\"><figure class=\"swiper-slide-inner\"><img decoding=\"async\" class=\"swiper-slide-image\" src=\"https:\/\/grupotj.org\/es\/wp-content\/uploads\/2024\/01\/vpbg-1-1024x1024.png\" alt=\"vpbg\" \/><\/figure><\/div>\t\t\t<\/div>\n\t\t\t\t\t\t\t\t\t\t\t\t<div class=\"elementor-swiper-button elementor-swiper-button-prev\" role=\"button\" tabindex=\"0\">\n\t\t\t\t\t\t<i aria-hidden=\"true\" class=\"eicon-chevron-left\"><\/i>\t\t\t\t\t<\/div>\n\t\t\t\t\t<div class=\"elementor-swiper-button elementor-swiper-button-next\" role=\"button\" tabindex=\"0\">\n\t\t\t\t\t\t<i aria-hidden=\"true\" class=\"eicon-chevron-right\"><\/i>\t\t\t\t\t<\/div>\n\t\t\t\t\n\t\t\t\t\t\t\t\t\t<\/div>\n\t\t\t\t<\/div>\n\t\t\t\t<\/div>\n\t\t\t\t\t<\/div>\n\t\t<\/div>\n\t\t\t\t\t\t\t<\/div>\n\t\t<\/section>\n\t\t\t\t\t\t\t<\/div>\n\t\t","protected":false},"excerpt":{"rendered":"<p>QUI\u00c9NES SOMOS Consejos Felipe Videira Saber m\u00e1s Graduado en Ingenier\u00eda Civil con una especializaci\u00f3n en Administraci\u00f3n de Empresas. Postgrado en Finanzas y MBA Ejecutivo. Ejecutivo con experiencia en las \u00e1reas de Construcci\u00f3n Civil e Infraestructura. Actualmente trabaja en el campo del comercio internacional como Director Ejecutivo de Negocios. Eduardo Horta Saber m\u00e1s \u00a0Con m\u00e1s de &hellip;<\/p>\n<p class=\"read-more\"> <a class=\"\" href=\"https:\/\/grupotj.org\/es\/?page_id=82\"> <span class=\"screen-reader-text\">Quienes somos<\/span> Leia mais &raquo;<\/a><\/p>\n","protected":false},"author":1,"featured_media":0,"parent":0,"menu_order":0,"comment_status":"closed","ping_status":"closed","template":"","meta":{"site-sidebar-layout":"no-sidebar","site-content-layout":"page-builder","ast-global-header-display":"","ast-banner-title-visibility":"","ast-main-header-display":"","ast-hfb-above-header-display":"","ast-hfb-below-header-display":"","ast-hfb-mobile-header-display":"","site-post-title":"disabled","ast-breadcrumbs-content":"","ast-featured-img":"disabled","footer-sml-layout":"","theme-transparent-header-meta":"","adv-header-id-meta":"","stick-header-meta":"","header-above-stick-meta":"","header-main-stick-meta":"","header-below-stick-meta":"","footnotes":""},"class_list":["post-82","page","type-page","status-publish","hentry"],"_links":{"self":[{"href":"https:\/\/grupotj.org\/es\/index.php?rest_route=\/wp\/v2\/pages\/82","targetHints":{"allow":["GET"]}}],"collection":[{"href":"https:\/\/grupotj.org\/es\/index.php?rest_route=\/wp\/v2\/pages"}],"about":[{"href":"https:\/\/grupotj.org\/es\/index.php?rest_route=\/wp\/v2\/types\/page"}],"author":[{"embeddable":true,"href":"https:\/\/grupotj.org\/es\/index.php?rest_route=\/wp\/v2\/users\/1"}],"replies":[{"embeddable":true,"href":"https:\/\/grupotj.org\/es\/index.php?rest_route=%2Fwp%2Fv2%2Fcomments&post=82"}],"version-history":[{"count":91,"href":"https:\/\/grupotj.org\/es\/index.php?rest_route=\/wp\/v2\/pages\/82\/revisions"}],"predecessor-version":[{"id":1230,"href":"https:\/\/grupotj.org\/es\/index.php?rest_route=\/wp\/v2\/pages\/82\/revisions\/1230"}],"wp:attachment":[{"href":"https:\/\/grupotj.org\/es\/index.php?rest_route=%2Fwp%2Fv2%2Fmedia&parent=82"}],"curies":[{"name":"wp","href":"https:\/\/api.w.org\/{rel}","templated":true}]}}